{"id":11004,"date":"2016-02-12T14:33:07","date_gmt":"2016-02-12T13:33:07","guid":{"rendered":"http:\/\/www.experimenta.es\/producto\/experimenta-64\/"},"modified":"2023-10-02T12:37:56","modified_gmt":"2023-10-02T10:37:56","slug":"experimenta-64","status":"publish","type":"product","link":"https:\/\/www.experimenta.es\/tienda\/producto\/experimenta-64\/","title":{"rendered":"Revista Experimenta 64"},"content":{"rendered":"<p><strong>Dar la vuelta al dise\u00f1o como a un guante<br \/>\n<\/strong><em>Por Paolo Deganello.<\/em><\/p>\n<p>A partir de una intervenci\u00f3n en el seminario Less is Next celebrado durante la Jornada Mundial de la Alimentaci\u00f3n, Paolo Deganello medita, con la crisis como excusa, sobre cual debe ser el papel de arquitectos y dise\u00f1adores en la organizaci\u00f3n de una pr\u00e1ctica profesional m\u00e1s justa fundamentada en la defensa de nuevos valores \u00e9ticos.<\/p>\n<p><strong>Fuseproject<br \/>\n<\/strong><em>Por Maria Su\u00e1rez.<\/em><\/p>\n<p>Lejos de entender el dise\u00f1o como un mero replanteamiento est\u00e9tico y formal, el estudio norteamericano Fuseproject afronta cada trabajo con una conciencia hol\u00edstica. Enfocan cada proyecto como un reto a medio plazo, y lo desarrollan desde su concepto inicial para lograr un posicionamiento estrat\u00e9gico e integrado de la marca. Su fundador piensa que los dise\u00f1adores deben tener una nueva relaci\u00f3n con el mundo. De su ingenio han nacido tanto propuestas de mercado de fuerte componente tecnol\u00f3gico como muebles, accesorios o campa\u00f1as sociales de concienciaci\u00f3n y democratizaci\u00f3n; siempre con el cambio, el compromiso y la sostenibilidad como premisas.<\/p>\n<p><strong>Am I Collective<br \/>\n<\/strong><em>Por Carlo Branzaglia.<\/em><\/p>\n<p>Obligado a mediar entre varios agentes activos -cliente, usuario y productor-, as\u00ed como entre diferentes formas de trabajo, el dise\u00f1o siempre ha tenido algo de ambiguo. Y m\u00e1s a\u00fan en nuestra \u00e9poca, un periodo marcado por fragmentaciones binarias y dicotom\u00edas que, en la era de la informaci\u00f3n, articulan nuestro espacio com\u00fan: norte-sur, global-local,\u00a0<em>underground<\/em>&#8211;<em>mainstream<\/em>, material-inmaterial&#8230; Los trabajos de Am I Collective son un buen ejemplo de ello, aunque un paradigma contradictorio: una pr\u00e1ctica que se\u00f1ala y derriba fronteras supuestamente herm\u00e9ticas, y que en su \u00e9xito a nivel mundial nos impulsa a reconsiderar la importancia de lo transversal, de un trabajo capaz de conjugar lo manual con lo tecnol\u00f3gico, lo vern\u00e1culo con lo internacional.<\/p>\n<p><strong>Oficina<br \/>\n<\/strong><em>Dossier.<\/em><\/p>\n<p>Innovaci\u00f3n, estudios ergon\u00f3micos y soluciones arquitect\u00f3nicas aplicadas. En l\u00edneas generales, \u00e9stas son las nuevas propuestas de firmas y dise\u00f1adores a la hora de buscar la comodidad y la racionalizaci\u00f3n de las necesidades de nuestas oficinas. Y no solo eso, ya que adem\u00e1s de sillas y equipamiento variado, y los puestos de trabajo en general, tambi\u00e9n las \u00e1reas de reuni\u00f3n y descanso e incluso el espacio entendido como proyecto total, son dise\u00f1ados y adaptados para mejorar la calidad de nuestro tiempo en la oficina.<\/p>\n","protected":false},"excerpt":{"rendered":"<p>N\u00famero 64 de la Revista Experimenta dedicado a FuseProject, Dar la vuelta al dise\u00f1o como a un guante y art\u00edculo Am I Collective<\/p>\n","protected":false},"featured_media":55723,"comment_status":"open","ping_status":"closed","template":"","meta":[],"product_cat":[7311],"product_tag":[],"jetpack_sharing_enabled":true,"_links":{"self":[{"href":"https:\/\/www.experimenta.es\/tienda\/wp-json\/wp\/v2\/product\/11004"}],"collection":[{"href":"https:\/\/www.experimenta.es\/tienda\/wp-json\/wp\/v2\/product"}],"about":[{"href":"https:\/\/www.experimenta.es\/tienda\/wp-json\/wp\/v2\/types\/product"}],"replies":[{"embeddable":true,"href":"https:\/\/www.experimenta.es\/tienda\/wp-json\/wp\/v2\/comments?post=11004"}],"wp:featuredmedia":[{"embeddable":true,"href":"https:\/\/www.experimenta.es\/tienda\/wp-json\/wp\/v2\/media\/55723"}],"wp:attachment":[{"href":"https:\/\/www.experimenta.es\/tienda\/wp-json\/wp\/v2\/media?parent=11004"}],"wp:term":[{"taxonomy":"product_cat","embeddable":true,"href":"https:\/\/www.experimenta.es\/tienda\/wp-json\/wp\/v2\/product_cat?post=11004"},{"taxonomy":"product_tag","embeddable":true,"href":"https:\/\/www.experimenta.es\/tienda\/wp-json\/wp\/v2\/product_tag?post=11004"}],"curies":[{"name":"wp","href":"https:\/\/api.w.org\/{rel}","templated":true}]}}