{"id":11008,"date":"2016-02-12T14:37:50","date_gmt":"2016-02-12T13:37:50","guid":{"rendered":"http:\/\/www.experimenta.es\/producto\/experimenta\/"},"modified":"2023-10-02T12:37:57","modified_gmt":"2023-10-02T10:37:57","slug":"experimenta-69","status":"publish","type":"product","link":"https:\/\/www.experimenta.es\/tienda\/producto\/experimenta-69\/","title":{"rendered":"Revista Experimenta 69 &#8211; Monogr\u00e1fico Holanda"},"content":{"rendered":"<p align=\"justify\"><span style=\"font-family: Calibri;\">Holanda: dise\u00f1o para un mundo mejor <\/span><span style=\"font-family: Calibri;\">es el t\u00edtulo de este n\u00famero 69 de la revista <\/span><span style=\"font-family: Calibri;\"><em>Experimenta<\/em><\/span><span style=\"font-family: Calibri;\"> cuyo proyecto gr\u00e1fico ha sido realizado \u00edntegramente por el estudio radicado en \u00c1msterdam\u00a0<\/span><span style=\"font-family: Calibri;\"><span lang=\"es-es\" xml:lang=\"es-es\"> Haller Brun (<\/span><\/span><span style=\"font-family: Calibri;\">Sonja <\/span><span style=\"font-family: Calibri;\"><span lang=\"es-es\" xml:lang=\"es-es\">Haller y Pascal Brun). La edici\u00f3n, que <\/span><\/span><span style=\"font-family: Calibri;\">ha sido posible gracias a la colaboraci\u00f3n de la Embajada de los Pa\u00edses Bajos en Espa\u00f1a, presenta diferentes proyectos de innovaci\u00f3n y dise\u00f1o social realizados en Holanda que pretenden ofrecer una respuesta a la actual crisis del estado de bienestar construido tras la II Guerra Mundial.<\/span><\/p>\n<p align=\"justify\"><span style=\"font-family: Calibri;\">\u00bfQu\u00e9 puede hacer el dise\u00f1o?<span style=\"color: #c0504d;\">,<\/span> \u00bfqu\u00e9 respuestas puede ofrecer frente a problemas como el envejecimiento de la poblaci\u00f3n o la integraci\u00f3n social de los inmigrantes?<span style=\"color: #c0504d;\">,<\/span> \u00bfqu\u00e9 soluciones puede aportar en \u00e1mbitos tan diversos como el de la sanidad, el de la alimentaci\u00f3n o el del abastecimiento de agua potable?<\/span><\/p>\n<p align=\"justify\"><span style=\"font-family: Calibri;\">Mas all\u00e1 de las tradicionales \u00e1reas de actuaci\u00f3n de nuestra profesi\u00f3n (los muebles, la moda, los artefactos f\u00edsicos bi y tridimensionales, en suma), los diferentes proyectos neerlandeses que articulan este n\u00famero de Experimenta revelan c\u00f3mo las practicas y la cultura del dise\u00f1o constituyen herramientas muy poderosas de transformaci\u00f3n social. Las \u201chistorias\u201d que presentamos \u2013sin pretender ofrecer un mapa exhaustivo de este tipo de experiencias\u2013 relatan c\u00f3mo un enfoque de dise\u00f1o puede contribuir a solucionar problemas que resultan impermeables para las soluciones convencionales y que, incluso, se resisten a los estados y a las pol\u00edticas de sus gobiernos.<\/span><\/p>\n<h3>\u00cdNDICE<\/h3>\n<div><strong>Editorial.\u00a0<\/strong><\/div>\n<div>Pierluigi Cattermole<\/div>\n<div><\/div>\n<div><strong>Una revista <em>Experimenta<\/em> dise\u00f1ada en \u00c1msterdam por Haller Brun\u00a0<\/strong><\/div>\n<div>Pierluigi Cattermole &amp; Pia Minchot<\/div>\n<div><\/div>\n<div><strong>Galer\u00eda de im\u00e1genes\u00a0<\/strong><\/div>\n<div><\/div>\n<div><strong>La moda caliente de las mejores yayas<\/strong><\/div>\n<div>Jip Pulles<\/div>\n<div><\/div>\n<div><strong>Agrimeets Design, los dise\u00f1adores entran en las granjas<\/strong><\/div>\n<div>Delfina Mor\u00e1n Arnaldo<\/div>\n<div><\/div>\n<div><strong>Join the Pipe o c\u00f3mo sobrevivir al pl\u00e1stico<\/strong><\/div>\n<div>Crist\u00f3bal P\u00e1ez<\/div>\n<div><\/div>\n<div><strong>Plantas para el futuro, interacci\u00f3n y aprendizaje en el jard\u00edn bot\u00e1nico<\/strong><\/div>\n<div>H\u00e9ctor Quintela<\/div>\n<div><\/div>\n<div><strong>Operaci\u00f3n Karma &#8211; Superuse Studios. Flujos de c\u00f3digo abierto para mejorar las segundas vidas<\/strong><\/div>\n<div>Zuloark<\/div>\n<div><\/div>\n<div><strong>Dave Hakkens, hazlo tu mismo con pl\u00e1stico reciclado<\/strong><\/div>\n<div>Eugenio Vega<\/div>\n<div><\/div>\n<div><strong>CrowdBuilding, cuando un problema es una oportunidad<\/strong><\/div>\n<div>Crist\u00f3bal P\u00e1ez<\/div>\n<div><\/div>\n<div><strong>El arte y la ciencia de la atenci\u00f3n a la demencia senil<\/strong><\/div>\n<div>Jetske van Oosten<\/div>\n<div><\/div>\n<div><strong>Protagonismo social del dise\u00f1o en un barrio de R\u00f3terdam<\/strong><\/div>\n<div>Ivo van den Baar<\/div>\n<div><\/div>\n<div><strong>El consumo colaborativo llega a tu mesa\u00a0<\/strong><\/div>\n<div>Mar\u00eda Vila Salgado<\/div>\n<div><\/div>\n<div><strong>Medios digitales al servicio de la <em>res p\u00fablica<\/em><\/strong><\/div>\n<div>Michiel de Lange<\/div>\n<div><\/div>\n<div><strong>The White Building, una llave en el penitenciario.<\/strong><\/div>\n<div>Laura Ferriere<\/div>\n<div><\/div>\n<div>\n<div><strong>Aprendiendo a <em>biohackear<\/em><\/strong><\/div>\n<div>Alberto Pe\u00f1alver Men\u00e9ndez<\/div>\n<div><\/div>\n<div>\n<div><strong>De c\u00f3mo redise\u00f1ar la ciudad a golpe de tecno-poes\u00eda.<\/strong><\/div>\n<div>Alberto Pe\u00f1alver Men\u00e9ndez<\/div>\n<div><\/div>\n<div>\n<div><strong>Oda al tel\u00e9fono m\u00f3vil \u00e9tico<\/strong><\/div>\n<div>Alberto Pe\u00f1alver Men\u00e9ndez<\/div>\n<div><\/div>\n<div>\n<div><strong>Dise\u00f1o de moda y artes esc\u00e9nicas, un puente entre generaciones.<\/strong><\/div>\n<div>Chiara Giordano<\/div>\n<div><\/div>\n<div>\n<div><strong>Dise\u00f1ar un s\u00e1ndwich mixto<\/strong><\/div>\n<div>Anatxu Zabalbeascoa<\/div>\n<div><\/div>\n<div>\n<div><strong>Columbusplein, una rep\u00fablica independiente en el oeste de \u00c1msterdam<\/strong><\/div>\n<div>Tabo Goudswaard y Jorge Ma\u00f1es Rubio<\/div>\n<\/div>\n<\/div>\n<\/div>\n<\/div>\n<\/div>\n<\/div>\n","protected":false},"excerpt":{"rendered":"<p><strong><span style=\"color: #000000;\">Edici\u00f3n Biling\u00fce<\/span><\/strong><span style=\"color: #000000;\"> (Espa\u00f1ol\/Ingl\u00e9s)<\/span><\/p>\n<p>\u00bfQu\u00e9 puede hacer el dise\u00f1o?, \u00bfqu\u00e9 respuestas puede ofrecer frente a problemas como el envejecimiento de la poblaci\u00f3n o la integraci\u00f3n social de los inmigrantes?, \u00bfqu\u00e9 soluciones puede aportar en \u00e1mbitos tan diversos como el de la sanidad, el de la alimentaci\u00f3n o el del abastecimiento de agua potable?<\/p>\n<p>Experimenta 69 \u00b7 HOLANDA\u00a0presenta diferentes proyectos de innovaci\u00f3n y dise\u00f1o social realizados en Holanda que buscan ofrecer una respuesta a la actual crisis del estado de bienestar construido tras la II Guerra Mundial. Proyectos que revelan c\u00f3mo las practicas y la cultura del dise\u00f1o constituyen herramientas muy poderosas de transformaci\u00f3n social.<\/p>\n<p>\u00b7 Medidas: 23 x 30 cm<br \/>\n\u00b7 P\u00e1ginas: 160<\/p>\n","protected":false},"featured_media":55727,"comment_status":"open","ping_status":"closed","template":"","meta":[],"product_cat":[9893,7311],"product_tag":[],"jetpack_sharing_enabled":true,"_links":{"self":[{"href":"https:\/\/www.experimenta.es\/tienda\/wp-json\/wp\/v2\/product\/11008"}],"collection":[{"href":"https:\/\/www.experimenta.es\/tienda\/wp-json\/wp\/v2\/product"}],"about":[{"href":"https:\/\/www.experimenta.es\/tienda\/wp-json\/wp\/v2\/types\/product"}],"replies":[{"embeddable":true,"href":"https:\/\/www.experimenta.es\/tienda\/wp-json\/wp\/v2\/comments?post=11008"}],"wp:featuredmedia":[{"embeddable":true,"href":"https:\/\/www.experimenta.es\/tienda\/wp-json\/wp\/v2\/media\/55727"}],"wp:attachment":[{"href":"https:\/\/www.experimenta.es\/tienda\/wp-json\/wp\/v2\/media?parent=11008"}],"wp:term":[{"taxonomy":"product_cat","embeddable":true,"href":"https:\/\/www.experimenta.es\/tienda\/wp-json\/wp\/v2\/product_cat?post=11008"},{"taxonomy":"product_tag","embeddable":true,"href":"https:\/\/www.experimenta.es\/tienda\/wp-json\/wp\/v2\/product_tag?post=11008"}],"curies":[{"name":"wp","href":"https:\/\/api.w.org\/{rel}","templated":true}]}}