{"id":11011,"date":"2016-02-12T14:39:56","date_gmt":"2016-02-12T13:39:56","guid":{"rendered":"http:\/\/www.experimenta.es\/producto\/experimenta-61\/"},"modified":"2023-10-02T12:37:57","modified_gmt":"2023-10-02T10:37:57","slug":"experimenta-61","status":"publish","type":"product","link":"https:\/\/www.experimenta.es\/tienda\/producto\/experimenta-61\/","title":{"rendered":"Revista Experimenta 61"},"content":{"rendered":"<h4 class=\"western\" style=\"text-align: left;\"><span style=\"color: #000000;\"><span style=\"font-family: Verdana, Arial, Helvetica, sans-serif;\"><span style=\"font-size: medium;\">Feria del Mueble de Mil\u00e1n<br \/>\n<\/span><\/span><\/span><span style=\"color: #000000;\"><span style=\"font-family: Verdana, Arial, Helvetica, sans-serif;\"><span style=\"font-size: small;\"><em>Por Francesco Morace.<\/em><\/span><\/span><\/span><\/h4>\n<p class=\"western\" style=\"text-align: left;\" align=\"justify\"><span style=\"color: #000000;\"><span style=\"font-family: Verdana, Arial, Helvetica, sans-serif;\"><span style=\"font-size: small;\">El sal\u00f3n Internacional del Mueble de Mil\u00e1n pasado por el filtro de cuatro importantes tendencias propuestas por Francesco Morace (percepci\u00f3n virtuosa, memoria visionaria, transformaci\u00f3n pluriversal y emoci\u00f3n sostenible) se convierte en una profunda reflexi\u00f3n sobre el dise\u00f1o, su estado actual y su futuro.<\/span><\/span><\/span><\/p>\n<h2 class=\"western\" style=\"text-align: left;\"><strong><span style=\"color: #000000;\"><span style=\"font-family: Verdana, Arial, Helvetica, sans-serif;\"><span style=\"font-size: medium;\">20 Aniversario<br \/>\n<\/span><\/span><\/span><\/strong><span style=\"font-size: small;\"><span style=\"color: #000000;\"><span style=\"font-family: Verdana, Arial, Helvetica, sans-serif;\">La Editorial Experimenta cumple veinte a\u00f1os como medio de difusi\u00f3n de la cultura del proyecto. Una selecci\u00f3n de textos extra\u00eddos de diferentes n\u00fameros de la revista sirve de apetitoso bocado de los principales temas tratados por la publicaci\u00f3n, y los que a\u00fan restan por escribir.<\/span><\/span><\/span><\/h2>\n<h4 style=\"text-align: left;\"><strong><span style=\"font-size: medium;\">Patricia Urquiola<br \/>\n<\/span><\/strong><em><span style=\"color: #000000;\"><span style=\"font-family: Verdana, Arial, Helvetica, sans-serif;\"><span style=\"font-size: small;\"><em>Por Cristina Morozzi.<\/em><\/span><\/span><\/span><\/em><\/h4>\n<p style=\"text-align: left;\" align=\"justify\"><span style=\"color: #000000;\"><span style=\"font-family: Verdana, Arial, Helvetica, sans-serif;\"><span style=\"font-size: small;\">Patricia Urquiola, la dise\u00f1adora espa\u00f1ola m\u00e1s internacional, reside y opera profesionalmente en Mil\u00e1n. Autora de una prol\u00edfica lista de productos y proyectos, y fiel a sabias ense\u00f1anzas, mantiene la espontaneidad y la frescura volcando en sus obras la pasi\u00f3n por lo manual. Firmas como Moroso, Agape, De Padova o B&amp;B editan con orgullo las seductoras y palpitantes piezas de una artesana que ha revolucionado el \u201ctono\u201d del dise\u00f1o.<\/span><\/span><\/span><\/p>\n<h4><\/h4>\n<h4 class=\"western\" style=\"text-align: left;\"><strong><span style=\"color: #000000;\"><span style=\"font-family: Verdana, Arial, Helvetica, sans-serif;\"><span style=\"font-size: medium;\">Carisma. Conversaciones con Andrea Branzi y Bruce Mau<br \/>\n<\/span><\/span><\/span><\/strong><em><span style=\"color: #000000;\"><span style=\"font-family: Verdana, Arial, Helvetica, sans-serif;\"><span style=\"font-size: small;\"><em>Por Elisabetta Pasini.<\/em><\/span><\/span><\/span><\/em><\/h4>\n<p style=\"text-align: left;\" align=\"justify\"><span style=\"color: #000000;\"><span style=\"font-family: Verdana, Arial, Helvetica, sans-serif;\"><span style=\"font-size: small;\">\u00bfQu\u00e9 es el carisma? \u00bfCu\u00e1les son los atributos que han hecho siempre tan atractivos a los l\u00edderes carism\u00e1ticos? \u00bfEn qu\u00e9 se apoya la misteriosa relaci\u00f3n que viene a establecerse entre un l\u00edder carism\u00e1tico y sus seguidores? Y, sobre todo, \u00bfpor qu\u00e9 hay que hablar de carisma en relaci\u00f3n con el dise\u00f1o? \u00bfPuede hoy, en una realidad global, digital, fluida, adquirir la acci\u00f3n crism\u00e1tica nuevos significados en relaci\u00f3n con el mundo del dise\u00f1o?<\/span><\/span><\/span><em>\u00a0<\/em><\/p>\n","protected":false},"excerpt":{"rendered":"<p>La Editorial Experimenta cumple 20 a\u00f1os.<\/p>\n","protected":false},"featured_media":55720,"comment_status":"open","ping_status":"closed","template":"","meta":[],"product_cat":[7311],"product_tag":[],"jetpack_sharing_enabled":true,"_links":{"self":[{"href":"https:\/\/www.experimenta.es\/tienda\/wp-json\/wp\/v2\/product\/11011"}],"collection":[{"href":"https:\/\/www.experimenta.es\/tienda\/wp-json\/wp\/v2\/product"}],"about":[{"href":"https:\/\/www.experimenta.es\/tienda\/wp-json\/wp\/v2\/types\/product"}],"replies":[{"embeddable":true,"href":"https:\/\/www.experimenta.es\/tienda\/wp-json\/wp\/v2\/comments?post=11011"}],"wp:featuredmedia":[{"embeddable":true,"href":"https:\/\/www.experimenta.es\/tienda\/wp-json\/wp\/v2\/media\/55720"}],"wp:attachment":[{"href":"https:\/\/www.experimenta.es\/tienda\/wp-json\/wp\/v2\/media?parent=11011"}],"wp:term":[{"taxonomy":"product_cat","embeddable":true,"href":"https:\/\/www.experimenta.es\/tienda\/wp-json\/wp\/v2\/product_cat?post=11011"},{"taxonomy":"product_tag","embeddable":true,"href":"https:\/\/www.experimenta.es\/tienda\/wp-json\/wp\/v2\/product_tag?post=11011"}],"curies":[{"name":"wp","href":"https:\/\/api.w.org\/{rel}","templated":true}]}}