{"id":12231,"date":"2016-04-25T12:44:13","date_gmt":"2016-04-25T10:44:13","guid":{"rendered":"http:\/\/www.experimenta.es\/?post_type=product&#038;p=12231"},"modified":"2024-02-12T11:51:10","modified_gmt":"2024-02-12T10:51:10","slug":"diseno-espanol-mas-que-palabras","status":"publish","type":"product","link":"https:\/\/www.experimenta.es\/tienda\/producto\/diseno-espanol-mas-que-palabras\/","title":{"rendered":"Dise\u00f1o Espa\u00f1ol, M\u00e1s que palabras. Identidad sin pelos en la lengua"},"content":{"rendered":"<p><strong>Dise\u00f1o espa\u00f1ol, m\u00e1s que palabras<\/strong><\/p>\n<p>Mucho se ha dicho o escrito sobre el desarrollo hist\u00f3rico del dise\u00f1o en Espa\u00f1a, sobre sus logros m\u00e1s rese\u00f1ables, sobre su legado vivo y sobre su compleja implantaci\u00f3n. Sin embargo, en pocas ocasiones se ha reflexionado por escrito sobre lo poco que ha calado el dise\u00f1o en la sociedad, en la cultura y en las empresas espa\u00f1olas.<\/p>\n<p>Espa\u00f1a ha sido ejemplo de la complejidad de consecuci\u00f3n de una cultura del dise\u00f1o propia. En pleno debate entre el presente y el futuro de la disciplina, Dise\u00f1o espa\u00f1ol, m\u00e1s que palabras presenta una radiograf\u00eda actualizada en la que a trav\u00e9s de quince entrevistas a reconocidos personajes y expertos se repasa la situaci\u00f3n actual del dise\u00f1o con un planteamiento valiente y desenfadado en el que las respuestas no dejan indiferente al lector.<\/p>\n<p>Tachy Mora, Isabel Campi, Enric Pericas, Quim Larrea, Andr\u00e9 Ricard, Javier Mariscal, Juan Mellen, Manuel Estrada, Luis Calabuig, Ra\u00fal Peralba, Jose A. Gand\u00eda-Blasco, H\u00e9ctor Serrano, Javier D\u00edez, Carlos Espinosa de los Monteros y Pierluigi Cattermole responden a cada pregunta de forma dispar, directa y sincera\u2026 y sin pelos en la lengua.<\/p>\n<p><span class=\"Apple-converted-space\">SOBRE EL AUTOR<br \/>\n<\/span><strong>Rodrigo Mart\u00ednez<\/strong> es dise\u00f1ador, docente e investigador. Doctor en dise\u00f1o especializado en el an\u00e1lisis del uso de la identidad como estrategia, verificando su importancia en los nuevos h\u00e1bitos de consumo. Su investigaci\u00f3n, de la que forma parte Dise\u00f1o espa\u00f1ol, m\u00e1s que palabras, le ha permitido elaborar un diagn\u00f3stico acerca de la situaci\u00f3n del dise\u00f1o en Espa\u00f1a y establecer una propuesta estrat\u00e9gica para la mejora de su posicionamiento. Coordina el Grado en Ingenier\u00eda en Dise\u00f1o Industrial y Desarrollo de Producto en la Universidad Nebrija y dirige y gestiona proyectos de dise\u00f1o en colaboraci\u00f3n con empresas y organizaciones. Ha publicado numerosos art\u00edculos e impartido conferencias acerca de la gesti\u00f3n de la identidad en el dise\u00f1o entre los que cabe destacar Dise\u00f1o industrial, cuesti\u00f3n de identidad o Diagn\u00f3stico y plan de acci\u00f3n para la mejora de la identidad del dise\u00f1o espa\u00f1ol.<\/p>\n","protected":false},"excerpt":{"rendered":"<p><span style=\"color: #ff0000;\"><span style=\"color: #000000;\">Autor:<\/span> Rodrigo Mart\u00ednez<\/span><\/p>\n<p><strong>Dise\u00f1o espa\u00f1ol, m\u00e1s que palabras<\/strong> presenta una radiograf\u00eda actualizada en la que a trav\u00e9s de quince entrevistas a reconocidos personajes y expertos se repasa la situaci\u00f3n actual del dise\u00f1o con un planteamiento valiente y desenfadado en el que las respuestas no dejan indiferente al lector.<\/p>\n<p>&nbsp;<\/p>\n<p>\u00b7 ISBN: 978-84-944817-1-0<br \/>\n\u00b7 Medidas: 14 x 22 cm<br \/>\n\u00b7 P\u00e1ginas: 180<br \/>\n\u00b7 Impresi\u00f3n interior: negro<\/p>\n","protected":false},"featured_media":55698,"comment_status":"open","ping_status":"closed","template":"","meta":[],"product_cat":[9892,7313],"product_tag":[9764,9638,9642,9591,9748,9641],"jetpack_sharing_enabled":true,"_links":{"self":[{"href":"https:\/\/www.experimenta.es\/tienda\/wp-json\/wp\/v2\/product\/12231"}],"collection":[{"href":"https:\/\/www.experimenta.es\/tienda\/wp-json\/wp\/v2\/product"}],"about":[{"href":"https:\/\/www.experimenta.es\/tienda\/wp-json\/wp\/v2\/types\/product"}],"replies":[{"embeddable":true,"href":"https:\/\/www.experimenta.es\/tienda\/wp-json\/wp\/v2\/comments?post=12231"}],"wp:featuredmedia":[{"embeddable":true,"href":"https:\/\/www.experimenta.es\/tienda\/wp-json\/wp\/v2\/media\/55698"}],"wp:attachment":[{"href":"https:\/\/www.experimenta.es\/tienda\/wp-json\/wp\/v2\/media?parent=12231"}],"wp:term":[{"taxonomy":"product_cat","embeddable":true,"href":"https:\/\/www.experimenta.es\/tienda\/wp-json\/wp\/v2\/product_cat?post=12231"},{"taxonomy":"product_tag","embeddable":true,"href":"https:\/\/www.experimenta.es\/tienda\/wp-json\/wp\/v2\/product_tag?post=12231"}],"curies":[{"name":"wp","href":"https:\/\/api.w.org\/{rel}","templated":true}]}}