{"id":30726,"date":"2017-03-27T18:31:04","date_gmt":"2017-03-27T16:31:04","guid":{"rendered":"https:\/\/www.experimenta.es\/?post_type=product&#038;p=30726"},"modified":"2024-11-04T19:56:44","modified_gmt":"2024-11-04T18:56:44","slug":"la-estrategia-del-colibri-la-globalizacion-y-su-antidoto","status":"publish","type":"product","link":"https:\/\/www.experimenta.es\/tienda\/producto\/la-estrategia-del-colibri-la-globalizacion-y-su-antidoto\/","title":{"rendered":"La estrategia del Colibr\u00ed. La globalizaci\u00f3n y su ant\u00eddoto"},"content":{"rendered":"<p><strong>La Estrategia del Colibr\u00ed<\/strong>, que es m\u00e1s un manifiesto de\u00a0pensamientos que un libro, fue escrita por <strong>Francesco\u00a0Morace<\/strong> despu\u00e9s de los hechos dram\u00e1ticos que tuvieron\u00a0lugar durante la cumbre del G8 de G\u00e9nova en julio de\u00a02001, y se complet\u00f3 despu\u00e9s del colapso de las Torres\u00a0Gemelas del WTC, el 11 de septiembre del mismo a\u00f1o.<\/p>\n<p><strong>El libro se\u00a0convierte en una colecci\u00f3n de est\u00edmulos para las\u00a0personas, empresas y asociaciones que consideran\u00a0este momento como una ocasi\u00f3n irrepetible para su\u00a0crecimiento social para activar una profunda\u00a0conciencia del mundo.<\/strong><\/p>\n<p>Francesco Morace define una \u201cpolinizaci\u00f3n en la diversidad\u201d.\u00a0El colibr\u00ed vuela entre las flores con un vuelo creativo, energ\u00e9tico e inesperado. Para \u00e9l, el colibr\u00ed es la representaci\u00f3n de las personas creativas capaces de generar v\u00ednculos e idear mundos compartidos. El vuelo, afirma, se da en la diversidad global pero a partir de una identidad que siempre es local. Porque la identidad es biol\u00f3gicamente local, y es este vuelo productivo de polinizaci\u00f3n el que logra generar una expansi\u00f3n vital de intercambio.<span class=\"Apple-converted-space\">\u00a0<\/span><\/p>\n<p>Este libro, que es una versi\u00f3n ampliada de la primera edici\u00f3n italiana, consta de una primera parte que refiere a esta teor\u00eda de Morace, y una segunda parte pr\u00e1ctica que detalla una variedad de casos estudiados en diferentes lugares del mundo, para establecer una multiplicidad de modelos y plantear conclusiones de cara al futuro.<\/p>\n<p><em>\u201cEn este terreno de enorme diversidad, pero al mismo tiempo de compatibilidad en lo humano, es donde hay que empezar a escribir el borrador de la nueva historia del mundo, y establecer unos cuantos puntos clave, consolidando una nueva declaraci\u00f3n de los derechos humanos.\u201d<\/em><\/p>\n<p><span style=\"color: #ff0000;\"><strong>La Estrategia del Colibri<\/strong> es una invitaci\u00f3n a dejar\u00a0volar a los colibr\u00edes entre nosotros. Una invitaci\u00f3n para que\u00a0puedan polinizar nuestras vidas y pensamientos, con sus\u00a0prodigiosos 100 aleteos por segundo.<\/span><\/p>\n<p>&nbsp;<\/p>\n<p><span class=\"Apple-converted-space\">SOBRE EL AUTOR<br \/>\n<\/span><strong>Francesco Morace<\/strong> Es soci\u00f3logo y escritor, lleva m\u00e1s de treinta a\u00f1os trabajando en el campo de la investigaci\u00f3n sociol\u00f3gica y de mercado y es presidente de Future Concept.Consultor estrat\u00e9gico para empresas e instituciones a nivel internacional desde 1981 ha organizado conferencias, cursos y seminarios en 20 pa\u00edses de todo el mundo. Profesor de Innovaci\u00f3n Social en Polit\u00e9cnico di Milano y Cultura y Estilo de Vida en la Facultad de Sociolog\u00eda, Universidad de Trento<\/p>\n<p>&nbsp;<\/p>\n","protected":false},"excerpt":{"rendered":"<p><span style=\"color: #ff0000;\"><span style=\"color: #000000;\">Autor:<\/span> Francesco Morace<\/span><\/p>\n<p><strong>La Estrategia del Colibri<\/strong> ofrece un nuevo enfoque hacia\u00a0el tema de la <strong>globalizaci\u00f3n<\/strong>: un escenario en el que es\u00a0necesario introducir y evaluar la variable de polinizaci\u00f3n en la\u00a0<strong>creaci\u00f3n vital de ideas<\/strong>, \u00abfertilizando\u00bb a las culturas, entendidas como \u00abcultivos\u00bb que dan los \u00abfrutos\u00bb de una nueva civilizaci\u00f3n.<\/p>\n<p>&nbsp;<\/p>\n<p>\u00b7 ISBN: 978-84-930641-8-1<br \/>\n\u00b7 Medidas: 12 x 20 x 1 cm<br \/>\n\u00b7 P\u00e1ginas: 128<br \/>\n\u00b7 Impresi\u00f3n interior: color<\/p>\n","protected":false},"featured_media":56649,"comment_status":"open","ping_status":"closed","template":"","meta":[],"product_cat":[9898,7313],"product_tag":[9642,9714,9762,9746],"jetpack_sharing_enabled":true,"_links":{"self":[{"href":"https:\/\/www.experimenta.es\/tienda\/wp-json\/wp\/v2\/product\/30726"}],"collection":[{"href":"https:\/\/www.experimenta.es\/tienda\/wp-json\/wp\/v2\/product"}],"about":[{"href":"https:\/\/www.experimenta.es\/tienda\/wp-json\/wp\/v2\/types\/product"}],"replies":[{"embeddable":true,"href":"https:\/\/www.experimenta.es\/tienda\/wp-json\/wp\/v2\/comments?post=30726"}],"wp:featuredmedia":[{"embeddable":true,"href":"https:\/\/www.experimenta.es\/tienda\/wp-json\/wp\/v2\/media\/56649"}],"wp:attachment":[{"href":"https:\/\/www.experimenta.es\/tienda\/wp-json\/wp\/v2\/media?parent=30726"}],"wp:term":[{"taxonomy":"product_cat","embeddable":true,"href":"https:\/\/www.experimenta.es\/tienda\/wp-json\/wp\/v2\/product_cat?post=30726"},{"taxonomy":"product_tag","embeddable":true,"href":"https:\/\/www.experimenta.es\/tienda\/wp-json\/wp\/v2\/product_tag?post=30726"}],"curies":[{"name":"wp","href":"https:\/\/api.w.org\/{rel}","templated":true}]}}