{"id":44368,"date":"2018-05-18T15:08:36","date_gmt":"2018-05-18T13:08:36","guid":{"rendered":"https:\/\/www.experimenta.es\/?post_type=product&#038;p=44368"},"modified":"2023-10-02T12:38:07","modified_gmt":"2023-10-02T10:38:07","slug":"experimenta-77","status":"publish","type":"product","link":"https:\/\/www.experimenta.es\/tienda\/producto\/experimenta-77\/","title":{"rendered":"Revista Experimenta 77"},"content":{"rendered":"<h3>Contenidos<\/h3>\n<p><strong>03.\u00a0<\/strong>El pensamiento inextinguible de Gillo Dorfles<br \/>\n<strong>10.\u00a0<\/strong>Deseo<br \/>\n<strong>19.<\/strong>\u00a0Espa\u00f1a Dise\u00f1a. 25 Ediciones de los Premios Nacionales de Dise\u00f1o (1987-2017)<br \/>\n<strong>20.<\/strong>\u00a0El dise\u00f1o es el lenguaje de cada sociedad y la expresi\u00f3n de su car\u00e1cter<br \/>\n<strong>24.<\/strong>\u00a0Espa\u00f1a Dise\u00f1a, el reflejo de la transformaci\u00f3n de una sociedad<br \/>\n<strong>28.<\/strong>\u00a0El futuro es impensable sin dise\u00f1o<br \/>\n<strong>30.<\/strong>\u00a0Espa\u00f1a Dise\u00f1a, habla en presente<br \/>\n<strong>34.\u00a0<\/strong>25 fanalitos, 25 recuerdos<br \/>\n<strong>38.<\/strong>\u00a0El oficio de dise\u00f1ador: no solo creatividad<br \/>\n<strong>40.<\/strong>\u00a0Del dise\u00f1o gr\u00e1fico y publicitario al dise\u00f1o estrat\u00e9gico<br \/>\n<strong>44.<\/strong>\u00a0La arquitectura a trav\u00e9s del objetivo de Joel Filipe<br \/>\n<strong>51.<\/strong>\u00a0ZUM: Dise\u00f1o para todos: una tendencia, una demanda y una oportunidad<br \/>\n<strong>52.<\/strong>\u00a0Dise\u00f1o de Tecnolog\u00eda Asistiva versus Dise\u00f1o para Todos<br \/>\n<strong>54.<\/strong>\u00a0Estar a la vanguardia en integraci\u00f3n<br \/>\n<strong>55.\u00a0<\/strong>La inclusi\u00f3n, una oportunidad y un desaf\u00edo<br \/>\n<strong>56.<\/strong>\u00a0Blind Words, la tipograf\u00eda inclusiva de Nuria L\u00f3pez<br \/>\n<strong>58.<\/strong>\u00a0MinimLET, de Nendo: inodoro port\u00e1til para v\u00edctimas de desastres naturales<br \/>\n<strong>62.<\/strong>\u00a0Marcas, dise\u00f1o y prop\u00f3sito<br \/>\n<strong>68.<\/strong>\u00a0Nintendo Labo: juguetes interactivos que a\u00fanan software y cart\u00f3n<br \/>\n<strong>74.<\/strong>\u00a0\u201cNichtsein\u201d, de Katharina Schwarz. Los suicidios en la antigua Alemania del Este<br \/>\n<strong>77.\u00a0<\/strong>5libros<br \/>\n<strong>82.<\/strong>\u00a0Geomanist Booklet,\u00a0el manual tipogr\u00e1fico de Atipo<br \/>\n<strong>84.<\/strong>\u00a0Surrealismo a todo color en las ilustraciones de Kota Yamaji<br \/>\n<strong>88.<\/strong>\u00a0People are light. La instalaci\u00f3n interactiva del IED Barcelona y Fluvia para el Llum BCN 2018<br \/>\n<strong>90.<\/strong>\u00a0Dise\u00f1o en Espa\u00f1a; cuesti\u00f3n de identidad&#8230; y cultura<br \/>\n<strong>94.<\/strong>\u00a0El universo femenino de Malika Favre<br \/>\n<strong>102.\u00a0<\/strong>Andr\u00e9 Ricard<br \/>\n<strong>106.<\/strong>\u00a0Arquitectura de container Common Ground, el complejo comercial hecho de contenedores de Urbantainer<br \/>\n<strong>112.<\/strong>\u00a0Close, serie fotogr\u00e1fica de la eslovaca Evelyn Bencicova<br \/>\n<strong>116.<\/strong>\u00a0Ian Yang. Conversando con el fundador de Gantri<br \/>\n<strong>120.\u00a0<\/strong>Esl\u00f3ganes:\u00a0sacando provecho de unas pocas palabras<br \/>\n<strong>123.\u00a0<\/strong>Design Thinking<br \/>\n<strong>124<\/strong>.\u00a0Entrevista a\u00a0Charles H. Burnette.\u00a0\u00bfEs posible una teor\u00eda general del Design Thinking?<br \/>\n<strong>129.<\/strong>\u00a0Los or\u00edgenes del Design Thinking.\u00a0El dise\u00f1o como una forma de pensamiento<br \/>\n<strong>136.<\/strong>\u00a0Dise\u00f1ando historias\u00a0a trav\u00e9s de la observaci\u00f3n<br \/>\n<strong>137.<\/strong>\u00a0Design Thinking y las m\u00faltiples miradas<br \/>\n<strong>140.\u00a0<\/strong>Habilidades de dise\u00f1o que el Mundo necesita<br \/>\n<strong>141.<\/strong>\u00a0Estrategia e Innovaci\u00f3n. Nuevas formas de hacer las cosas en marketing<\/p>\n","protected":false},"excerpt":{"rendered":"<p>A lo largo de sus 142 p\u00e1ginas, la edici\u00f3n n\u00famero 77 de <strong><em>Experimenta<\/em><\/strong> ofrece al lector un panorama amplio y claro del estado actual del Dise\u00f1o internacional. <strong>Malika Favre, Atipo, Evelyn Bencicova, Joel Filipe, Nendo, Kota Yamaji<\/strong>\u2026 son algunos de los creativos que participan en esta entrega. La secci\u00f3n central est\u00e1 dedicada al <i><strong>Design Thinking<\/strong>, <\/i>pasado, presente y futuro de la metodolog\u00eda que est\u00e1 cambiando la forma en que trabajamos.<span class=\"Apple-converted-space\">\u00a0<\/span><\/p>\n<p>&nbsp;<\/p>\n<p>\u00b7 Edici\u00f3n: Primavera 2018<br \/>\n\u00b7 ISBN: 978-84-939383-5-2<br \/>\n\u00b7 Medidas: 23 x 26,5 x 1,5 cm<br \/>\n\u00b7 P\u00e1ginas: 136<\/p>\n","protected":false},"featured_media":55684,"comment_status":"open","ping_status":"closed","template":"","meta":[],"product_cat":[9893,7311],"product_tag":[9713,9707,9708,9714],"jetpack_sharing_enabled":true,"_links":{"self":[{"href":"https:\/\/www.experimenta.es\/tienda\/wp-json\/wp\/v2\/product\/44368"}],"collection":[{"href":"https:\/\/www.experimenta.es\/tienda\/wp-json\/wp\/v2\/product"}],"about":[{"href":"https:\/\/www.experimenta.es\/tienda\/wp-json\/wp\/v2\/types\/product"}],"replies":[{"embeddable":true,"href":"https:\/\/www.experimenta.es\/tienda\/wp-json\/wp\/v2\/comments?post=44368"}],"wp:featuredmedia":[{"embeddable":true,"href":"https:\/\/www.experimenta.es\/tienda\/wp-json\/wp\/v2\/media\/55684"}],"wp:attachment":[{"href":"https:\/\/www.experimenta.es\/tienda\/wp-json\/wp\/v2\/media?parent=44368"}],"wp:term":[{"taxonomy":"product_cat","embeddable":true,"href":"https:\/\/www.experimenta.es\/tienda\/wp-json\/wp\/v2\/product_cat?post=44368"},{"taxonomy":"product_tag","embeddable":true,"href":"https:\/\/www.experimenta.es\/tienda\/wp-json\/wp\/v2\/product_tag?post=44368"}],"curies":[{"name":"wp","href":"https:\/\/api.w.org\/{rel}","templated":true}]}}