{"id":46447,"date":"2018-07-24T17:35:51","date_gmt":"2018-07-24T15:35:51","guid":{"rendered":"https:\/\/www.experimenta.es\/?post_type=product&#038;p=46447"},"modified":"2023-10-02T12:38:07","modified_gmt":"2023-10-02T10:38:07","slug":"experimenta-78","status":"publish","type":"product","link":"https:\/\/www.experimenta.es\/tienda\/producto\/experimenta-78\/","title":{"rendered":"Revista Experimenta 78"},"content":{"rendered":"<div class=\"page\" title=\"Page 7\">\n<div class=\"layoutArea\">\n<div class=\"column\">\n<h3>Contenidos<\/h3>\n<p><strong>02.\u00a0<\/strong>Shigetaka Kurita,\u00a0el padre de los emojis<br \/>\n<strong>10.<\/strong>\u00a0Deseo<br \/>\n<strong>18.<\/strong>\u00a0El regreso de un cl\u00e1sico. Neue Haas Grotesk de Christian Schwartz para Monotype<br \/>\n<strong>21.<\/strong>\u00a0Actiu, 50 a\u00f1os de dise\u00f1o: innovaci\u00f3n y sostenibilidad<br \/>\n<strong>24.<\/strong>\u00a0The Commons. Un restaurante contempor\u00e1neo con aires industriales, de Studio Modijefsky<br \/>\n<strong>28.<\/strong>\u00a0Tejiendo historias. Entrevista a Nani Marquina: mujer, dise\u00f1adora y empresaria<br \/>\n<strong>34.<\/strong>\u00a0Pi\u00f1atex\u00ae, cuero de fibra de pi\u00f1a Una alternativa real y sostenible<br \/>\n<strong>36.<\/strong>\u00a0Room Collection, de A Cat Thing Dise\u00f1o exclusivo para gatos<br \/>\n<strong>38.<\/strong>\u00a0Dise\u00f1ar en la era del \u201centanglement\u201d<br \/>\n<strong>42.<\/strong>\u00a0Materializando las emociones<br \/>\n<strong>46.<\/strong>\u00a0Transform, el libro de tendencias decorativas de Lamoto Design Studio<br \/>\n<strong>48.<\/strong>\u00a0Museum \u2013 A House for Learning, de Zal\u00e1n P\u00e9ter Sal\u00e1t Tipograf\u00eda de M\u00e1rton Heged\u00fcs<br \/>\n<strong>50.<\/strong>\u00a0Los sonidos del dise\u00f1o. Dise\u00f1o, arte y m\u00fasica en el universo de Alejandro Ros<br \/>\n<strong>57.<\/strong>\u00a0ZUM: Dise\u00f1o y sonido: equilibrio, belleza y funcionalidad<br \/>\n<strong>58.<\/strong>\u00a0Mag-Lev Audio, el tocadiscos que levita de Desnahemisfera<br \/>\n<strong>60.<\/strong>\u00a0Pause, los paneles ac\u00fasticos de PerezOchando para Missana<br \/>\n<strong>62.<\/strong>\u00a0Seaboard Block, el teclado modular, port\u00e1til y econ\u00f3mico de Roli<br \/>\n<strong>64.<\/strong>\u00a0Audiographa, de Eric Zwierzynski. Un algoritmo para dibujar canciones<br \/>\n<strong>67.<\/strong>\u00a0Bandas sonoras interactivas<br \/>\n<strong>68.<\/strong>\u00a0Thomy, el kit de insulina infantil de Renata Souza Luque<br \/>\n<strong>70.<\/strong>\u00a0Neuron, de MakeBlock. Construir y programar con bloques electr\u00f3nicos<br \/>\n<strong>72.<\/strong>\u00a0Blinks, el juego de mesa inteligente de Move38<br \/>\n<strong>74.<\/strong>\u00a0Xbox Adaptive Controller, el mando inclusivo de Microsoft<br \/>\n<strong>76.<\/strong>\u00a015 of 50 years Book: Pasado, presente y futuro del Dise\u00f1o seg\u00fan el IED Barcelona<br \/>\n<strong>79.<\/strong>\u00a05Libros<br \/>\n<strong>82.\u00a0<\/strong>Download Design Kid: mobiliario para ni\u00f1os de descarga gratuita<br \/>\n<strong>84.<\/strong>\u00a0Ilustraci\u00f3n editorial:\u00a0la elocuencia de Pepe Serra<br \/>\n<strong>90.<\/strong>\u00a0Entrevista a Josep Maria Mir<br \/>\n<strong>96.<\/strong>\u00a0El valor cultural de la tipograf\u00eda. La relevancia de la escritura<br \/>\ny su preservaci\u00f3n<br \/>\n<strong>100.\u00a0<\/strong>Una visi\u00f3n redonda del mundo: Lunar, Solar, Orbit y Celeste, las sillas de Bohinc Studio<br \/>\n<strong>102.<\/strong>\u00a0Orla Kiely, Pasi\u00f3n por los estampados<br \/>\n<strong>108.<\/strong>\u00a0El retrato femenino<br \/>\n<strong>114.<\/strong>\u00a0La Arquitectura solidaria de Foundawtion. B\u00f3vedas catalanas en Senegal<br \/>\n<strong>118.\u00a0<\/strong>Hyundai Pavilion: Asif Khan viste un pabell\u00f3n con el material m\u00e1s oscuro del mundo<br \/>\n<strong>125.<\/strong>\u00a0Dise\u00f1o Emocional<br \/>\n<strong>126.<\/strong>\u00a0Entrevista a Donald Norman. El dise\u00f1o y la complejidad de lo cotidiano<br \/>\n<strong>132.<\/strong>\u00a0Dise\u00f1o Emocional y Mercado. Emoci\u00f3n y conocimiento<br \/>\n<strong>136.<\/strong>\u00a0Marcas humanas para un mercado emocional<br \/>\n<strong>138.<\/strong>\u00a0Entrevista a Pieter Desmet, Universidad de Delft \u00bfEs posible medir las emociones en el dise\u00f1o?<br \/>\n<strong>141.<\/strong>\u00a0Dise\u00f1o y Emociones en Latinoam\u00e9rica<\/p>\n<\/div>\n<\/div>\n<\/div>\n","protected":false},"excerpt":{"rendered":"<p>Esta nueva entrega de <strong>Experimenta<\/strong> repasa, una vez m\u00e1s, lo mejor del dise\u00f1o nacional e internacional. A trav\u00e9s de entrevistas exclusivas, reportajes y art\u00edculos de opini\u00f3n, esta nueva edici\u00f3n ofrece, a lo largo de sus 142 p\u00e1ginas, una visi\u00f3n de 360\u00ba del universo creativo actual.\u00a0Con entrevistas exclusivas a <strong>Shigetaka Kurita<\/strong>, el padre de los <em>emojis<\/em>; a <strong>Nani Marquina<\/strong>, un icono del Dise\u00f1o Textil; a <strong>Alejandro Ros<\/strong>, un referente en la creaci\u00f3n de portadas de discos\u00a0en Latinoam\u00e9rica; al cofundador de Summa,\u00a0<strong>Josep Maria Mir<\/strong>, una voz autorizada del nuevo <em>branding.<\/em>.. y m\u00e1s. Como siempre, la secci\u00f3n central, es un capitulo aparte, en esta ocasi\u00f3n dedicada al <strong>Dise\u00f1o Emocional<\/strong>, un tema tan apasionante como inagotable: qu\u00e9 es, para qu\u00e9 sirve, presente, pasado y futuro. En\u00a0<strong>Zum<\/strong> (secci\u00f3n en la que se aborda una tem\u00e1tica del dise\u00f1o en forma transversal), nos enfocamos en la relaci\u00f3n entre el Dise\u00f1o y la M\u00fasica.<br \/>\nEl numero se completa con una selecci\u00f3n cuidada de los mejores proyectos que vieron la luz en 2018. Dise\u00f1o Industrial, Gr\u00e1fico, Social, Editorial&#8230; ademas de ilustraci\u00f3n, fotograf\u00eda, rese\u00f1a de libros&#8230; Un n\u00famero potente y amplio en todo el sentido de la palabra<\/p>\n<p>&nbsp;<\/p>\n<p>\u00b7 Edici\u00f3n: Verano 2018<br \/>\n\u00b7 ISBN: 978-84-939383-6-9<br \/>\n\u00b7 Medidas: 23 x 26,5 x 1,5 cm<br \/>\n\u00b7 P\u00e1ginas: 136<\/p>\n","protected":false},"featured_media":55685,"comment_status":"open","ping_status":"closed","template":"","meta":[],"product_cat":[9893,7311],"product_tag":[9713,9707,9708,9714],"jetpack_sharing_enabled":true,"_links":{"self":[{"href":"https:\/\/www.experimenta.es\/tienda\/wp-json\/wp\/v2\/product\/46447"}],"collection":[{"href":"https:\/\/www.experimenta.es\/tienda\/wp-json\/wp\/v2\/product"}],"about":[{"href":"https:\/\/www.experimenta.es\/tienda\/wp-json\/wp\/v2\/types\/product"}],"replies":[{"embeddable":true,"href":"https:\/\/www.experimenta.es\/tienda\/wp-json\/wp\/v2\/comments?post=46447"}],"wp:featuredmedia":[{"embeddable":true,"href":"https:\/\/www.experimenta.es\/tienda\/wp-json\/wp\/v2\/media\/55685"}],"wp:attachment":[{"href":"https:\/\/www.experimenta.es\/tienda\/wp-json\/wp\/v2\/media?parent=46447"}],"wp:term":[{"taxonomy":"product_cat","embeddable":true,"href":"https:\/\/www.experimenta.es\/tienda\/wp-json\/wp\/v2\/product_cat?post=46447"},{"taxonomy":"product_tag","embeddable":true,"href":"https:\/\/www.experimenta.es\/tienda\/wp-json\/wp\/v2\/product_tag?post=46447"}],"curies":[{"name":"wp","href":"https:\/\/api.w.org\/{rel}","templated":true}]}}