{"id":50875,"date":"2019-03-04T14:34:33","date_gmt":"2019-03-04T13:34:33","guid":{"rendered":"https:\/\/www.experimenta.es\/?post_type=product&#038;p=50875"},"modified":"2024-02-12T11:50:47","modified_gmt":"2024-02-12T10:50:47","slug":"pioneros-del-diseno-grafico-en-espana-de-emilio-gil","status":"publish","type":"product","link":"https:\/\/www.experimenta.es\/tienda\/producto\/pioneros-del-diseno-grafico-en-espana-de-emilio-gil\/","title":{"rendered":"Pioneros del dise\u00f1o gr\u00e1fico en Espa\u00f1a"},"content":{"rendered":"<h2>Un libro referente del dise\u00f1o espa\u00f1ol<\/h2>\n<p><strong><em>Pioneros del Dise\u00f1o Gr\u00e1fico en Espa\u00f1a<\/em><\/strong> inaugura <strong><em>Museum<\/em><\/strong>, la colecci\u00f3n de Experimenta Libros consagrada a la memoria hist\u00f3rica y cultural del dise\u00f1o. El volumen de 22 x 26,9 x 4,2 cm y 1800 g, ha sido dise\u00f1ado y maquetado por Tau Dise\u00f1o. Un libro de 344 p\u00e1ginas, ameno, ilustrado, de gran inter\u00e9s no s\u00f3lo para los profesionales del dise\u00f1o y la\u00a0publicidad, sino tambi\u00e9n para el p\u00fablico en general.<\/p>\n<p>\u00abEste libro ha supuesto para mi varias cosas. En primer lugar dar a conocer y hacer justicia al trabajo de unos dise\u00f1adores extraordinarios que trabajaron en condiciones mucho menos favorables que las nuestras. Creo que, en nuestro pa\u00eds, el libro ha contribuido as\u00ed mismo al crecimiento de un inter\u00e9s por la historia del dise\u00f1o que est\u00e1 llevando a la investigaci\u00f3n sobre nuestra memoria profesional y que ha dado como resultado la publicaci\u00f3n de tesis doctorales\u00bb, aseguraba <strong>Emilio Gil<\/strong> sobre su libro durante <a href=\"https:\/\/www.experimenta.es\/noticias\/grafica-y-comunicacion\/entrevista-a-emilio-gil-un-pionero-que-sigue-haciendo-camino\/\">una entrevista<\/a> realizada en 2018 y que fue publicada en el <a href=\"https:\/\/www.experimenta.es\/tienda\/revistas-en-venta\/experimenta-80\/\">numero 80 de Experimenta<\/a>.<\/p>\n<p><strong><em>Pioneros del Dise\u00f1o Gr\u00e1fico en Espa\u00f1a<\/em> <\/strong>cuenta con textos de Emilio Gil, Anna Calvera, Jos\u00e9 Mar\u00eda Cerezo, Javier Gonz\u00e1lez Solas, Jorge Garc\u00eda Pfretzschner, Enric Jard\u00ed, Gabriel Rigo, Llu\u00eds Morillas, Arcadi Moradell, Daniel Giralt-Miracle, Eloy Tiz\u00f3n, Felipe Hern\u00e1ndez Cava, Enrique Helguera de la Villa, Francisco Crabiffosse Cuesta, Josep Pla-Narbona, Teresa Mart\u00ednez Figuerola y Luis Mayo. Un libro obligado para dise\u00f1adores y amantes de la cultura gr\u00e1fica. Ya puedes conseguirlo en nuestra tienda online y puntos de venta autorizados.<\/p>\n<p>&nbsp;<\/p>\n<p><span class=\"Apple-converted-space\">SOBRE EL AUTOR<br \/>\n<\/span><strong>Emilio Gil Cerrac\u00edn<\/strong> nace en Madrid, en 1948.\u00a0Estudia en la Universidad Polit\u00e9cnica de Madrid,\u00a0gradu\u00e1ndose como arquitecto t\u00e9cnico en 1975.\u00a0En 1980 funda <strong>Tau Dise\u00f1o<\/strong>, una de las empresas\u00a0precursoras en servicios de dise\u00f1o, comunicaci\u00f3n<br \/>\ninstitucional y creaci\u00f3n de identidad visual\u00a0corporativa en Espa\u00f1a. En 1982 participa en el primer\u00a0Programa de Dise\u00f1o Gr\u00e1fico de la School of Visual\u00a0Arts (SVA) de Nueva York, teniendo como profesores\u00a0a Milton Glaser, James McMullan y Ed Benguiat.<br \/>\nAmpl\u00eda su formaci\u00f3n en la Central St. Martins de\u00a0Londres.<\/p>\n<p>En 1995 obtiene el premio \u201cLaus de oro\u201d en dise\u00f1o\u00a0editorial, el Donside de Gran Breta\u00f1a y el certificado\u00a0de excelencia del Type Directors Club (TDC) de\u00a0Nueva York. Imparte clases en varias universidades\u00a0espa\u00f1olas. En 2007 publica el libro \u201cPioneros del\u00a0dise\u00f1o gr\u00e1fico en Espa\u00f1a\u201d. De 2009 a 2014 preside la\u00a0Asociaci\u00f3n Espa\u00f1ola de Profesionales del Dise\u00f1o.<br \/>\nHa comisariado un gran n\u00famero de exposiciones\u00a0sobre la historia del dise\u00f1o gr\u00e1fico espa\u00f1ol.<\/p>\n","protected":false},"excerpt":{"rendered":"<p><span style=\"color: #ff0000;\"><span style=\"color: #000000;\">Autor:<\/span> Emilio Gil<\/span><\/p>\n<p><strong><em>Pioneros del Dise\u00f1o Gr\u00e1fico en Espa\u00f1a<\/em><\/strong>, sin lugar a dudas es uno los libros referentes del dise\u00f1o espa\u00f1ol. Escrito por el dise\u00f1ador, artista pl\u00e1stico y fundador de Tau Dise\u00f1o, <strong>Emilio Gil<\/strong>, esta nueva entrega corregida y aumentada, recoge la iconograf\u00eda espa\u00f1ola del per\u00edodo comprendido entre 1939-1975; un recorrido en m\u00e1s de 1.000 im\u00e1genes, a trav\u00e9s de la obra de los <strong>dise\u00f1adores gr\u00e1ficos espa\u00f1oles<\/strong> que marcaron una \u00e9poca.<\/p>\n<p><strong>Un libro obligado para\u00a0dise\u00f1adores y amantes\u00a0de la cultura gr\u00e1fica.<\/strong><\/p>\n<p>\u00b7 ISBN: 978-84-949296-0-1<br \/>\n\u00b7 Medidas: 22 x 26,9 x 4,2 cm<br \/>\n\u00b7 P\u00e1ginas: 344<br \/>\n\u00b7 Encuadernaci\u00f3n: tapa dura<br \/>\n\u00b7 Impresi\u00f3n interior: color<br \/>\n\u00b7 Edici\u00f3n: 2018<\/p>\n<p><img loading=\"lazy\" decoding=\"async\" class=\"alignnone wp-image-58845 size-full\" src=\"https:\/\/www.experimenta.es\/tienda\/wp-content\/uploads\/2019\/03\/banner-ayuda-2.png\" alt=\"\" width=\"1551\" height=\"269\" srcset=\"https:\/\/www.experimenta.es\/tienda\/wp-content\/uploads\/2019\/03\/banner-ayuda-2.png 1551w, https:\/\/www.experimenta.es\/tienda\/wp-content\/uploads\/2019\/03\/banner-ayuda-2-350x61.png 350w, https:\/\/www.experimenta.es\/tienda\/wp-content\/uploads\/2019\/03\/banner-ayuda-2-680x118.png 680w, https:\/\/www.experimenta.es\/tienda\/wp-content\/uploads\/2019\/03\/banner-ayuda-2-768x133.png 768w, https:\/\/www.experimenta.es\/tienda\/wp-content\/uploads\/2019\/03\/banner-ayuda-2-1536x266.png 1536w\" sizes=\"(max-width: 1551px) 100vw, 1551px\" \/><\/p>\n<p><em>Esta obra ha recibido una ayuda a la edici\u00f3n del Ministrio de Cultura y Deporte \/ Plan del Fomento de la Lectura 2017-2020<\/em><\/p>\n","protected":false},"featured_media":55702,"comment_status":"open","ping_status":"closed","template":"","meta":[],"product_cat":[9897,9892,7313],"product_tag":[9764,9591,9641,9707,9763,9762,9765],"jetpack_sharing_enabled":true,"_links":{"self":[{"href":"https:\/\/www.experimenta.es\/tienda\/wp-json\/wp\/v2\/product\/50875"}],"collection":[{"href":"https:\/\/www.experimenta.es\/tienda\/wp-json\/wp\/v2\/product"}],"about":[{"href":"https:\/\/www.experimenta.es\/tienda\/wp-json\/wp\/v2\/types\/product"}],"replies":[{"embeddable":true,"href":"https:\/\/www.experimenta.es\/tienda\/wp-json\/wp\/v2\/comments?post=50875"}],"wp:featuredmedia":[{"embeddable":true,"href":"https:\/\/www.experimenta.es\/tienda\/wp-json\/wp\/v2\/media\/55702"}],"wp:attachment":[{"href":"https:\/\/www.experimenta.es\/tienda\/wp-json\/wp\/v2\/media?parent=50875"}],"wp:term":[{"taxonomy":"product_cat","embeddable":true,"href":"https:\/\/www.experimenta.es\/tienda\/wp-json\/wp\/v2\/product_cat?post=50875"},{"taxonomy":"product_tag","embeddable":true,"href":"https:\/\/www.experimenta.es\/tienda\/wp-json\/wp\/v2\/product_tag?post=50875"}],"curies":[{"name":"wp","href":"https:\/\/api.w.org\/{rel}","templated":true}]}}