{"id":56032,"date":"2019-09-19T12:25:05","date_gmt":"2019-09-19T10:25:05","guid":{"rendered":"https:\/\/dev.experimenta.es\/tienda\/?post_type=product&#038;p=56032"},"modified":"2025-05-24T03:22:02","modified_gmt":"2025-05-24T01:22:02","slug":"dircom-el-ejecutivo-estratega-global","status":"publish","type":"product","link":"https:\/\/www.experimenta.es\/tienda\/producto\/dircom-el-ejecutivo-estratega-global\/","title":{"rendered":"DirCom, el Ejecutivo Estratega Global"},"content":{"rendered":"<p><strong>El nuevo DirCom es el consultor estrat\u00e9gico para la toma de decisiones del CEO, el Consejo de Administraci\u00f3n y la c\u00fapula directiva.<br \/>\nEl Management Estrat\u00e9gico Global del DirCom concreta los resultados en el beneficio econ\u00f3mico y el rendimiento social. <\/strong><\/p>\n<ul>\n<li>Redescubrir la Identidad, matriz de la diferencia competitiva imposible de ser copiada.<\/li>\n<li>Aplicar la comunicaci\u00f3n de s\u00edntesis para dominar la complejidad y optimizar la eficacia.<\/li>\n<li>Transformar la Cultura empresarial y direcci\u00f3n por Valores.<\/li>\n<li>Gestionar los activos y valores intangibles.<\/li>\n<li>Maximizar la Imagen P\u00fablica y la Reputaci\u00f3n Corporativa.<\/li>\n<li>Optimizar el valor de la Marca Corporativa y las sinergias con las marcas de productos y servicios.<\/li>\n<li>Asumir el compromiso social y medioambiental.<\/li>\n<li>Construir el modelo Econom\u00eda-Sociolog\u00eda-Tecnolog\u00eda.<span class=\"Apple-converted-space\"><br \/>\n<\/span><\/li>\n<\/ul>\n<p><strong>Un libro fundamental para directores de comunicaci\u00f3n,\u00a0publicistas, dise\u00f1adores y directores de marca.<\/strong><\/p>\n<p><em>\u201cTodos los caminos conducen a Joan. Su obra es indispensable para\u00a0comprender la comunicaci\u00f3n. Joan tiene una combinaci\u00f3n magn\u00edfica\u00a0entre pensamiento profundo, reflexi\u00f3n cr\u00edtica, saber pr\u00e1ctico y adem\u00e1s\u00a0tiene la inmensa generosidad de ponerlo por\u00a0escrito y compartirnos su saber. Joan es el\u00a0Messi de la comunicaci\u00f3n, as\u00ed de simple\u201d.<\/em><br \/>\n<strong>Alejandro Formanchuk.<\/strong> Presidente de la\u00a0Asociaci\u00f3n Argentina de Comunicaci\u00f3n Interna,\u00a0Buenos Aires.<\/p>\n<p>&nbsp;<\/p>\n<p>SOBRE EL AUTOR<strong><br \/>\nJoan Costa<\/strong> es autodidacta y se define como librepensador y francotirador. Es dise\u00f1ador, soci\u00f3logo, comunic\u00f3logo y metod\u00f3logo. A finales de los \u201960 crea la primera Consultora en Imagen y Comunicaci\u00f3n e inicia sus colaboraciones con empresas y universidades de Europa y Am\u00e9rica. En los a\u00f1os \u201980 crea y dirige la primera Enciclopedia del Dise\u00f1o, con 12 vol\u00famenes, entre ellos Se\u00f1al\u00e9tica e Imagen Global que aportan conceptos, teor\u00eda y metodolog\u00eda y se afirman como disciplinas de dise\u00f1o. En 1999 publica en M\u00e9xico el Manifiesto por el Dise\u00f1o del siglo XXI, un a\u00f1o antes del c\u00e9lebre First Things First Manifesto 2000. Sus aportes pioneros en Esquem\u00e1tica, la ciencia de los esquemas (1998) y Esquematismo (2019) son las obras de referencia en esta nueva disciplina. Su actual trabajo en Cientigraf\u00eda integra la imaginer\u00eda cient\u00edfica en una categor\u00eda espec\u00edfica de la comunicaci\u00f3n visual. Costa ha dado contenido pragm\u00e1tico-cient\u00edfico y modelos de gesti\u00f3n a la disciplina de Direcci\u00f3n de Comunicaci\u00f3n, DirCom. Es autor de 50 libros sobre Imagen, Comunicaci\u00f3n, Dise\u00f1o e Innovaci\u00f3n. Doctor Honoris causa en Espa\u00f1a, Argentina y Per\u00fa. Actualmente centra su actividad en los cursos, investigaciones y publicaciones desde Joan Costa Institute.<span class=\"Apple-converted-space\">\u00a0<\/span><\/p>\n","protected":false},"excerpt":{"rendered":"<p><span style=\"color: #ff0000;\"><span style=\"color: #000000;\">Autor:<\/span> Joan Costa<\/span><\/p>\n<p><strong>Sin comunicaci\u00f3n, no hay comunidad, sociedad ni econom\u00eda.<br \/>\n<\/strong>La Comunicaci\u00f3n se ha insertado as\u00ed en el coraz\u00f3n mismo de la Estrategia.<\/p>\n<p>Actualmente, los intangibles suman el 84% del valor total de las empresas. Ellos hacen tambi\u00e9n la diferencia competitiva no copiable y sostenible, que reside en lo m\u00e1s genuino de la empresa: su identidad \u00fanica e irrepetible.<\/p>\n<p>Gestionar intangibles como la identidad y la cultura organizacional, la imagen p\u00fablica, la reputaci\u00f3n, la responsabilidad y el di\u00e1logo sociales, no es tarea de economistas, t\u00e9cnicos ni ninguna otra disciplina o instancia departamental. Desde la parte no se puede gestionar el todo. Y ninguna direcci\u00f3n, departamento o jefatura est\u00e1 formada para asumir ese nuevo rol.<\/p>\n<p>En estas coordenadas, la visi\u00f3n estrat\u00e9gica, global y de largo alcance que es propia del DirCom, tiene como objetivos generales la eficacia de la organizaci\u00f3n y la satisfacci\u00f3n de su gente; el rendimiento econ\u00f3mico y el beneficio social.<\/p>\n<p>\u00b7 ISBN: 978-84-09-00687-8<br \/>\n\u00b7 Medidas: 17 x 24 cm<br \/>\n\u00b7 P\u00e1ginas: 224<br \/>\n\u00b7 Encuadernaci\u00f3n: R\u00fastica<br \/>\n\u00b7 Impresi\u00f3n interior: Negro<\/p>\n","protected":false},"featured_media":56040,"comment_status":"open","ping_status":"closed","template":"","meta":[],"product_cat":[9895,7313],"product_tag":[9730,9735,9642,9766,9641,9762],"jetpack_sharing_enabled":true,"_links":{"self":[{"href":"https:\/\/www.experimenta.es\/tienda\/wp-json\/wp\/v2\/product\/56032"}],"collection":[{"href":"https:\/\/www.experimenta.es\/tienda\/wp-json\/wp\/v2\/product"}],"about":[{"href":"https:\/\/www.experimenta.es\/tienda\/wp-json\/wp\/v2\/types\/product"}],"replies":[{"embeddable":true,"href":"https:\/\/www.experimenta.es\/tienda\/wp-json\/wp\/v2\/comments?post=56032"}],"wp:featuredmedia":[{"embeddable":true,"href":"https:\/\/www.experimenta.es\/tienda\/wp-json\/wp\/v2\/media\/56040"}],"wp:attachment":[{"href":"https:\/\/www.experimenta.es\/tienda\/wp-json\/wp\/v2\/media?parent=56032"}],"wp:term":[{"taxonomy":"product_cat","embeddable":true,"href":"https:\/\/www.experimenta.es\/tienda\/wp-json\/wp\/v2\/product_cat?post=56032"},{"taxonomy":"product_tag","embeddable":true,"href":"https:\/\/www.experimenta.es\/tienda\/wp-json\/wp\/v2\/product_tag?post=56032"}],"curies":[{"name":"wp","href":"https:\/\/api.w.org\/{rel}","templated":true}]}}