{"id":56060,"date":"2019-09-19T16:03:27","date_gmt":"2019-09-19T14:03:27","guid":{"rendered":"https:\/\/dev.experimenta.es\/tienda\/?post_type=product&#038;p=56060"},"modified":"2024-02-12T11:50:33","modified_gmt":"2024-02-12T10:50:33","slug":"el-paradigma-dircom","status":"publish","type":"product","link":"https:\/\/www.experimenta.es\/tienda\/producto\/el-paradigma-dircom\/","title":{"rendered":"El paradigma DirCom"},"content":{"rendered":"<p>Cada uno de los nuevos colectivos tiene sus propias estructuras, caracter\u00edsticas y finalidades diferentes. Pero todos ellos tienen las mismas necesidades de comunicaci\u00f3n estrat\u00e9gica, integrar los equipos humanos, mejorar la eficacia, gestionar la credibilidad, la imagen p\u00fablica, la reputaci\u00f3n y los v\u00ednculos con los p\u00fablicos, optimizar los resultados y los beneficios sociales.<\/p>\n<p><strong>Joan Costa<\/strong> asume el reto de aportar, a todos los colectivos del nuevo Mapa, la formaci\u00f3n profesional espec\u00edfica. Y empieza por poner las piedras fundamentales en su sitio:<\/p>\n<ul>\n<li>Universaliza el modelo originalDirCom adaptado a cada tipo de organizaci\u00f3n;<\/li>\n<li>Recupera la Sociolog\u00eda como centro rector de la Econom\u00eda y la Tecnolog\u00eda;<\/li>\n<li>Redescubre la Simplicidad, que es la estrategia de la gesti\u00f3n eficaz en un mundo complejo.<\/li>\n<\/ul>\n<p>&nbsp;<\/p>\n<p><em>\u201cEn los \u00faltimos a\u00f1os hemos visto c\u00f3mo la gesti\u00f3n de la\u00a0comunicaci\u00f3n y los intangibles se han convertido en elementos\u00a0estrat\u00e9gicos clave para garantizar el futuro a\u00a0largo plazo de las organizaciones. La obra de\u00a0Joan Costa es una gu\u00eda imprescindible para\u00a0conocer las claves de este contexto y\u00a0profundizar en el rol de liderazgo de los\u00a0directores de comunicaci\u00f3n del presente y\u00a0del futuro\u201d.<\/em><br \/>\n<strong>\u00c1ngel Alloza.<\/strong> CEO Corporate Excellence &#8211;\u00a0Centre for Reputation Leadership, Madrid.<\/p>\n<p>&nbsp;<\/p>\n<p><span class=\"Apple-converted-space\">SOBRE EL AUTOR<br \/>\n<\/span><strong>Joan Costa<\/strong> es autodidacta y se define como librepensador y francotirador. Es dise\u00f1ador, soci\u00f3logo, comunic\u00f3logo y metod\u00f3logo. A finales de los \u201960 crea la primera Consultora en Imagen y Comunicaci\u00f3n e inicia sus colaboraciones con empresas y universidades de Europa y Am\u00e9rica. En los a\u00f1os \u201980 crea y dirige la primera Enciclopedia del Dise\u00f1o, con 12 vol\u00famenes, entre ellos Se\u00f1al\u00e9tica e Imagen Global que aportan conceptos, teor\u00eda y metodolog\u00eda y se afirman como disciplinas de dise\u00f1o. En 1999 publica en M\u00e9xico el Manifiesto por el Dise\u00f1o del siglo XXI, un a\u00f1o antes del c\u00e9lebre First Things First Manifesto 2000. Sus aportes pioneros en Esquem\u00e1tica, la ciencia de los esquemas (1998) y Esquematismo (2019) son las obras de referencia en esta nueva disciplina. Su actual trabajo en Cientigraf\u00eda integra la imaginer\u00eda cient\u00edfica en una categor\u00eda espec\u00edfica de la comunicaci\u00f3n visual. Costa ha dado contenido pragm\u00e1tico-cient\u00edfico y modelos de gesti\u00f3n a la disciplina de Direcci\u00f3n de Comunicaci\u00f3n, DirCom. Es autor de 50 libros sobre Imagen, Comunicaci\u00f3n, Dise\u00f1o e Innovaci\u00f3n. Doctor Honoris causa en Espa\u00f1a, Argentina y Per\u00fa. Actualmente centra su actividad en los cursos, investigaciones y publicaciones desde Joan Costa Institute.<\/p>\n","protected":false},"excerpt":{"rendered":"<p><span style=\"color: #ff0000;\"><span style=\"color: #000000;\">Autor:<\/span> Joan Costa<\/span><\/p>\n<p><b>El nuevo Mapa del Mundo de la Comunicaci\u00f3n y el management estrat\u00e9gico global.<br \/>\nLa obra capital que revolucion\u00f3 el concepto del management.<br \/>\n<\/b><b><span class=\"Apple-converted-space\">\u00a0<\/span><\/b><\/p>\n<p>El nuevo Mapa del Mundo de la Comunicaci\u00f3n se est\u00e1 configurando. Instituciones p\u00fablicas, grandes colectivos, iniciativas sociales y organizaciones no gubernamentales dan la cara y alzan la voz en el nuevo Mapa junto a las grandes empresas y las pymes.<\/p>\n<p>El paradigma DirCom aporta los conocimientos y habilidades espec\u00edficos que las organizaciones emergentes necesitan en respuesta a este reto de la sociedad global.<span class=\"Apple-converted-space\">\u00a0<\/span><\/p>\n<p>&nbsp;<\/p>\n<p>\u00b7 ISBN: 978-84-606-8088-8<br \/>\n\u00b7 Medidas: 17 x 24 cm<br \/>\n\u00b7 P\u00e1ginas: 116<br \/>\n\u00b7 Encuadernaci\u00f3n: R\u00fastica<br \/>\n\u00b7 Impresi\u00f3n interior: Negro<\/p>\n","protected":false},"featured_media":56064,"comment_status":"open","ping_status":"closed","template":"","meta":[],"product_cat":[9895,7313],"product_tag":[9730,9735,9642,9766,9641,9762],"jetpack_sharing_enabled":true,"_links":{"self":[{"href":"https:\/\/www.experimenta.es\/tienda\/wp-json\/wp\/v2\/product\/56060"}],"collection":[{"href":"https:\/\/www.experimenta.es\/tienda\/wp-json\/wp\/v2\/product"}],"about":[{"href":"https:\/\/www.experimenta.es\/tienda\/wp-json\/wp\/v2\/types\/product"}],"replies":[{"embeddable":true,"href":"https:\/\/www.experimenta.es\/tienda\/wp-json\/wp\/v2\/comments?post=56060"}],"wp:featuredmedia":[{"embeddable":true,"href":"https:\/\/www.experimenta.es\/tienda\/wp-json\/wp\/v2\/media\/56064"}],"wp:attachment":[{"href":"https:\/\/www.experimenta.es\/tienda\/wp-json\/wp\/v2\/media?parent=56060"}],"wp:term":[{"taxonomy":"product_cat","embeddable":true,"href":"https:\/\/www.experimenta.es\/tienda\/wp-json\/wp\/v2\/product_cat?post=56060"},{"taxonomy":"product_tag","embeddable":true,"href":"https:\/\/www.experimenta.es\/tienda\/wp-json\/wp\/v2\/product_tag?post=56060"}],"curies":[{"name":"wp","href":"https:\/\/api.w.org\/{rel}","templated":true}]}}