{"id":56067,"date":"2019-09-19T16:56:43","date_gmt":"2019-09-19T14:56:43","guid":{"rendered":"https:\/\/dev.experimenta.es\/tienda\/?post_type=product&#038;p=56067"},"modified":"2024-02-12T11:50:31","modified_gmt":"2024-02-12T10:50:31","slug":"la-comunicacion-%c2%b7-10-voces-esenciales","status":"publish","type":"product","link":"https:\/\/www.experimenta.es\/tienda\/producto\/la-comunicacion-%c2%b7-10-voces-esenciales\/","title":{"rendered":"La Comunicaci\u00f3n \u00b7 10 voces esenciales"},"content":{"rendered":"<p>Los 17 ensayos seleccionados para esta obra forman parte del ADN\u00a0cultural de nuestra sociedad del conocimiento. Sus ideas\u00a0est\u00e1n ya inscritas, no s\u00f3lo en el corpus te\u00f3rico global\u00a0contempor\u00e1neo, sino tambi\u00e9n en la praxis de la estrategia y la\u00a0gesti\u00f3n de las comunicaciones empresariales e\u00a0institucionales.<\/p>\n<p>Junto a Joan Costa, una selecci\u00f3n de ensayos originales de\u00a010 de los autores m\u00e1s influyentes en la teor\u00eda, la cr\u00edtica y la\u00a0praxis de las comunicaciones, los media y la Informaci\u00f3n que\u00a0han transformado los conocimientos, la gesti\u00f3n empresarial y\u00a0la cultura contempor\u00e1nea:\u00a0Abraham Moles, Vil\u00e9m Fl\u00fcsser, Gillo Dorfles, Jos\u00e9 Luis\u00a0Aranguren, Marshall McLuhan, Umberto Eco, Edgar\u00a0Morin, Alain Maurech-Siman y Elizabeth Rohmer.<\/p>\n<p><em>Seg\u00fan Joan Costa \u201cLa Comunicaci\u00f3n es vida\u201d.\u00a0Para m\u00ed, \u201cCosta es la vida de la Comunicaci\u00f3n\u201d.<\/em><br \/>\n<strong>Dr. Andreu Barrabino.<\/strong>\u00a0Profesor de Comunicaci\u00f3n Universitat Abat Oliba\u00a0CEU, Barcelona.<\/p>\n<p>&nbsp;<\/p>\n<p><b>Contenido<span class=\"Apple-converted-space\">\u00a0y Autores<\/span><\/b><\/p>\n<p><b><i>Joan Costa<br \/>\n<\/i><\/b><i>Presentaci\u00f3n<span class=\"Apple-converted-space\"><br \/>\n<\/span><\/i><i>Historias entretejidas<br \/>\n<\/i><i>Inabarcable Abraham<br \/>\n<\/i><i>El fil\u00f3sofo de la Comunicaci\u00f3n<br \/>\n<\/i><i>Cien a\u00f1os de lucidez<br \/>\n<\/i><i>Laberintos de la memoria<span class=\"Apple-converted-space\">\u00a0<\/span><\/i><\/p>\n<p><b><i>Abraham Moles<br \/>\n<\/i><\/b>An\u00e1lisis sist\u00e9mico de la sociedad como m\u00e1quina<br \/>\nPropuesta para una Nueva Declaraci\u00f3n de los Derechos Humanos<\/p>\n<p><b><i>Vil\u00e9m Fl\u00fcsser<br \/>\n<\/i><\/b>Kitsch y posthistoria<br \/>\nUn modelo posible de nuestra cultura<br \/>\nEl fen\u00f3meno sorprendente de la comunicaci\u00f3n<span class=\"Apple-converted-space\">\u00a0<\/span><\/p>\n<p><b><i>Gillo Dorfles<br \/>\n<\/i><\/b>Civilizaci\u00f3n (e incivilizaci\u00f3n) de la imagen<br \/>\nSociolog\u00eda de los mass media<br \/>\nInter media y mixed media<br \/>\nLa identidad corporativa tetradimensional<span class=\"Apple-converted-space\">\u00a0<\/span>en el dise\u00f1o televisivo<span class=\"Apple-converted-space\">\u00a0<\/span><\/p>\n<p><b><i>Jos\u00e9 Luis Aranguren<br \/>\n<\/i><\/b>Libertad, S\u00edmbolos y Comunicaci\u00f3n<span class=\"Apple-converted-space\">\u00a0<\/span><\/p>\n<p><b><i>Marshall McLuhan<br \/>\n<\/i><\/b>La violencia de los medios<span class=\"Apple-converted-space\">\u00a0<\/span><\/p>\n<p><b><i>Umberto Eco<br \/>\n<\/i><\/b>Los sistemas de comunicaci\u00f3n, el negocio m\u00e1s importante de nuestra \u00e9poca<br \/>\nImagen y Poder<span class=\"Apple-converted-space\">\u00a0<\/span><\/p>\n<p><b><i>Edgar Morin<br \/>\n<\/i><\/b>Nuevas corrientes en el estudio de los medios de comunicaci\u00f3n masiva<span class=\"Apple-converted-space\">\u00a0<\/span><\/p>\n<p><b><i>Alain Maurech-Siman<br \/>\n<\/i><\/b>La representaci\u00f3n en Geopol\u00edtica<span class=\"Apple-converted-space\">\u00a0<\/span><\/p>\n<p><b><i>Elizabeth Rohmer<br \/>\n<\/i><\/b>Una fenomenolog\u00eda de los actos<span class=\"Apple-converted-space\">\u00a0<\/span><\/p>\n<p><b><i>Joan Costa<br \/>\n<\/i><\/b>Universidad, Empresa y Sociedad: el DirCom<span class=\"Apple-converted-space\">\u00a0<\/span><\/p>\n<p>&nbsp;<\/p>\n<p><span class=\"Apple-converted-space\">SOBRE EL AUTOR<br \/>\n<\/span><strong>Joan Costa<\/strong> es autodidacta y se define como librepensador y francotirador. Es dise\u00f1ador, soci\u00f3logo, comunic\u00f3logo y metod\u00f3logo. A finales de los \u201960 crea la primera Consultora en Imagen y Comunicaci\u00f3n e inicia sus colaboraciones con empresas y universidades de Europa y Am\u00e9rica. En los a\u00f1os \u201980 crea y dirige la primera Enciclopedia del Dise\u00f1o, con 12 vol\u00famenes, entre ellos Se\u00f1al\u00e9tica e Imagen Global que aportan conceptos, teor\u00eda y metodolog\u00eda y se afirman como disciplinas de dise\u00f1o. En 1999 publica en M\u00e9xico el Manifiesto por el Dise\u00f1o del siglo XXI, un a\u00f1o antes del c\u00e9lebre First Things First Manifesto 2000. Sus aportes pioneros en Esquem\u00e1tica, la ciencia de los esquemas (1998) y Esquematismo (2019) son las obras de referencia en esta nueva disciplina. Su actual trabajo en Cientigraf\u00eda integra la imaginer\u00eda cient\u00edfica en una categor\u00eda espec\u00edfica de la comunicaci\u00f3n visual. Costa ha dado contenido pragm\u00e1tico-cient\u00edfico y modelos de gesti\u00f3n a la disciplina de Direcci\u00f3n de Comunicaci\u00f3n, DirCom. Es autor de 50 libros sobre Imagen, Comunicaci\u00f3n, Dise\u00f1o e Innovaci\u00f3n. Doctor Honoris causa en Espa\u00f1a, Argentina y Per\u00fa. Actualmente centra su actividad en los cursos, investigaciones y publicaciones desde Joan Costa Institute.<\/p>\n","protected":false},"excerpt":{"rendered":"<p><span style=\"color: #ff0000;\"><span style=\"color: #000000;\">Autor:<\/span> Joan Costa<\/span><\/p>\n<p><b>Una obra de antolog\u00eda <\/b><\/p>\n<p>10 de los principales fundadores y divulgadores de la Ciencia de la Comunicaci\u00f3n y de la Informaci\u00f3n, de la imagen p\u00fablica, la Semi\u00f3tica, la Sociolog\u00eda y del estudio de los media tecnol\u00f3gicos de difusi\u00f3n son reunidos excepcionalmente en esta obra antol\u00f3gica.<\/p>\n<p>Los 17 ensayos seleccionados aqu\u00ed ya forman parte del ADN cultural de nuestra sociedad del conocimiento. Sus ideas est\u00e1n ya inscritas, no s\u00f3lo en el corpus te\u00f3rico global contempor\u00e1neo, sino tambi\u00e9n en la praxis de la estrategia y la gesti\u00f3n de las comunicaciones empresariales e institucionales.<\/p>\n<p>&nbsp;<\/p>\n<p>\u00b7 ISBN: 978-84-614-3476-3<br \/>\n\u00b7 Medidas: 17 x 24 cm<br \/>\n\u00b7 P\u00e1ginas: 200<br \/>\n\u00b7 Encuadernaci\u00f3n: R\u00fastica<br \/>\n\u00b7 Impresi\u00f3n interior: ByN<\/p>\n","protected":false},"featured_media":56076,"comment_status":"open","ping_status":"closed","template":"","meta":[],"product_cat":[9895,7313],"product_tag":[9730,9642,9641],"jetpack_sharing_enabled":true,"_links":{"self":[{"href":"https:\/\/www.experimenta.es\/tienda\/wp-json\/wp\/v2\/product\/56067"}],"collection":[{"href":"https:\/\/www.experimenta.es\/tienda\/wp-json\/wp\/v2\/product"}],"about":[{"href":"https:\/\/www.experimenta.es\/tienda\/wp-json\/wp\/v2\/types\/product"}],"replies":[{"embeddable":true,"href":"https:\/\/www.experimenta.es\/tienda\/wp-json\/wp\/v2\/comments?post=56067"}],"wp:featuredmedia":[{"embeddable":true,"href":"https:\/\/www.experimenta.es\/tienda\/wp-json\/wp\/v2\/media\/56076"}],"wp:attachment":[{"href":"https:\/\/www.experimenta.es\/tienda\/wp-json\/wp\/v2\/media?parent=56067"}],"wp:term":[{"taxonomy":"product_cat","embeddable":true,"href":"https:\/\/www.experimenta.es\/tienda\/wp-json\/wp\/v2\/product_cat?post=56067"},{"taxonomy":"product_tag","embeddable":true,"href":"https:\/\/www.experimenta.es\/tienda\/wp-json\/wp\/v2\/product_tag?post=56067"}],"curies":[{"name":"wp","href":"https:\/\/api.w.org\/{rel}","templated":true}]}}