{"id":56173,"date":"2019-10-02T17:32:05","date_gmt":"2019-10-02T15:32:05","guid":{"rendered":"https:\/\/www.experimenta.es\/tienda\/?post_type=product&#038;p=56173"},"modified":"2024-02-12T11:49:05","modified_gmt":"2024-02-12T10:49:05","slug":"grupo-13-publicidad-entre-el-arte-y-el-diseno","status":"publish","type":"product","link":"https:\/\/www.experimenta.es\/tienda\/producto\/grupo-13-publicidad-entre-el-arte-y-el-diseno\/","title":{"rendered":"Grupo 13. Publicidad entre el arte y el dise\u00f1o"},"content":{"rendered":"<p>En 1961 un grupo de j\u00f3venes dise\u00f1adores gr\u00e1ficos, unidos\u00a0en Madrid bajo la denominaci\u00f3n de Grupo 13, actuaron de\u00a0un modo no convencional con la intenci\u00f3n de transgredir\u00a0el lenguaje publicitario, consiguiendo con ello una\u00a0notabilidad en la esfera p\u00fablica, al crear muchas de las\u00a0im\u00e1genes que nos acompa\u00f1aron a trav\u00e9s de los medios\u00a0de comunicaci\u00f3n de la \u00e9poca, en m\u00faltiples \u00e1mbitos del\u00a0consumo en la vida cotidiana.<br \/>\nConformado inicialmente por nueve miembros, directores\u00a0de arte de agencias de publicidad de Madrid, a los que se\u00a0unieron diez m\u00e1s en 1963: 19 autores para un grupo que\u00a0emple\u00f3 el n\u00famero 13 en su imagen de marca, en un\u00a0momento en el que se muestra una inquietud por\u00a0desarrollar la profesi\u00f3n del dise\u00f1ador gr\u00e1fico en la\u00a0publicidad emergente y combinar su labor con la\u00a0producci\u00f3n editorial, la ilustraci\u00f3n e incluso la creaci\u00f3n\u00a0art\u00edstica m\u00e1s personal. La \u00faltima acci\u00f3n conjunta del\u00a0Grupo 13 tuvo lugar en 1978.<\/p>\n<p>&nbsp;<\/p>\n<p><span class=\"Apple-converted-space\">SOBRE EL AUTOR<br \/>\n<\/span><strong>Javier Gonz\u00e1lez Solas<\/strong> fue profesor en la Facultad\u00a0de Ciencias de la Informaci\u00f3n de la Universidad\u00a0Complutense (1981-2014), donde ha impartido Teor\u00eda\u00a0General de la Imagen, Comunicaci\u00f3n e Informaci\u00f3n\u00a0Audiovisual, Identidad Visual Corporativa,\u00a0Introducci\u00f3n al Dise\u00f1o, Dise\u00f1o Gr\u00e1fico e Historia de\u00a0la Comunicaci\u00f3n Publicitaria. Ha sido director del\u00a0TDGP (Taller de Dise\u00f1o Gr\u00e1fico Permanente), y de\u00a0jornadas, cursos y un programa de radio sobre\u00a0dise\u00f1o (C\u00edrculo de Bellas Artes, Madrid).\u00a0Ha publicado monograf\u00edas y art\u00edculos sobre\u00a0audiencia de radio, servicios sociales b\u00e1sicos,\u00a0h\u00e1bitos tur\u00edsticos, identidad visual corporativa, graffitti,\u00a0cr\u00edtica y sociolog\u00eda del dise\u00f1o. Libros y art\u00edculos\u00a0publicados recogidos en Dialnet. Ha sido miembro<br \/>\ndel BEDA (Bureau of European Designers\u00a0Associations) (2000-2014), socio de AEPD\u00a0(Asociaci\u00f3n Espa\u00f1ola de Profesionales del Dise\u00f1o),\u00a0socio fundador de di-mad (Asociaci\u00f3n Dise\u00f1adores\u00a0Madrid) y colaborador del estudio La F\u00e1brica de\u00a0Dise\u00f1o (1983-2014). Su \u00faltima publicaci\u00f3n, Grupo 13:\u00a0publicitarios entre el arte y el dise\u00f1o, ha sido motivo de\u00a0la exposici\u00f3n hom\u00f3nima en el Museo Nacional de\u00a0Artes Decorativas.<\/p>\n","protected":false},"excerpt":{"rendered":"<p align=\"JUSTIFY\"><em>Autor: <span style=\"color: #ff0000;\">Javier Gonz\u00e1lez Solas<\/span><\/em><\/p>\n<p style=\"text-align: left;\" align=\"JUSTIFY\"><strong>Grupo 13: publicidad entre el arte y el dise\u00f1o<\/strong>, nos\u00a0permite mirar hacia la publicidad de la d\u00e9cada de los a\u00f1os\u00a060 en Espa\u00f1a, e implica fijar la mirada hacia la producci\u00f3n\u00a0y los miembros del Grupo 13, cuya iniciativa en el campo\u00a0publicitario ha merecido el reconocimiento desde el\u00a0\u00e1mbito de la cultura.<\/p>\n<p style=\"text-align: left;\" align=\"JUSTIFY\">Esta obra es el cat\u00e1logo de la exposici\u00f3n <strong>Grupo 13.\u00a0Publicidad entre el arte y el dise\u00f1o<\/strong>, comisariada por\u00a0<strong>Javier Gonz\u00e1lez Solas<\/strong>, que muestra una panor\u00e1mica de\u00a0su producci\u00f3n y de sus acciones. Recorre un arco\u00a0temporal que llega hasta hoy, enlazando la historia de la\u00a0publicidad y del dise\u00f1o con la situaci\u00f3n actual de ambas\u00a0disciplinas, con el prop\u00f3sito de suscitar una reflexi\u00f3n\u00a0cr\u00edtica sobre las similitudes conceptuales entre el pasado\u00a0y el presente.<\/p>\n<p>\u00b7 ISBN: 978-84-949296-9-4<br \/>\n\u00b7 Medidas: \u00a023 x 26,5 cm<br \/>\n\u00b7 P\u00e1ginas: 252<br \/>\n\u00b7 Encuadernaci\u00f3n: R\u00fastica<br \/>\n\u00b7 Impresi\u00f3n interior: color<\/p>\n","protected":false},"featured_media":56174,"comment_status":"open","ping_status":"closed","template":"","meta":[],"product_cat":[9897,9892,7313],"product_tag":[9764,9591,9641,9765,9761],"jetpack_sharing_enabled":true,"_links":{"self":[{"href":"https:\/\/www.experimenta.es\/tienda\/wp-json\/wp\/v2\/product\/56173"}],"collection":[{"href":"https:\/\/www.experimenta.es\/tienda\/wp-json\/wp\/v2\/product"}],"about":[{"href":"https:\/\/www.experimenta.es\/tienda\/wp-json\/wp\/v2\/types\/product"}],"replies":[{"embeddable":true,"href":"https:\/\/www.experimenta.es\/tienda\/wp-json\/wp\/v2\/comments?post=56173"}],"wp:featuredmedia":[{"embeddable":true,"href":"https:\/\/www.experimenta.es\/tienda\/wp-json\/wp\/v2\/media\/56174"}],"wp:attachment":[{"href":"https:\/\/www.experimenta.es\/tienda\/wp-json\/wp\/v2\/media?parent=56173"}],"wp:term":[{"taxonomy":"product_cat","embeddable":true,"href":"https:\/\/www.experimenta.es\/tienda\/wp-json\/wp\/v2\/product_cat?post=56173"},{"taxonomy":"product_tag","embeddable":true,"href":"https:\/\/www.experimenta.es\/tienda\/wp-json\/wp\/v2\/product_tag?post=56173"}],"curies":[{"name":"wp","href":"https:\/\/api.w.org\/{rel}","templated":true}]}}