{"id":56504,"date":"2019-11-27T11:54:46","date_gmt":"2019-11-27T10:54:46","guid":{"rendered":"https:\/\/www.experimenta.es\/tienda\/?post_type=product&#038;p=56504"},"modified":"2026-04-29T05:37:51","modified_gmt":"2026-04-29T03:37:51","slug":"de-weimar-a-ulm-mito-y-realidad-de-la-bauhaus-1919-1972","status":"publish","type":"product","link":"https:\/\/www.experimenta.es\/tienda\/producto\/de-weimar-a-ulm-mito-y-realidad-de-la-bauhaus-1919-1972\/","title":{"rendered":"De Weimar a Ulm. Mito y realidad de la Bauhaus. 1919-1972"},"content":{"rendered":"<p>Su actividad entre 1919 y 1933 fue el fundamento de un\u00a0elaborado relato que servir\u00eda de modelo a miles de\u00a0instituciones educativas deseosas de arrinconar la vieja\u00a0formaci\u00f3n acad\u00e9mica que perviv\u00eda en sus aulas desde\u00a0finales del siglo XIX.<\/p>\n<p>El renacimiento de la <strong>Bauhaus<\/strong> en la Rep\u00fablica Federal no\u00a0puede desvincularse del marco pol\u00edtico que supuso la\u00a0Guerra Fr\u00eda. Las dos Alemanias interpretaron ese legado\u00a0en un mismo sentido: la Bauhaus practicaba una\u00a0modernidad apol\u00edtica, s\u00edmbolo del sistema capitalista. Por\u00a0ese motivo, se dedica un amplio espacio a la Hochschule\u00a0f\u00fcr Gestaltung de Ulm que dar\u00eda forma en momentos\u00a0diferentes a las distintas herencias de la Bauhaus.<\/p>\n<p>La realidad de la escuela se insert\u00f3 en una construcci\u00f3n\u00a0cultural y fue objeto de una sistem\u00e1tica promoci\u00f3n durante\u00a0d\u00e9cadas. Esto es lo que hizo Walter Gropius a partir de\u00a01935. <strong>Gropius reescribir\u00eda, manipular\u00eda y adaptar\u00eda\u00a0hechos y testimonios y conseguir\u00eda fundir su propia\u00a0persona con la Bauhaus<\/strong>, y a la Bauhaus con la\u00a0modernidad del siglo XX.<\/p>\n<p>&nbsp;<\/p>\n<p><span class=\"Apple-converted-space\">SOBRE EL AUTOR<br \/>\n<\/span><strong>Eugenio Vega\u00a0<\/strong>(Madrid, 1961) es doctor en Bellas\u00a0Artes y doctor\u00a0en Ciencias de la Informaci\u00f3n por la Universidad\u00a0Complutense de Madrid.<\/p>\n<p>Ha ejercido la docencia en la Escuela de Arte 10, en la\u00a0Escuela Superior de Dise\u00f1o y en la Facultad de\u00a0Bellas Artes de la Universidad Complutense. Ha\u00a0impartido cursos de postgrado en las universidades\u00a0de Madrid y La Coru\u00f1a y ha dirigido tesis doctorales.<\/p>\n<p>Entre 2004 a 2012 fue director de la Escuela de Arte\u00a010 de Madrid. Particip\u00f3 en el desarrollo normativo de\u00a0la ense\u00f1anza del dise\u00f1o tras la incorporaci\u00f3n de\u00a0Espa\u00f1a al EEES. Por ese motivo fue elegido\u00a0evaluador por ANECA y otras agencias auton\u00f3micas\u00a0para la evaluaci\u00f3n y acreditaci\u00f3n de los t\u00edtulos de\u00a0postgrado de las ense\u00f1anzas art\u00edsticas superiores.<\/p>\n<p>En la actualidad preside la Confederaci\u00f3n de\u00a0Escuelas de Artes Pl\u00e1sticas y Dise\u00f1o. Es tambi\u00e9n\u00a0responsable de investigaci\u00f3n de Experimenta, con la\u00a0que colabora en la redacci\u00f3n de contenidos y en la\u00a0traducci\u00f3n de libros sobre historia y metodolog\u00eda del\u00a0dise\u00f1o. Ha publicado diversos estudios sobre la\u00a0relaci\u00f3n entre dise\u00f1o, educaci\u00f3n y pol\u00edtica, entre los\u00a0que cabe destacar Tiempos modernos, tiempos\u00a0dif\u00edciles, un ensayo sobre el papel del dise\u00f1o y la\u00a0comunicaci\u00f3n en la consolidaci\u00f3n del consumo.<\/p>\n","protected":false},"excerpt":{"rendered":"<p><span style=\"color: #ff0000;\"><span style=\"color: #000000;\">Autor:<\/span> Eugenio Vega<\/span><\/p>\n<p>Hace cien a\u00f1os abri\u00f3 sus puertas en Weimar un proyecto\u00a0de escuela ideado por <strong>Walter Gropius<\/strong> que recibir\u00eda el\u00a0nombre de Staatliche Bauhaus.\u00a0Este libro se ocupa de lo que aquella escuela fue\u00a0mientras estuvo abierta, pero tambi\u00e9n de lo que lleg\u00f3\u00a0a ser una vez clausurada.<\/p>\n<p><strong>Eugenio Vega nos ofrece una obra diferente, con una\u00a0mirada nueva sobre un fen\u00f3meno que a\u00fan hoy sigue\u00a0vigente. Un libro de enorme valor para investigadores,\u00a0profesionales y estudiantes, pero tambi\u00e9n para todo\u00a0lector interesado por la historia y el legado de\u00a0Bauhaus.<\/strong><\/p>\n<p>\u00b7 ISBN: 978-84-18049-09-5<br \/>\n\u00b7 Edici\u00f3n Experimenta Libros<br \/>\n\u00b7 Medidas: 16 x 23 cm<br \/>\n\u00b7 P\u00e1ginas: 348<br \/>\n\u00b7 Impresi\u00f3n interior: negro<br \/>\n\u00b7 Encuadernaci\u00f3n: r\u00fastica<\/p>\n<p><img loading=\"lazy\" decoding=\"async\" class=\"alignnone size-full wp-image-59785\" src=\"https:\/\/www.experimenta.es\/tienda\/wp-content\/uploads\/2021\/03\/logo-ministerio-dglfl-scaled.jpeg\" alt=\"logo Ministerio de Cultura y Deporte\" width=\"2560\" height=\"728\" srcset=\"https:\/\/www.experimenta.es\/tienda\/wp-content\/uploads\/2021\/03\/logo-ministerio-dglfl-scaled.jpeg 2560w, https:\/\/www.experimenta.es\/tienda\/wp-content\/uploads\/2021\/03\/logo-ministerio-dglfl-768x218.jpeg 768w, https:\/\/www.experimenta.es\/tienda\/wp-content\/uploads\/2021\/03\/logo-ministerio-dglfl-1536x437.jpeg 1536w, https:\/\/www.experimenta.es\/tienda\/wp-content\/uploads\/2021\/03\/logo-ministerio-dglfl-2048x583.jpeg 2048w, https:\/\/www.experimenta.es\/tienda\/wp-content\/uploads\/2021\/03\/logo-ministerio-dglfl-350x100.jpeg 350w, https:\/\/www.experimenta.es\/tienda\/wp-content\/uploads\/2021\/03\/logo-ministerio-dglfl-680x193.jpeg 680w\" sizes=\"(max-width: 2560px) 100vw, 2560px\" \/><\/p>\n<p><em>Esta obra ha recibido una ayuda a la edici\u00f3n del Ministerio de Cultura y Deporte<\/em><\/p>\n","protected":false},"featured_media":56512,"comment_status":"open","ping_status":"closed","template":"","meta":[],"product_cat":[9894,9892,7313],"product_tag":[9713,9730,9764,9591,9777,9641,9763,9762,9765,9771,9778],"jetpack_sharing_enabled":true,"_links":{"self":[{"href":"https:\/\/www.experimenta.es\/tienda\/wp-json\/wp\/v2\/product\/56504"}],"collection":[{"href":"https:\/\/www.experimenta.es\/tienda\/wp-json\/wp\/v2\/product"}],"about":[{"href":"https:\/\/www.experimenta.es\/tienda\/wp-json\/wp\/v2\/types\/product"}],"replies":[{"embeddable":true,"href":"https:\/\/www.experimenta.es\/tienda\/wp-json\/wp\/v2\/comments?post=56504"}],"wp:featuredmedia":[{"embeddable":true,"href":"https:\/\/www.experimenta.es\/tienda\/wp-json\/wp\/v2\/media\/56512"}],"wp:attachment":[{"href":"https:\/\/www.experimenta.es\/tienda\/wp-json\/wp\/v2\/media?parent=56504"}],"wp:term":[{"taxonomy":"product_cat","embeddable":true,"href":"https:\/\/www.experimenta.es\/tienda\/wp-json\/wp\/v2\/product_cat?post=56504"},{"taxonomy":"product_tag","embeddable":true,"href":"https:\/\/www.experimenta.es\/tienda\/wp-json\/wp\/v2\/product_tag?post=56504"}],"curies":[{"name":"wp","href":"https:\/\/api.w.org\/{rel}","templated":true}]}}