{"id":56843,"date":"2020-02-27T11:01:38","date_gmt":"2020-02-27T10:01:38","guid":{"rendered":"https:\/\/www.experimenta.es\/tienda\/?post_type=product&#038;p=56843"},"modified":"2023-10-02T12:38:19","modified_gmt":"2023-10-02T10:38:19","slug":"idiseno-edicion-especial-del-x-aniversario","status":"publish","type":"product","link":"https:\/\/www.experimenta.es\/tienda\/producto\/idiseno-edicion-especial-del-x-aniversario\/","title":{"rendered":"i+Dise\u00f1o &#8211; Edici\u00f3n especial del X Aniversario"},"content":{"rendered":"<p>Esta edici\u00f3n impresa recoge destacados art\u00edculos de sus principales colaboradores, y asesores de su comit\u00e9 cient\u00edfico, con nombres como Joan Costa, Raquel Pelta, Pepe Gimeno, Valeria Buchetti, Eleonora Lupo, o su director Sebasti\u00e1n Garc\u00eda Garrido. La presentaci\u00f3n se inicia con una cr\u00f3nica amplia de la celebraci\u00f3n de los 25 a\u00f1os de los Premios Nacionales de Dise\u00f1o, por su responsable Marcelo Leslabay, y se incluye un art\u00edculo impresionante de un maestro de la experimentaci\u00f3n en dise\u00f1o como es Pepe Gimeno. Adem\u00e1s, de un art\u00edculo sobre una exposici\u00f3n virtual de dise\u00f1o industrial para celebrar este aniversario (<a href=\"http:\/\/www.museodiseno.org\">www.museodiseno.org<\/a>) y una gran cantidad de contenido dedicado a los aspectos m\u00e1s destacados y avanzados del Dise\u00f1o: el co-dise\u00f1o, el desarrollo de proyectos en el \u00e1mbito social, dise\u00f1o y territorio, o la necesidad de una formaci\u00f3n creativa y art\u00edstica para la formaci\u00f3n previa de los futuros cient\u00edficos e ingenieros, tal y como reclaman hoy las universidades norteamericanas de mayor prestigio en el mundo.<\/p>\n<p>La revista naci\u00f3 a partir de la necesidad de dotar de una componente de investigaci\u00f3n, b\u00e1sica y aplicada, al amplio y complejo campo de conocimiento del Dise\u00f1o, en los sectores de la gr\u00e1fica y comunicaci\u00f3n \u2014en los soportes materiales y digitales\u2014, el sector del dise\u00f1o industrial y de producto, el dise\u00f1o del entorno y decoraci\u00f3n, y en menos proporci\u00f3n sectores como la moda y otras especializaciones.<span class=\"Apple-converted-space\">\u00a0<\/span><\/p>\n","protected":false},"excerpt":{"rendered":"<p><b>Revista internacional de investigaci\u00f3n, innovaci\u00f3n y desarrollo en Dise\u00f1o<\/b><\/p>\n<p><b>Edici\u00f3n especial del X Aniversario de su creaci\u00f3n <\/b>en el \u00e1mbito de los territorios que representan en mayor medida la asimilaci\u00f3n de la cultura cl\u00e1sica del Mediterr\u00e1neo, Espa\u00f1a, Italia, Portugal e Iberoam\u00e9rica.<\/p>\n<div class=\"page\" title=\"Page 4\">\n<div class=\"layoutArea\">\n<div class=\"column\">\n<p>\u00b7 Edici\u00f3n: febrero 2020<br \/>\n\u00b7 ISSN:\u00a01889-433X<br \/>\n\u00b7 Medidas: 21 x 27 x 1,1 cm<br \/>\n\u00b7 P\u00e1ginas: 200<\/p>\n<\/div>\n<\/div>\n<\/div>\n","protected":false},"featured_media":56844,"comment_status":"open","ping_status":"closed","template":"","meta":[],"product_cat":[7311],"product_tag":[9732,9730,9764,9735,9638,9591,9777,9748,9707,9708,9714,9762,9778],"jetpack_sharing_enabled":true,"_links":{"self":[{"href":"https:\/\/www.experimenta.es\/tienda\/wp-json\/wp\/v2\/product\/56843"}],"collection":[{"href":"https:\/\/www.experimenta.es\/tienda\/wp-json\/wp\/v2\/product"}],"about":[{"href":"https:\/\/www.experimenta.es\/tienda\/wp-json\/wp\/v2\/types\/product"}],"replies":[{"embeddable":true,"href":"https:\/\/www.experimenta.es\/tienda\/wp-json\/wp\/v2\/comments?post=56843"}],"wp:featuredmedia":[{"embeddable":true,"href":"https:\/\/www.experimenta.es\/tienda\/wp-json\/wp\/v2\/media\/56844"}],"wp:attachment":[{"href":"https:\/\/www.experimenta.es\/tienda\/wp-json\/wp\/v2\/media?parent=56843"}],"wp:term":[{"taxonomy":"product_cat","embeddable":true,"href":"https:\/\/www.experimenta.es\/tienda\/wp-json\/wp\/v2\/product_cat?post=56843"},{"taxonomy":"product_tag","embeddable":true,"href":"https:\/\/www.experimenta.es\/tienda\/wp-json\/wp\/v2\/product_tag?post=56843"}],"curies":[{"name":"wp","href":"https:\/\/api.w.org\/{rel}","templated":true}]}}