{"id":56894,"date":"2020-03-16T00:16:44","date_gmt":"2020-03-15T23:16:44","guid":{"rendered":"https:\/\/www.experimenta.es\/tienda\/?post_type=product&#038;p=56894"},"modified":"2024-03-12T14:02:06","modified_gmt":"2024-03-12T13:02:06","slug":"moda-economia-y-sociedad","status":"publish","type":"product","link":"https:\/\/www.experimenta.es\/tienda\/producto\/moda-economia-y-sociedad\/","title":{"rendered":"Moda, econom\u00eda y sociedad"},"content":{"rendered":"<p>La lectura r\u00e1pida de cualquier revista de actualidad nos revela la existencia de un mundo del lujo y de la sofisticaci\u00f3n que es entregado a un p\u00fablico masivo que aspira integrarse a \u00e9l. Este impulso inspiraci\u00f3n al llega a trav\u00e9s de los contenidos y de las p\u00e1ginas de publicidad. El ideal de esta vida ostentosa tiene su punto de lanza: la moda.<\/p>\n<p>De ah\u00ed que sea leg\u00edtimo interrogarse: \u00bfqu\u00e9 vinculaci\u00f3n existe entre el dinero y la moda? \u00bfQu\u00e9 nos revela el consumo? \u00bfQu\u00e9 nos dice de qui\u00e9n compra y persigue objetos de moda? \u00bfEs nuestra \u00e9poca la \u00fanica que ha consolidado esa alianza entre moda y consumo, o es posible encontrar momentos hist\u00f3ricos de similar contextura? \u00bfQu\u00e9 autores podr\u00edan colaborar con este proceso de indagaci\u00f3n?<\/p>\n<p>Focaliz\u00e1ndose en los tres per\u00edodos (la Belle \u00c9poque, los a\u00f1os \u201920 y en la \u00e9poca actual), este libro explora los principales acontecimientos para un estudio referente al consumo ostensible, siempre reconociendo que la moda es una de las expresiones culturales de una sociedad.<\/p>\n<p>Se trata, pues, de ofrecer un aporte que facilite comprender el comportamiento de consumo de lujo en la sociedad, como as\u00ed tambi\u00e9n el valor que tiene en el \u00e1mbito de la cultura y su grado de relevancia para un estudio de la comunicaci\u00f3n social.<\/p>\n<p>&nbsp;<\/p>\n<p><span class=\"Apple-converted-space\">SOBRE LA AUTORA<br \/>\n<\/span><strong>Marcia Veneziani.<\/strong> Doctora en Comunicaci\u00f3n Social y Licenciada en Publicidad (USAL). Profesora de la Universidad de Palermo en el \u00c1rea de Investigaci\u00f3n y Producci\u00f3n de la Facultad de Dise\u00f1o y Comunicaci\u00f3n. Es autora de los libros \u00abLa Imagen de la Moda \u00ab, y de \u00abModa, Econom\u00eda y Sociedad \u00ab. Coordina publicaciones acad\u00e9micas internacionales con la Universidad de Palermo y la Universit\u00e0 di Bologna (a\u00f1o 2013), y Parsons The New School for Design (desde el a\u00f1o 2012 a la actualidad), entre otras. Especialista en temas de comportamiento de Moda y Consumo. Miembro del Comit\u00e9 Editorial de la Revista ZoneModa Journal, dedicada a los estudios de moda en Italia, Universit\u00e0 di Bologna, Italia, desde julio de 2013. Sus libros y ensayos acad\u00e9micos se encuentran incorporados como material de consulta para investigadores en el cat\u00e1logo de bibliotecas de los Estados Unidos de Norteam\u00e9rica y otros pa\u00edses de Europa y Latinoam\u00e9rica. Entre otras: Library of Congress, Princeton University, Widener Library of Harvard University, Biblioteca Nacional de Suecia; Universidad Complutense de Madrid, Universidad del Pa\u00eds Vasco, Consejo Superior de Investigaciones Cient\u00edficas, Universidad de Granada, Universidad de Navarra, Red de Bibliotecas del Tecnol\u00f3gico de Monterrey, Universidad de Guadalajara y Universidad Aut\u00f3noma de M\u00e9xico. Forma parte del Cuerpo Acad\u00e9mico del Doctorado en Dise\u00f1o, de la Maestr\u00eda en Gesti\u00f3n del Dise\u00f1o y del Equipo de Evaluaci\u00f3n de Proyectos de Graduaci\u00f3n. Miembro del Plenario de la Comisi\u00f3n de Posgrado DC. Directora de las Jornadas de Moda y Pensamiento: \u00abHipermoda\u201d. Fundaci\u00f3n Ortega y Gasset Argentina (2015) Ha sido Profesora Titular en la Maestr\u00eda en Comercializaci\u00f3n y Comunicaci\u00f3n Publicitaria en otras Universidades. A cargo de la investigaci\u00f3n del Proyecto \u201cPertenencias. Narraciones Textiles de Mujeres Migrantes del Hemisferio Sur \u00aben el MAP (Museo de Arte Popular Jos\u00e9 Hern\u00e1ndez CABA), ganador del Premio \u00abMaleta Abierta \u00bb del Programa Iber-Rutas junto a la Secretar\u00eda General Iberoamericana (SEGIB).<\/p>\n","protected":false},"excerpt":{"rendered":"<p><span style=\"color: #ff0000;\"><span style=\"color: #000000;\">Autor:\u00a0<span style=\"color: #ff0000;\">Marcia Veneziani<\/span><\/span><\/span><\/p>\n<p>\u00bfQu\u00e9 vinculaci\u00f3n existe entre el dinero y la moda? \u00bfQu\u00e9 nos revela el consumo ostentoso acerca del ser humano que lo ejecuta y de los objetos que lo provocan? \u00bfEs nuestra \u00e9poca la \u00fanica que ha consolidado esa alianza entre moda y consumo, o es posible encontrar momentos hist\u00f3ricos de similar contextura? \u00bfQu\u00e9 autores podr\u00edan colaborar con este proceso de indagaci\u00f3n?<\/p>\n<p>&nbsp;<\/p>\n<p>\u00b7 ISBN: 978-84-18049-17-0<br \/>\n\u00b7 Coedici\u00f3n 2020. Experimenta Libros \/ Nobuko<br \/>\n\u00b7 Medidas: 14,5 x 20,5 cm<br \/>\n\u00b7 P\u00e1ginas: 176<br \/>\n\u00b7 Impresi\u00f3n interior: negro<br \/>\n\u00b7 Encuadernaci\u00f3n: r\u00fastica<\/p>\n","protected":false},"featured_media":56902,"comment_status":"open","ping_status":"closed","template":"","meta":[],"product_cat":[9892,9898,7313],"product_tag":[9764,9641,9763,9762,9771,9785,9786,9778],"jetpack_sharing_enabled":true,"_links":{"self":[{"href":"https:\/\/www.experimenta.es\/tienda\/wp-json\/wp\/v2\/product\/56894"}],"collection":[{"href":"https:\/\/www.experimenta.es\/tienda\/wp-json\/wp\/v2\/product"}],"about":[{"href":"https:\/\/www.experimenta.es\/tienda\/wp-json\/wp\/v2\/types\/product"}],"replies":[{"embeddable":true,"href":"https:\/\/www.experimenta.es\/tienda\/wp-json\/wp\/v2\/comments?post=56894"}],"wp:featuredmedia":[{"embeddable":true,"href":"https:\/\/www.experimenta.es\/tienda\/wp-json\/wp\/v2\/media\/56902"}],"wp:attachment":[{"href":"https:\/\/www.experimenta.es\/tienda\/wp-json\/wp\/v2\/media?parent=56894"}],"wp:term":[{"taxonomy":"product_cat","embeddable":true,"href":"https:\/\/www.experimenta.es\/tienda\/wp-json\/wp\/v2\/product_cat?post=56894"},{"taxonomy":"product_tag","embeddable":true,"href":"https:\/\/www.experimenta.es\/tienda\/wp-json\/wp\/v2\/product_tag?post=56894"}],"curies":[{"name":"wp","href":"https:\/\/api.w.org\/{rel}","templated":true}]}}