{"id":57797,"date":"2020-11-30T13:36:42","date_gmt":"2020-11-30T12:36:42","guid":{"rendered":"https:\/\/www.experimenta.es\/tienda\/?post_type=product&#038;p=57797"},"modified":"2023-10-02T12:38:22","modified_gmt":"2023-10-02T10:38:22","slug":"responsabilidad-en-la-comunicacion-estrategica-epub","status":"publish","type":"product","link":"https:\/\/www.experimenta.es\/tienda\/producto\/responsabilidad-en-la-comunicacion-estrategica-epub\/","title":{"rendered":"Responsabilidad en la Comunicaci\u00f3n Estrat\u00e9gica (EPUB)"},"content":{"rendered":"<p>En un nivel in\u00e9dito en la historia, ha pasado a primer plano la reivindicaci\u00f3n del yo, el culto al cuerpo, la aspiraci\u00f3n a una imagen de belleza y juventud, el inter\u00e9s por la prevenci\u00f3n de enfermedades, un envejecimiento saludable y la idea de cuidarse y quererse a s\u00ed mismos.<\/p>\n<p>En este contexto han proliferado en el mercado los alimentos funcionales, aquellos que prometen tener caracter\u00edsticas especiales que contribuyen al cuidado de la salud.<\/p>\n<p>\u00bfSe trata de un beneficio real o de una gigantesca operaci\u00f3n de marketing por parte de la industria alimentaria? \u00bfLas investigaciones cient\u00edficas que respaldan a estos productos son fiables y objetivas? \u00bfLas marcas importantes est\u00e1n consiguiendo credibilidad en estas l\u00edneas de productos? \u00bfQu\u00e9 piensan y sienten los consumidores ante las promesas de estos alimentos?<\/p>\n<p>Para las empresas del sector alimentario, es un complicado escenario de oportunidades y de riesgos.<\/p>\n<p>La comunicaci\u00f3n ha pasado a ser el campo de batalla en el que se est\u00e1 jugando la realidad de esta nueva era. Nos encontramos con una avalancha de art\u00edculos period\u00edsticos y anuncios publicitarios que resaltan las virtudes saludables de estos productos, y tambi\u00e9n hay voces que denuncian el fen\u00f3meno como un timo, que se aprovecha de la credulidad de los consumidores y de su preocupaci\u00f3n por la salud. En este tema no tiene aplicaci\u00f3n la r\u00edgida l\u00f3gica bivalente que opone verdad-falsedad. Es necesario prestar atenci\u00f3n a los matices y a las particularidades de cada caso que se valore.<\/p>\n<p>Los modelos lineales de las teor\u00edas de la comunicaci\u00f3n y las ideas conspiranoicas de la manipulaci\u00f3n no son adecuadas para entender estos fen\u00f3menos. Es m\u00e1s apropiado pensar la comunicaci\u00f3n como un ecosistema, en el que se entrecruzan los intereses industriales, los avances cient\u00edficos y tecnol\u00f3gicos, la realidad de los medios de comunicaci\u00f3n, las demandas de los consumidores y la responsabilidad social empresarial.<\/p>\n<p>La comunicaci\u00f3n de las empresas y las instituciones debe acentuar su car\u00e1cter estrat\u00e9gico, prestando m\u00e1s atenci\u00f3n que nunca a su responsabilidad social. De esto depende en buena medida la reputaci\u00f3n y la sostenibilidad de este importante sector empresarial.<\/p>\n<p>Una comunicaci\u00f3n eficiente, estrat\u00e9gica y responsable es, una vez m\u00e1s, la gran protagonista de uno de los fen\u00f3menos que est\u00e1n transformando la realidad.<\/p>\n<p>\u00c9ste es un libro fundamental para entender esta nueva realidad, en la que la comunicaci\u00f3n de las empresas y las instituciones debe acentuar su car\u00e1cter estrat\u00e9gico, prestando m\u00e1s atenci\u00f3n que nunca a su responsabilidad social.<\/p>\n<p>&nbsp;<\/p>\n<p>SOBRE EL AUTOR<br \/>\n<strong>Guillermo Bosovsky<\/strong> es Doctor en Ciencias de la Comunicaci\u00f3n, Licenciado en Psicolog\u00eda, M\u00e1ster en Marketing Profesional, M\u00e1ster en Nuevas Tendencias y Procesos de Innovaci\u00f3n en Comunicaci\u00f3n.<br \/>\nEspecializado en investigaci\u00f3n y consultor\u00eda estrat\u00e9gica. Director de DOXA, S.A., ha dirigido m\u00e1s de 400 proyectos para grandes empresas, instituciones, consultoras y agencias de publicidad.<br \/>\nProfesor y conferenciante en universidades y escuelas superiores de negocios de Espa\u00f1a y de Latinoam\u00e9rica.<br \/>\nMiembro del Comit\u00e9 Consultivo de la Red DirCom Iberoamericana, socio de la Asociaci\u00f3n DIRCOM de Espa\u00f1a, socio de la Asociaci\u00f3n de Marketing de Espa\u00f1a, socio de INSIGHTS + ANALYTICS Espa\u00f1a, la Comunidad de Market Research y Data Science, socio de la Asociaci\u00f3n Espa\u00f1ola de Investigaci\u00f3n de la Comunicaci\u00f3n.<br \/>\nHa sido Secretario General de la Federaci\u00f3n Espa\u00f1ola de Marketing, vicepresidente 1\u00ba del Club de Dirigentes de Marketing de Madrid, miembro del Consejo de Gobierno de la Asociaci\u00f3n de Marketing de Espa\u00f1a.<br \/>\nEs propulsor de un modelo de trabajo que aplica principios de inteligencia colaborativa en la investigaci\u00f3n y la participaci\u00f3n de los p\u00fablicos para la planificaci\u00f3n de estrategias y el desarrollo de proyectos en los campos de la comunicaci\u00f3n, el marketing, el branding, el dise\u00f1o de servicios y la innovaci\u00f3n.<\/p>\n","protected":false},"excerpt":{"rendered":"<p><a href=\"https:\/\/www.experimenta.es\/tienda\/producto\/responsabilidad-en-la-comunicacion-estrategica\/\">*Tambi\u00e9n puedes comprar este libro en papel<\/a><\/p>\n<p>Autor: <span style=\"color: #ff0000;\">Guillermo Bosovsky<\/span><\/p>\n<p>\u00c9ste es un libro fundamental para entender la nueva realidad, en la que la comunicaci\u00f3n de las empresas y las instituciones debe acentuar su car\u00e1cter estrat\u00e9gico, prestando m\u00e1s atenci\u00f3n que nunca a su responsabilidad social.<\/p>\n<p>Puedes comprar este EPUB en: Amazon, Apple Books, Casa Del Libro, El Corte Ingl\u00e9s, Indigo, Kobo, Livraria Cultura, Per\u00fa eBooks, Siglo del Hombre, Tagusbooks&#8230;<br \/>\nAmazon: <a href=\"http:\/\/www.amazon.es\/gp\/product\/B08LNMVV1Q\/ref=as_li_tl?ie=UTF8&amp;creativeASIN=B08LNMVV1Q&amp;linkCode=as2]\">Espa\u00f1a<\/a>\u00a0| <a href=\"http:\/\/www.amazon.com\/gp\/product\/B08LNMVV1Q\/ref=as_li_tl?ie=UTF8&amp;creativeASIN=B08LNMVV1Q&amp;linkCode=as2]\">Estados Unidos<\/a>\u00a0| <a href=\"http:\/\/www.amazon.com.mx\/gp\/product\/B08LNMVV1Q\/ref=as_li_tl?ie=UTF8&amp;creativeASIN=B08LNMVV1Q&amp;linkCode=as2]\">Mexico<\/a><br \/>\nApple Books: <a href=\"http:\/\/itunes.apple.com\/es\/book\/id1536911182\">Espa\u00f1a<\/a>\u00a0| <a href=\"http:\/\/itunes.apple.com\/us\/book\/id1536911182\">Estados Unidos<\/a>\u00a0| <a href=\"http:\/\/itunes.apple.com\/mx\/book\/id1536911182\">Mexico<\/a><br \/>\n<a href=\"https:\/\/www.casadellibro.com\/ebook-responsabilidad-en-la-comunicacion-estrategica-ebook\/9788418049354\/11846704\">La Casa del Libro<\/a><br \/>\n<a href=\"https:\/\/www.elcorteingles.es\/ebooks\/tagus-9788418049354-responsabilidad-en-la-comunicacion-estrategica-ebook\/\">El Corte Ingl\u00e9s<\/a><\/p>\n<ul class=\"a-unordered-list a-nostyle a-vertical a-spacing-none detail-bullet-list\">\n<li><span class=\"a-list-item\"><span class=\"a-text-bold\">Idioma:\u00a0<\/span>Espa\u00f1ol<\/span><\/li>\n<li>ISBN: 9788418049354<\/li>\n<li><span class=\"a-list-item\"><span class=\"a-text-bold\">Editorial : <\/span>Experimenta Libros<\/span><\/li>\n<li>Formato: EPUB con DRM<\/li>\n<li><span class=\"a-list-item\"><span class=\"a-text-bold\">Tipograf\u00eda mejorada : <\/span>Activado<\/span><\/li>\n<li>Interior: Con im\u00e1genes a color<\/li>\n<\/ul>\n","protected":false},"featured_media":58205,"comment_status":"open","ping_status":"closed","template":"","meta":[],"product_cat":[9895,9801,9896],"product_tag":[9730,9764,9642,9641,9770,9763,9762,9790,9771,9786,9778],"jetpack_sharing_enabled":true,"_links":{"self":[{"href":"https:\/\/www.experimenta.es\/tienda\/wp-json\/wp\/v2\/product\/57797"}],"collection":[{"href":"https:\/\/www.experimenta.es\/tienda\/wp-json\/wp\/v2\/product"}],"about":[{"href":"https:\/\/www.experimenta.es\/tienda\/wp-json\/wp\/v2\/types\/product"}],"replies":[{"embeddable":true,"href":"https:\/\/www.experimenta.es\/tienda\/wp-json\/wp\/v2\/comments?post=57797"}],"wp:featuredmedia":[{"embeddable":true,"href":"https:\/\/www.experimenta.es\/tienda\/wp-json\/wp\/v2\/media\/58205"}],"wp:attachment":[{"href":"https:\/\/www.experimenta.es\/tienda\/wp-json\/wp\/v2\/media?parent=57797"}],"wp:term":[{"taxonomy":"product_cat","embeddable":true,"href":"https:\/\/www.experimenta.es\/tienda\/wp-json\/wp\/v2\/product_cat?post=57797"},{"taxonomy":"product_tag","embeddable":true,"href":"https:\/\/www.experimenta.es\/tienda\/wp-json\/wp\/v2\/product_tag?post=57797"}],"curies":[{"name":"wp","href":"https:\/\/api.w.org\/{rel}","templated":true}]}}