{"id":58280,"date":"2020-11-30T14:04:36","date_gmt":"2020-11-30T13:04:36","guid":{"rendered":"https:\/\/www.experimenta.es\/tienda\/?post_type=product&#038;p=58280"},"modified":"2025-03-08T16:48:23","modified_gmt":"2025-03-08T15:48:23","slug":"el-diseno-de-nosotros-mismos-una-lectura-filosofica-del-diseno-epub","status":"publish","type":"product","link":"https:\/\/www.experimenta.es\/tienda\/producto\/el-diseno-de-nosotros-mismos-una-lectura-filosofica-del-diseno-epub\/","title":{"rendered":"El dise\u00f1o de nosotros mismos. Una lectura filos\u00f3fica del dise\u00f1o. (EPUB)"},"content":{"rendered":"<p>El dise\u00f1o es una disciplina cargada de preguntas. Ontol\u00f3gicas, \u00e9ticas y est\u00e9ticas. Y una mirada filos\u00f3fica a la disciplina puede ayudar a responderlas. Las herramientas de la tradici\u00f3n filos\u00f3fica occidental pueden esclarecer muchas de esas preguntas.<\/p>\n<p>Pero, al mismo tiempo, el dise\u00f1o nos obliga a una nueva mirada a la realidad. A una nueva relaci\u00f3n con lo que hay. Porque configura eso que hay, el dise\u00f1o es capaz de hacernos preguntas que la filosof\u00eda a\u00fan no se ha planteado. El dise\u00f1o plantea nuevos retos ontol\u00f3gicos, \u00e9ticos y est\u00e9ticos.<\/p>\n<p>Recomendado especialmente para profesionales,\u00a0acad\u00e9micos y estudiantes de cualquier \u00e1rea del dise\u00f1o, la\u00a0comunicaci\u00f3n y la publicidad.<\/p>\n<p>&nbsp;<\/p>\n<p><span class=\"Apple-converted-space\">SOBRE EL AUTOR<br \/>\n<\/span><\/p>\n<p><strong>Luis Montero<\/strong>\u00a0naci\u00f3 en el 65. Estudi\u00f3 Publicidad y Filosof\u00eda y Letras. Ha vivido en Madrid, Nueva York, Londres, Fr\u00e1ncfort, Marrakech, Benar\u00e9s y ahora en Palma. Trabaj\u00f3 como Director Creativo en Tiempo\/BBDO, como Director de Planificaci\u00f3n Estrat\u00e9gica y Director de Usabilidad en Teknoland, fund\u00f3 The Cocktail y fue Chief Philosophy Officer en Soulsight. Con clientes como Movistar, Vodaphone, Santander, BBVA, Sabadell, Bankinter, Campofr\u00edo, Sodexo, Viesgo, Engie, IKEA, Mahou, AXA, etc. en proyectos en Espa\u00f1a, UE, UK, USA y Am\u00e9rica Latina e India.<\/p>\n<p>Particip\u00f3 en la primera antolog\u00eda sobre el futuro de las interfaces en castellano. Public\u00f3 los ensayos <em>Las pol\u00edticas del dise\u00f1o<\/em> y <em>Sobre eso que hoy llaman educaci\u00f3n<\/em>. Y las novelas sobre la construcci\u00f3n de la identidad: <em>Artr\u00f3podos, Feliz<\/em> <em>A\u00f1o Nuevo<\/em> y <em>Clon<\/em>. Ha escrito los tratados de ontotecnolog\u00eda <em>Mundo-hecho<\/em> y <em>Dejad que las m\u00e1quinas se acerquen a m\u00ed<\/em>. Ha dictado cursos sobre \u00e9tica, dise\u00f1o y tecnolog\u00eda en Instituto de Empresa, Miami Ad School, Tracor, Madrid Speculative Futures e Instituto Tramontana. Adem\u00e1s, es co-promotor de la iniciativa Tamagotchi, espacio de reflexi\u00f3n sobre el futuro mediado por la tecnolog\u00eda. Y ha colaborado en medios como El Pa\u00eds, El Economista o la revista El Estado Mental reflexionando sobre econom\u00eda pol\u00edtica y tecnolog\u00eda. Y, a veces, da charlas, \u00faltimamente sobre dos temas relacionados: el impacto de la tecnolog\u00eda en la sociedad y \u00c9tica, dise\u00f1o y tecnolog\u00eda.<\/p>\n","protected":false},"excerpt":{"rendered":"<p><a href=\"https:\/\/www.experimenta.es\/tienda\/producto\/el-diseno-de-nosotros-mismos-una-lectura-filosofica-del-diseno\/\">*Tambi\u00e9n puedes comprar este libro en papel<\/a><\/p>\n<p><span style=\"color: #ff0000;\"><span style=\"color: #000000;\">Autor:\u00a0Luis Montero<\/span><\/span><\/p>\n<p>\u00bfQu\u00e9 es el dise\u00f1o? \u00bfCu\u00e1l es el objeto de dise\u00f1o? \u00bfQu\u00e9 es el buen dise\u00f1o? \u00bfQu\u00e9 es el bien en el dise\u00f1o? \u00bfHay mal dise\u00f1o? \u00bfY mal en el dise\u00f1o?<\/p>\n<p>En <strong>\u201cEl dise\u00f1o de nosotros mismos\u201d, Luis Montero<\/strong> propone trazar ese puente bidireccional entre filosof\u00eda y dise\u00f1o. Entre el an\u00e1lisis te\u00f3rico de una pr\u00e1ctica que est\u00e1 cambiando el mundo y la reformulaci\u00f3n de las herramientas te\u00f3ricas desde la pr\u00e1ctica. Un libro para dise\u00f1adores con inquietudes humanistas y para pensadores con vocaci\u00f3n de impacto pr\u00e1ctico en el mundo.<\/p>\n<p>Un libro fundamental para abrir el debate sobre el significado del dise\u00f1o desde una perspectiva filos\u00f3fica y con una mirada que trae el pensamiento cl\u00e1sico al siglo XXI.<\/p>\n<p>Puedes comprar este EPUB en: Amazon, Apple Books, Casa Del Libro, El Corte Ingl\u00e9s, Indigo, Kobo, Livraria Cultura, Per\u00fa eBooks, Siglo del Hombre, Tagusbooks&#8230;<br \/>\nAmazon: <a href=\"http:\/\/www.amazon.es\/gp\/product\/B08LNLMHLW\/ref=as_li_tl?ie=UTF8&amp;creativeASIN=B08LNLMHLW&amp;linkCode=as2\">Espa\u00f1a<\/a>\u00a0| <a href=\"http:\/\/www.amazon.com\/gp\/product\/B08LNLMHLW\/ref=as_li_tl?ie=UTF8&amp;creativeASIN=B08LNLMHLW&amp;linkCode=as2\">Estados Unidos<\/a>\u00a0| <a href=\"http:\/\/www.amazon.com.mx\/gp\/product\/B08LNLMHLW\/ref=as_li_tl?ie=UTF8&amp;creativeASIN=B08LNLMHLW&amp;linkCode=as2\">Mexico<\/a><br \/>\nApple Books: <a href=\"http:\/\/itunes.apple.com\/es\/book\/id1536914370\">Espa\u00f1a<\/a>\u00a0| <a href=\"http:\/\/itunes.apple.com\/us\/book\/id1536914370\">Estados Unidos<\/a>\u00a0| <a href=\"http:\/\/itunes.apple.com\/mx\/book\/id1536914370\">Mexico<\/a><br \/>\n<a href=\"https:\/\/www.casadellibro.com\/ebook-el-diseno-de-nosotros-mismos-ebook\/9788418049347\/11846723\">La Casa del Libro<\/a><br \/>\n<a href=\"http:\/\/www.elcorteingles.es\/ebooks\/search\/?s=9788418049347\">El Corte Ingl\u00e9s<\/a><\/p>\n<ul class=\"a-unordered-list a-nostyle a-vertical a-spacing-none detail-bullet-list\">\n<li><span class=\"a-list-item\"><span class=\"a-text-bold\">Idioma:\u00a0<\/span>Espa\u00f1ol<\/span><\/li>\n<li>ISBN: 9788418049347<\/li>\n<li><span class=\"a-list-item\"><span class=\"a-text-bold\">Editorial : <\/span>Experimenta Libros<\/span><\/li>\n<li>Formato: EPUB con DRM<\/li>\n<li><span class=\"a-list-item\"><span class=\"a-text-bold\">Tipograf\u00eda mejorada : <\/span>Activado<\/span><\/li>\n<li>Interior: Negro<\/li>\n<\/ul>\n","protected":false},"featured_media":58281,"comment_status":"open","ping_status":"closed","template":"","meta":[],"product_cat":[9801,9898],"product_tag":[9730,9764,9642,9641,9770,9763,9762,9790,9771,9786,9778],"jetpack_sharing_enabled":true,"_links":{"self":[{"href":"https:\/\/www.experimenta.es\/tienda\/wp-json\/wp\/v2\/product\/58280"}],"collection":[{"href":"https:\/\/www.experimenta.es\/tienda\/wp-json\/wp\/v2\/product"}],"about":[{"href":"https:\/\/www.experimenta.es\/tienda\/wp-json\/wp\/v2\/types\/product"}],"replies":[{"embeddable":true,"href":"https:\/\/www.experimenta.es\/tienda\/wp-json\/wp\/v2\/comments?post=58280"}],"wp:featuredmedia":[{"embeddable":true,"href":"https:\/\/www.experimenta.es\/tienda\/wp-json\/wp\/v2\/media\/58281"}],"wp:attachment":[{"href":"https:\/\/www.experimenta.es\/tienda\/wp-json\/wp\/v2\/media?parent=58280"}],"wp:term":[{"taxonomy":"product_cat","embeddable":true,"href":"https:\/\/www.experimenta.es\/tienda\/wp-json\/wp\/v2\/product_cat?post=58280"},{"taxonomy":"product_tag","embeddable":true,"href":"https:\/\/www.experimenta.es\/tienda\/wp-json\/wp\/v2\/product_tag?post=58280"}],"curies":[{"name":"wp","href":"https:\/\/api.w.org\/{rel}","templated":true}]}}