{"id":59225,"date":"2021-06-21T12:37:37","date_gmt":"2021-06-21T10:37:37","guid":{"rendered":"https:\/\/www.experimenta.es\/tienda\/?post_type=product&#038;p=59225"},"modified":"2024-10-14T21:24:04","modified_gmt":"2024-10-14T19:24:04","slug":"la-singularidad-radical-ensayo-sobre-los-fenomenos-singulares-2","status":"publish","type":"product","link":"https:\/\/www.experimenta.es\/tienda\/producto\/la-singularidad-radical-ensayo-sobre-los-fenomenos-singulares-2\/","title":{"rendered":"La Singularidad Radical. 2\u00aa Edici\u00f3n"},"content":{"rendered":"<p>Todas las energ\u00edas de nuestra civilizaci\u00f3n se destinan a la\u00a0construcci\u00f3n de un nuevo mundo artificial, un mundo\u00a0totalmente tecnol\u00f3gico en el que el hombre es un\u00a0engranaje m\u00e1s en todo el sistema cibern\u00e9tico.\u00a0Un mundo totalmente expuesto, programado,\u00a0cuantificado, t\u00e9cnico, artificial y, sobre todo, aut\u00f3nomo. <strong>Un\u00a0mundo aut\u00f3nomo que podr\u00e1 funcionar sin nosotros. Un\u00a0mundo objetivo que no tendr\u00e1 ni subjetividad ni sentido.<\/strong><\/p>\n<p>Pero si bien todos nuestros esfuerzos se proyectan hacia\u00a0el horizonte de la singularidad tecnol\u00f3gica, el mismo\u00a0lenguaje nos recuerda que hay otro significado para la\u00a0palabra singularidad.<\/p>\n<p><strong>La Singularidad Radical<\/strong> puede ser el preludio de la respuesta a la\u00a0pregunta del <strong>lugar del hombre en un mundo donde,\u00a0aunque prolifera el imperio de lo mismo, se esconde\u00a0tambi\u00e9n la radicalidad de lo singular.<\/strong><\/p>\n<p>&nbsp;<\/p>\n<p><span class=\"Apple-converted-space\">SOBRE LA AUTORA<br \/>\n<\/span><strong>Mane Tatulyan\u00a0<\/strong>(8 de Julio, 1993) Es una educadora independiente, fil\u00f3sofa, escritora y modernista. Graduada tanto en las artes aplicadas como en filosof\u00eda, su praxis interdisciplinar tiene ra\u00edces en el Proyecto Moderno (el programa filos\u00f3fico que comienza con Ren\u00e9 Descartes y abre paso a una nueva actitud filos\u00f3fica fundamentada en la autoconciencia). Con un amplio portfolio de sistemas educativos e iniciativas de vanguardia, y siguiendo el ideal del fil\u00f3sofo como \u2018funcionario de la humanidad\u2019 de Edmund Husserl, Tatulyan difunde el potencial radical de la filosof\u00eda de la<br \/>\nSubjetividad para la reforma<br \/>\nespiritual e intelectual. Es autora de los t\u00edtulos <strong>&#8216;La Singularidad Radical\u2019 (2021)<\/strong> y <strong>&#8216;Posthumanismo o el Exilio Radical\u2019 (2023)<\/strong>, ambos editados por Experimenta Libros, y docente de filosof\u00eda y artes en diversos laboratorios y programas de amplitud internacional.<\/p>\n","protected":false},"excerpt":{"rendered":"<p><span style=\"color: #ff0000;\">Segunda Edici\u00f3n<\/span><\/p>\n<p><span style=\"color: #ff0000;\"><span style=\"color: #000000;\">Autor:<\/span> Mane Tatulyan<br \/>\n<\/span><\/p>\n<p><strong>La Singularidad Radical<\/strong> es un proyecto original sobre la\u00a0singularidad humana en la era de la singularidad\u00a0tecnol\u00f3gica. <strong>La obra aborda, de manera \u00fanica, extrema e\u00a0incluso ir\u00f3nica, la mutaci\u00f3n del humanismo moderno al\u00a0posthumanismo posmoderno, dejando ver entre l\u00edneas la\u00a0luz natural de la Raz\u00f3n como el origen de todo cambio.<\/strong><\/p>\n<p>\u00b7 ISBN: 978-84-19555-22-9<br \/>\n\u00b7 Medidas: 14 x 21 cm<br \/>\n\u00b7 P\u00e1ginas: 90<br \/>\n\u00b7 Encuadernaci\u00f3n: R\u00fastica<br \/>\n\u00b7 Impresi\u00f3n interior: Negro<br \/>\n\u00b7 Edici\u00f3n: Experimenta Libros<\/p>\n","protected":false},"featured_media":62465,"comment_status":"open","ping_status":"closed","template":"","meta":[],"product_cat":[9892,9898,9715,7313],"product_tag":[9730,9777,9641,9794,9762,9786,9778],"jetpack_sharing_enabled":true,"_links":{"self":[{"href":"https:\/\/www.experimenta.es\/tienda\/wp-json\/wp\/v2\/product\/59225"}],"collection":[{"href":"https:\/\/www.experimenta.es\/tienda\/wp-json\/wp\/v2\/product"}],"about":[{"href":"https:\/\/www.experimenta.es\/tienda\/wp-json\/wp\/v2\/types\/product"}],"replies":[{"embeddable":true,"href":"https:\/\/www.experimenta.es\/tienda\/wp-json\/wp\/v2\/comments?post=59225"}],"wp:featuredmedia":[{"embeddable":true,"href":"https:\/\/www.experimenta.es\/tienda\/wp-json\/wp\/v2\/media\/62465"}],"wp:attachment":[{"href":"https:\/\/www.experimenta.es\/tienda\/wp-json\/wp\/v2\/media?parent=59225"}],"wp:term":[{"taxonomy":"product_cat","embeddable":true,"href":"https:\/\/www.experimenta.es\/tienda\/wp-json\/wp\/v2\/product_cat?post=59225"},{"taxonomy":"product_tag","embeddable":true,"href":"https:\/\/www.experimenta.es\/tienda\/wp-json\/wp\/v2\/product_tag?post=59225"}],"curies":[{"name":"wp","href":"https:\/\/api.w.org\/{rel}","templated":true}]}}