{"id":59262,"date":"2021-06-28T11:02:59","date_gmt":"2021-06-28T09:02:59","guid":{"rendered":"https:\/\/www.experimenta.es\/tienda\/?post_type=product&#038;p=59262"},"modified":"2023-10-02T12:38:36","modified_gmt":"2023-10-02T10:38:36","slug":"revista-experimenta-89","status":"publish","type":"product","link":"https:\/\/www.experimenta.es\/tienda\/producto\/revista-experimenta-89\/","title":{"rendered":"Revista Experimenta 89"},"content":{"rendered":"<p><strong>Paul Crutzen<\/strong>, quien recibi\u00f3 el Premio Nobel de Qu\u00edmica de 1995 por identificar c\u00f3mo los \u00f3xidos de nitr\u00f3geno erosionan la capa de ozono de la Tierra y descubrir los procesos qu\u00edmicos que provocan el agujero de ozono, defini\u00f3 al <strong>Antropoceno<\/strong> al enunciar que <i>\u201cen el mundo actual y en el inmediato futuro, lo que sucede en el planeta tiene mucho que ver con lo que hacemos los seres humanos. Las personas damos forma al planeta en mayor medida que los\u00a0<\/i><i>procesos naturales y eso supone una gran responsabilidad\u201d<\/i>.<\/p>\n<p>Tal y como lo expresa Eugenio Vega en esta edici\u00f3n, no cabe duda de que las ideas de Crutzen deben entenderse como parte de un debate cient\u00edfico y pol\u00edtico iniciado hace varias d\u00e9cadas. Porque incluso con anterioridad a sus dichos, activistas pol\u00edticos como Ralph Nader y dise\u00f1adores como Victor Papanek, ya lo hab\u00edan manifestado desde una perspectiva que contemplaba el decrecimiento como la posibilidad de dar forma a una pr\u00e1ctica que no priorizara los intereses comerciales -bajo la l\u00f3gica de mayor producci\u00f3n, para proporcionar mayor bienestar- proponiendo poner foco en la idea de un desarrollo sostenible.<\/p>\n<p>Para profundizar en este tema, esta edici\u00f3n de Experimenta incluye una entrevista que le realizara <strong>Christian Schw\u00e4gerl<\/strong> hace alg\u00fan tiempo a Paul Crutzen donde expone el origen y el foco de su teor\u00eda. Adem\u00e1s, <strong>Eugenio Vega<\/strong> analiza <strong>la paradoja de la sostenibilidad<\/strong> en la era del Antropoceno y su relaci\u00f3n con el dise\u00f1o. Exploramos el aporte del dise\u00f1o y la industria en el campo de la sostenibilidad a trav\u00e9s del uso de nuevos materiales que han llegado para cambiar el modo en el que producimos y consumimos: <strong>Desserto<\/strong> desde M\u00e9xico, un material que reemplaza el cuero y que se produce a partir del cactus; <strong>AuREUS<\/strong>, un sistema para generar energ\u00eda solar sin la necesidad de luz; <strong>Mari Carmen Estevan<\/strong> con la relaci\u00f3n de los materiales y los tres pilares del dise\u00f1o sostenible; y recorremos <strong>Jakarta<\/strong>, el hotel ecol\u00f3gico con el bamb\u00fa como elemento predominante que el estudio Search dise\u00f1\u00f3 en los Pa\u00edses Bajos.\u00a0<strong>Oscar Guayabero<\/strong> nos invita a reflexionar sobre nuestra nave espacial Tierra y Gabriela Soler nos propone crear soluciones sist\u00e9micas con impacto positivo en la era del Dise\u00f1o Circular y sostenible.<\/p>\n<p>Dialogamos en profundidad con <strong>Norberto Chaves<\/strong> acerca del dise\u00f1o, su pensamiento cr\u00edtico y su responsabilidad social. Y con <strong>Luisa Vera<\/strong> e <strong>In\u00e9s Garc\u00eda-Albi<\/strong>, m\u00e1ximas responsables de <strong>The Barcelonian<\/strong>, disfrutamos de un logrado homenaje a una profesi\u00f3n y a una ciudad que respira dise\u00f1o y cultura.<\/p>\n<p><strong>Felipe Taborda<\/strong> nos trae al genial dise\u00f1ador brit\u00e1nico <strong>Jonathan Barnbrook<\/strong> y desde Costa Rica la obra gr\u00e1fica de <strong>Jos\u00e9 Alberto Hern\u00e1ndez<\/strong>.<\/p>\n<p>Y por supuesto, en nuestra secci\u00f3n ZUM, transitamos el binomio <strong>dise\u00f1o y sostenibilidad<\/strong>, de la mano de destacados y novedosos proyectos.<\/p>\n<p><strong>Bienvenidos a Experimenta 89.<span class=\"Apple-converted-space\">\u00a0<\/span>Antropoceno. El futuro se dise\u00f1a hoy.<\/strong><\/p>\n","protected":false},"excerpt":{"rendered":"<p><b>Antropoceno: el futuro se dise\u00f1a hoy.<\/b><\/p>\n<p>El impacto que generan la producci\u00f3n y el consumo sin l\u00edmite se traduce en un sedimento geol\u00f3gico que, por primera vez en la historia, no s\u00f3lo modifica las condiciones del presente: condiciona el ecosistema en el que vivir\u00e1n las futuras generaciones.<\/p>\n<p><b>Se trata de un debate, claro est\u00e1, en el que el dise\u00f1o tiene mucho para aportar.<\/b><\/p>\n<p><b>Porque a\u00fan estamos a tiempo de que el Antropoceno sea recordado como la era en la\u00a0<\/b><b>que dimos forma a un planeta mejor.<\/b><\/p>\n<div class=\"page\" title=\"Page 4\">\n<div class=\"layoutArea\">\n<div class=\"column\">\n<p>\u00b7 Edici\u00f3n: Verano 2021<br \/>\n\u00b7 ISBN: 978-84-18049-58-3<br \/>\n\u00b7 Medidas: 23 x 26,5 cm<br \/>\n\u00b7 P\u00e1ginas: 120<\/p>\n<\/div>\n<\/div>\n<\/div>\n","protected":false},"featured_media":59263,"comment_status":"open","ping_status":"closed","template":"","meta":[],"product_cat":[7311],"product_tag":[9857,9713,9732,9730,9735,9638,9591,9777,9766,9748,9707,9708,9714,9762,9746],"jetpack_sharing_enabled":true,"_links":{"self":[{"href":"https:\/\/www.experimenta.es\/tienda\/wp-json\/wp\/v2\/product\/59262"}],"collection":[{"href":"https:\/\/www.experimenta.es\/tienda\/wp-json\/wp\/v2\/product"}],"about":[{"href":"https:\/\/www.experimenta.es\/tienda\/wp-json\/wp\/v2\/types\/product"}],"replies":[{"embeddable":true,"href":"https:\/\/www.experimenta.es\/tienda\/wp-json\/wp\/v2\/comments?post=59262"}],"wp:featuredmedia":[{"embeddable":true,"href":"https:\/\/www.experimenta.es\/tienda\/wp-json\/wp\/v2\/media\/59263"}],"wp:attachment":[{"href":"https:\/\/www.experimenta.es\/tienda\/wp-json\/wp\/v2\/media?parent=59262"}],"wp:term":[{"taxonomy":"product_cat","embeddable":true,"href":"https:\/\/www.experimenta.es\/tienda\/wp-json\/wp\/v2\/product_cat?post=59262"},{"taxonomy":"product_tag","embeddable":true,"href":"https:\/\/www.experimenta.es\/tienda\/wp-json\/wp\/v2\/product_tag?post=59262"}],"curies":[{"name":"wp","href":"https:\/\/api.w.org\/{rel}","templated":true}]}}