{"id":59574,"date":"2021-10-11T16:36:45","date_gmt":"2021-10-11T14:36:45","guid":{"rendered":"https:\/\/www.experimenta.es\/tienda\/?post_type=product&#038;p=59574"},"modified":"2024-03-11T15:40:31","modified_gmt":"2024-03-11T14:40:31","slug":"revista-experimenta-90","status":"publish","type":"product","link":"https:\/\/www.experimenta.es\/tienda\/producto\/revista-experimenta-90\/","title":{"rendered":"Revista Experimenta 90"},"content":{"rendered":"<p>Poner al dise\u00f1o en palabras ha sido -y es- una tarea que las diferentes generaciones de dise\u00f1adores han abordado sin pausa desde hace d\u00e9cadas. Un debate que esconde un aspecto m\u00e1s profundo: la falta de una definici\u00f3n clara sobre \u201cqu\u00e9 significa dise\u00f1ar\u201d es, para muchos, la causa del escaso reconocimiento profesional -y econ\u00f3mico- de la tarea que los dise\u00f1adores desarrollamos a diario.<\/p>\n<p>Suele decirse que existen tantas definiciones de dise\u00f1o, como dise\u00f1adores encontremos. Y puede ser cierto, que nos encontremos en una Torre de Babel en la que nos resulte dif\u00edcil el di\u00e1logo y los acuerdos. Pero es en esa multitud de voces que se encuentra el n\u00facleo del pensamiento y la acci\u00f3n subsecuente, los que dan sentido al \u201chacer\u201d que nos involucra e integra como colectivo profesional.<\/p>\n<p>En esta edici\u00f3n de Experimenta nos sumamos a esta b\u00fasqueda y exploramos diferentes puntos de vista que nos invitan a reflexionar y (re)pensar el dise\u00f1o. Que se pone de manifiesto en el homenaje a los maestros <strong>Yves Zimmermann<\/strong> y <strong>Wolfgang Weingart<\/strong>, recientemente fallecidos, a trav\u00e9s de las entrevistas realizadas por <strong>Louise Paradis<\/strong> como parte de un importante proyecto de la ECAL -traducidas y comentadas por <strong>Eugenio Vega<\/strong>&#8211; . O en la entrevista de <strong>Marcelo Ghio<\/strong> a <strong>Joan Costa<\/strong>, quien recoge el guante del debate en su nuevo libro <i>\u201cCara a cara con el dise\u00f1o. Por el progreso del dise\u00f1o gr\u00e1fico y la sociedad\u201d<\/i> proponiendo nuevos enfoques, una mirada cr\u00edtica y, al mismo tiempo, optimista.<\/p>\n<p>Pero tambi\u00e9n exploramos el dise\u00f1o y la palabra desde la perspectiva del \u201cacto de escribir las ideas\u201d y c\u00f3mo la tipograf\u00eda, la propuesta editorial, el cartel o el objeto, se convierten en veh\u00edculos en los que la forma y el lenguaje definen un marco significante para el pensamiento en acci\u00f3n.\u00a0Para profundizar en estos temas <strong>Eduardo Pepe<\/strong>, en su art\u00edculo \u201cLogotipo: forma y palabra\u201d, nos introduce en el dise\u00f1o tipogr\u00e1fico y su impronta; <strong>David Barro<\/strong> y <strong>Carla Bautis<\/strong> nos ofrecen un recorrido por la obra y el pensamiento de <strong>Zuzana Licko<\/strong>, pilar fundamental de \u00c9migr\u00e9; <strong>Felipe Taborda<\/strong> nos presenta \u201cla elegancia de la sutileza\u201d en el trabajo de <strong>Lonnie Ruiz G\u00f3mez<\/strong> y la fuerza pol\u00edtica de la obra gr\u00e1fica de <strong>Alain Le Quernec<\/strong>.<\/p>\n<p>Adem\u00e1s, la <strong>Fundaci\u00f3n IDA<\/strong> (Investigaci\u00f3n en Dise\u00f1o Argentino) nos ofrece una entrevista con la doctora <strong>Mar\u00eda Amalia Garc\u00eda<\/strong> -curadora en Jefe del Museo Malba- en la que revisa la relaci\u00f3n entre arte concreto y dise\u00f1o a partir de la influencia y el trabajo de <strong>Tom\u00e1s Maldonado<\/strong> en las d\u00e9cadas de 1940 y 1950.\u00a0Y si algo puede poner un broche de oro a la relaci\u00f3n entre forma, funci\u00f3n y contexto, el maestro <strong>F\u00e9lix Beltr\u00e1n<\/strong> nos comparte su di\u00e1logo con el genial <strong>Josh Owen<\/strong> sobre el presente y el futuro del dise\u00f1o industrial.<span class=\"Apple-converted-space\">\u00a0<\/span><\/p>\n<p>Una nueva edici\u00f3n de Experimenta en la que la forma, el lenguaje y el contexto dan sentido y dimensi\u00f3n a la palabra; impuls\u00e1ndola hacia el futuro e invit\u00e1ndonos a revisar los paradigmas que nos preceden.\u00a0Porque, si consideramos aquella cita del libro m\u00e1s vendido de la historia \u201cen el principio era la palabra -logos-\u201c, tal vez sea tiempo, una vez m\u00e1s, de regresar a las fuentes.<span class=\"Apple-converted-space\">\u00a0<\/span><\/p>\n<p>En esta edici\u00f3n de Experimenta <b>el dise\u00f1o tiene la palabra.<\/b><\/p>\n<p><strong>\u00a1Bienvenidos a Experimenta 90!<\/strong><\/p>\n","protected":false},"excerpt":{"rendered":"<p><b>El dise\u00f1o tiene la palabra. Forma, lenguaje y contexto.<\/b><\/p>\n<p>Una nueva edici\u00f3n de Experimenta en la que la forma, el lenguaje y el contexto dan sentido y dimensi\u00f3n a la palabra; impuls\u00e1ndola hacia el futuro e invit\u00e1ndonos a revisar los paradigmas que nos preceden.<\/p>\n<p>Porque poner al dise\u00f1o en palabras ha sido -y es- una tarea que las diferentes generaciones de dise\u00f1adores han abordado sin pausa desde hace d\u00e9cadas. Un debate que esconde un aspecto m\u00e1s profundo: la falta de una definici\u00f3n clara sobre \u201cqu\u00e9 significa dise\u00f1ar\u201d es, para muchos, la causa del escaso reconocimiento profesional -y econ\u00f3mico- de la tarea que los dise\u00f1adores desarrollamos a diario.<span class=\"gmail-Apple-converted-space\">\u00a0<\/span><\/p>\n<div class=\"page\" title=\"Page 4\">\n<div class=\"layoutArea\">\n<div class=\"column\">\n<p>\u00b7 Edici\u00f3n: Oto\u00f1o 2021<br \/>\n\u00b7 ISBN: 978-84-18049-69-9<br \/>\n\u00b7 Medidas: 23 x 26,5 cm<br \/>\n\u00b7 P\u00e1ginas: 120<\/p>\n<\/div>\n<\/div>\n<\/div>\n","protected":false},"featured_media":59575,"comment_status":"open","ping_status":"closed","template":"","meta":[],"product_cat":[7311],"product_tag":[9857,9713,9732,9730,9735,9638,9591,9777,9766,9748,9707,9708,9714,9762,9746],"jetpack_sharing_enabled":true,"_links":{"self":[{"href":"https:\/\/www.experimenta.es\/tienda\/wp-json\/wp\/v2\/product\/59574"}],"collection":[{"href":"https:\/\/www.experimenta.es\/tienda\/wp-json\/wp\/v2\/product"}],"about":[{"href":"https:\/\/www.experimenta.es\/tienda\/wp-json\/wp\/v2\/types\/product"}],"replies":[{"embeddable":true,"href":"https:\/\/www.experimenta.es\/tienda\/wp-json\/wp\/v2\/comments?post=59574"}],"wp:featuredmedia":[{"embeddable":true,"href":"https:\/\/www.experimenta.es\/tienda\/wp-json\/wp\/v2\/media\/59575"}],"wp:attachment":[{"href":"https:\/\/www.experimenta.es\/tienda\/wp-json\/wp\/v2\/media?parent=59574"}],"wp:term":[{"taxonomy":"product_cat","embeddable":true,"href":"https:\/\/www.experimenta.es\/tienda\/wp-json\/wp\/v2\/product_cat?post=59574"},{"taxonomy":"product_tag","embeddable":true,"href":"https:\/\/www.experimenta.es\/tienda\/wp-json\/wp\/v2\/product_tag?post=59574"}],"curies":[{"name":"wp","href":"https:\/\/api.w.org\/{rel}","templated":true}]}}