{"id":59682,"date":"2021-11-18T17:10:06","date_gmt":"2021-11-18T16:10:06","guid":{"rendered":"https:\/\/www.experimenta.es\/tienda\/?post_type=product&#038;p=59682"},"modified":"2023-10-02T12:38:39","modified_gmt":"2023-10-02T10:38:39","slug":"la-singularidad-radical-ensayo-sobre-los-fenomenos-singulares","status":"publish","type":"product","link":"https:\/\/www.experimenta.es\/tienda\/producto\/la-singularidad-radical-ensayo-sobre-los-fenomenos-singulares\/","title":{"rendered":"La Singularidad Radical. Ensayo sobre los Fen\u00f3menos Singulares. (EPUB)"},"content":{"rendered":"<p>Todas las energ\u00edas de nuestra civilizaci\u00f3n se destinan a la\u00a0construcci\u00f3n de un nuevo mundo artificial, un mundo\u00a0totalmente tecnol\u00f3gico en el que el hombre es un\u00a0engranaje m\u00e1s en todo el sistema cibern\u00e9tico.\u00a0Un mundo totalmente expuesto, programado,\u00a0cuantificado, t\u00e9cnico, artificial y, sobre todo, aut\u00f3nomo. Un\u00a0mundo aut\u00f3nomo que podr\u00e1 funcionar sin nosotros. Un\u00a0mundo objetivo que no tendr\u00e1 ni subjetividad ni sentido.<\/p>\n<p>Pero si bien todos nuestros esfuerzos se proyectan hacia\u00a0el horizonte de la singularidad tecnol\u00f3gica, el mismo\u00a0lenguaje nos recuerda que hay otro significado para la\u00a0palabra singularidad.<\/p>\n<p>La Singularidad Radical puede ser el preludio de la respuesta a la\u00a0pregunta del lugar del hombre en un mundo donde,\u00a0aunque prolifera el imperio de lo mismo, se esconde\u00a0tambi\u00e9n la radicalidad de lo singular.<\/p>\n<p><span class=\"Apple-converted-space\">SOBRE LA AUTORA<br \/>\n<\/span><\/p>\n<p><strong>Mane Tatulyan <\/strong>(8 de Julio, 1993) es dise\u00f1adora y escritora. A lo largo de su vida, el dise\u00f1o signific\u00f3 una forma de ordenar el mundo, y la escritura, de entenderlo. Luego de terminar sus estudios y haber ejercido la pr\u00e1ctica de dise\u00f1o, hoy se propone repensar al Humanismo en el auge de la Era Digital, para que el futuro no dise\u00f1e humanos sino, para dise\u00f1ar un futuro m\u00e1s humano.<\/p>\n<p>Su modo de entender la realidad parte \u2013continuando los ideales Modernos\u2013 de la Idea del hombre: la uni\u00f3n entre lo metaf\u00edsico universal y lo real particular.<\/p>\n","protected":false},"excerpt":{"rendered":"<p><a href=\"https:\/\/www.experimenta.es\/tienda\/producto\/la-singularidad-radical-contra-el-caos-y-la-incertidumbre-ensayo-sobre-los-fenomenos-singulares\/\">*Tambi\u00e9n puedes comprar este libro en papel<\/a><\/p>\n<p><span style=\"color: #ff0000;\"><span style=\"color: #000000;\">Autor:<\/span> Mane Tatulyan<br \/>\n<\/span><\/p>\n<p>La Singularidad Radical es un proyecto original sobre la singularidad humana en la era de la singularidad tecnol\u00f3gica. La obra aborda, de manera \u00fanica, extrema e incluso ir\u00f3nica, la mutaci\u00f3n del humanismo moderno al posthumanismo posmoderno, dejando ver entre l\u00edneas la luz natural de la Raz\u00f3n como el origen de todo cambio.<\/p>\n<p>Puedes comprar este EPUB en: Amazon, Apple Books, Casa Del Libro, El Corte Ingl\u00e9s, Indigo, Kobo, Livraria Cultura, Per\u00fa eBooks, Siglo del Hombre, Tagusbooks&#8230;<br \/>\nAmazon: <a href=\"https:\/\/www.amazon.es\/gp\/product\/B09KYG5LGN\/ref=as_li_tl?ie=UTF8&amp;creativeASIN=B09KYG5LGN&amp;linkCode=as2\">Espa\u00f1a<\/a>\u00a0| <a href=\"https:\/\/www.amazon.com\/gp\/product\/B09KYG5LGN\/ref=as_li_tl?ie=UTF8&amp;creativeASIN=B09KYG5LGN&amp;linkCode=as2\">Estados Unidos<\/a>\u00a0| <a href=\"https:\/\/www.amazon.com.mx\/gp\/product\/B09KYG5LGN\/ref=as_li_tl?ie=UTF8&amp;creativeASIN=B09KYG5LGN&amp;linkCode=as2\">Mexico<\/a><br \/>\n<a href=\"https:\/\/books.apple.com\/es\/book\/id1593434523\">Apple Books<\/a><br \/>\n<a href=\"https:\/\/www.casadellibro.com\/ebook-la-singularidad-radical-ebook\/9788418049651\/12624123\">La Casa del Libro<\/a><br \/>\n<a href=\"https:\/\/www.elcorteingles.es\/ebooks\/tagus-9788418049651-la-singularidad-radical-ebook\/\">El Corte Ingl\u00e9s<\/a><br \/>\nFNAC: <a href=\"https:\/\/www.fnac.es\/a8619331\/La-Singularidad-Radical?NUMERICAL=Y#FORMAT=ePub#omnsearchpos=0\">Espa\u00f1a<\/a> | <a href=\"https:\/\/www.fnac.com\/livre-numerique\/a16405672\/Mane-Tatulyan-La-Singularidad-Radical#FORMAT=ebook%20(ePub)#omnsearchpos=1\">Francia<\/a><br \/>\n<a href=\"https:\/\/www.barnesandnoble.com\/w\/la-singularidad-radical-mane-tatulyan\/1140489607;jsessionid=3113AC5519E28DF60B4CE18755944F52.prodny_store02-atgap10?ean=9788418049651\">Barnes &amp; Noble<\/a><\/p>\n<ul class=\"a-unordered-list a-nostyle a-vertical a-spacing-none detail-bullet-list\">\n<li><span class=\"a-list-item\"><span class=\"a-text-bold\">Idioma:\u00a0<\/span>Espa\u00f1ol<\/span><\/li>\n<li>ISBN: 978-84-18049-65-1<\/li>\n<li><span class=\"a-list-item\"><span class=\"a-text-bold\">Editorial : <\/span>Experimenta Libros<\/span><\/li>\n<li>Formato: EPUB con DRM<\/li>\n<li><span class=\"a-list-item\"><span class=\"a-text-bold\">Tipograf\u00eda mejorada : <\/span>Activado<\/span><\/li>\n<li>Interior: negro<\/li>\n<\/ul>\n","protected":false},"featured_media":59683,"comment_status":"open","ping_status":"closed","template":"","meta":[],"product_cat":[9892,9801,9898],"product_tag":[9730,9764,9642,9591,9777,9766,9864,9641,9794,9770,9714,9762,9771,9786,9778],"jetpack_sharing_enabled":true,"_links":{"self":[{"href":"https:\/\/www.experimenta.es\/tienda\/wp-json\/wp\/v2\/product\/59682"}],"collection":[{"href":"https:\/\/www.experimenta.es\/tienda\/wp-json\/wp\/v2\/product"}],"about":[{"href":"https:\/\/www.experimenta.es\/tienda\/wp-json\/wp\/v2\/types\/product"}],"replies":[{"embeddable":true,"href":"https:\/\/www.experimenta.es\/tienda\/wp-json\/wp\/v2\/comments?post=59682"}],"wp:featuredmedia":[{"embeddable":true,"href":"https:\/\/www.experimenta.es\/tienda\/wp-json\/wp\/v2\/media\/59683"}],"wp:attachment":[{"href":"https:\/\/www.experimenta.es\/tienda\/wp-json\/wp\/v2\/media?parent=59682"}],"wp:term":[{"taxonomy":"product_cat","embeddable":true,"href":"https:\/\/www.experimenta.es\/tienda\/wp-json\/wp\/v2\/product_cat?post=59682"},{"taxonomy":"product_tag","embeddable":true,"href":"https:\/\/www.experimenta.es\/tienda\/wp-json\/wp\/v2\/product_tag?post=59682"}],"curies":[{"name":"wp","href":"https:\/\/api.w.org\/{rel}","templated":true}]}}