{"id":59837,"date":"2022-01-10T09:57:39","date_gmt":"2022-01-10T08:57:39","guid":{"rendered":"https:\/\/www.experimenta.es\/tienda\/?post_type=product&#038;p=59837"},"modified":"2023-10-02T12:38:40","modified_gmt":"2023-10-02T10:38:40","slug":"cara-a-cara-con-el-diseno-por-el-progreso-del-diseno-grafico-y-de-la-sociedad-2","status":"publish","type":"product","link":"https:\/\/www.experimenta.es\/tienda\/producto\/cara-a-cara-con-el-diseno-por-el-progreso-del-diseno-grafico-y-de-la-sociedad-2\/","title":{"rendered":"Cara a cara con el dise\u00f1o. Por el progreso del dise\u00f1o gr\u00e1fico y de la sociedad. (EPUB)"},"content":{"rendered":"<p><strong>No estaba todo dicho sobre dise\u00f1o.<\/strong>\u00a0Lo parece, porque hace tiempo que se encuentra en v\u00eda muerta.<\/p>\n<p>Pero el dise\u00f1o est\u00e1 maduro. Tiene una hoja de servicios ejemplar con cinco siglos de historia y es un pilar fundamental de la cultura visual.\u00a0Y tiene ante s\u00ed una gran perspectiva abierta y apasionante.<br \/>\nEl futuro est\u00e1 en la ciencia, la cultura, la educaci\u00f3n y la solidaridad para una sociedad que aspira al conocimiento.<\/p>\n<p>La pandemia y la Naturaleza, nuestro h\u00e1bitat, nos han dado la \u00faltima lecci\u00f3n. S\u00f3lo importa lo esencial: la vida y los valores.<br \/>\n\u00bfQu\u00e9 pueden -y deben- aportar el dise\u00f1o y la comunicaci\u00f3n visual a la construcci\u00f3n de ese futuro, que ya es ahora?<\/p>\n<p><strong>En Cara a Cara con el Dise\u00f1o, Joan Costa nos ofrece, una vez m\u00e1s, una profunda y l\u00facida reflexi\u00f3n sobre el presente y el futuro del dise\u00f1o.<\/strong><\/p>\n<p>&nbsp;<\/p>\n<p><em>\u201cJoan Costa es de los que tienen raz\u00f3n antes de tiempo\u201d<\/em><br \/>\n<strong>Vil\u00e9m Flusser<\/strong><\/p>\n<p><em>\u201cCosta o la potencia del pensamiento\u201d<\/em><br \/>\n<strong>Abraham Moles<\/strong><\/p>\n<p><em>\u201cJoan Costa fue mi profesor favorito en la universidad y desde entonces no he dejado de considerarlo un maestro capaz de reunir imaginaci\u00f3n en las ideas, profundidad en el an\u00e1lisis y claridad en la exposici\u00f3n\u201d<\/em><br \/>\n<strong>Joan Fontcuberta<\/strong><\/p>\n<p>&nbsp;<\/p>\n<p><span class=\"Apple-converted-space\">SOBRE EL AUTOR<br \/>\n<\/span><strong>Joan Costa<\/strong> es autodidacta y se define como librepensador y francotirador. Es dise\u00f1ador, soci\u00f3logo, comunic\u00f3logo y metod\u00f3logo. A finales de los \u201960 crea la primera Consultora en Imagen y Comunicaci\u00f3n e inicia sus colaboraciones con empresas y universidades de Europa y Am\u00e9rica. En los a\u00f1os \u201980 crea y dirige la primera Enciclopedia del Dise\u00f1o, con 12 vol\u00famenes, entre ellos Se\u00f1al\u00e9tica e Imagen Global que aportan conceptos, teor\u00eda y metodolog\u00eda y se afirman como disciplinas de dise\u00f1o. En 1999 publica en M\u00e9xico el Manifiesto por el Dise\u00f1o del siglo XXI, un a\u00f1o antes del c\u00e9lebre First Things First Manifesto 2000. Sus aportes pioneros en Esquem\u00e1tica, la ciencia de los esquemas (1998) y Esquematismo (2019) son las obras de referencia en esta nueva disciplina. Su actual trabajo en Cientigraf\u00eda integra la imaginer\u00eda cient\u00edfica en una categor\u00eda espec\u00edfica de la comunicaci\u00f3n visual. Costa ha dado contenido pragm\u00e1tico-cient\u00edfico y modelos de gesti\u00f3n a la disciplina de Direcci\u00f3n de Comunicaci\u00f3n, DirCom. Es autor de 50 libros sobre Imagen, Comunicaci\u00f3n, Dise\u00f1o e Innovaci\u00f3n. Doctor Honoris causa en Espa\u00f1a, Argentina y Per\u00fa. Actualmente centra su actividad en los cursos, investigaciones y publicaciones desde Joan Costa Institute.<\/p>\n","protected":false},"excerpt":{"rendered":"<p><a href=\"https:\/\/www.experimenta.es\/tienda\/producto\/cara-a-cara-con-el-diseno-por-el-progreso-del-diseno-grafico-y-de-la-sociedad\/\">*Tambi\u00e9n puedes comprar este libro en papel<\/a><\/p>\n<p><span style=\"color: #ff0000;\"><span style=\"color: #000000;\">Autor:<\/span> Joan Costa<br \/>\n<\/span><\/p>\n<p>Colecci\u00f3n Experimenta Joan Costa<\/p>\n<p>No estaba todo dicho sobre dise\u00f1o.\u00a0Lo parece, porque hace tiempo que se encuentra en v\u00eda muerta.<\/p>\n<p>Pero el dise\u00f1o est\u00e1 maduro. Tiene una hoja de servicios ejemplar con cinco siglos de historia y es un pilar fundamental de la cultura visual.\u00a0Y tiene ante s\u00ed una gran perspectiva abierta y apasionante.<\/p>\n<p>En Cara a Cara con el Dise\u00f1o, Joan Costa nos ofrece, una vez m\u00e1s, una profunda y l\u00facida reflexi\u00f3n sobre el presente y el futuro del dise\u00f1o.<\/p>\n<p>Puedes comprar este EPUB en: Amazon, Apple Books, Casa Del Libro, El Corte Ingl\u00e9s, Indigo, Kobo, Livraria Cultura, Per\u00fa eBooks, Siglo del Hombre, Tagusbooks&#8230;<br \/>\nAmazon: <a href=\"https:\/\/www.amazon.es\/gp\/product\/B09NW339JV\/ref=as_li_tl?ie=UTF8&amp;creativeASIN=B09NW339JV&amp;linkCode=as2\">Espa\u00f1a<\/a>\u00a0| <a href=\"https:\/\/www.amazon.com\/gp\/product\/B09NW339JV\/ref=as_li_tl?ie=UTF8&amp;creativeASIN=B09NW339JV&amp;linkCode=as2\">Estados Unidos<\/a>\u00a0| <a href=\"https:\/\/www.amazon.com.mx\/gp\/product\/B09NW339JV\/ref=as_li_tl?ie=UTF8&amp;creativeASIN=B09NW339JV&amp;linkCode=as2\">Mexico<\/a><br \/>\nApple Books: <a href=\"https:\/\/books.apple.com\/es\/book\/cara-a-cara-con-el-dise%C3%B1o\/id1601196744\">Espa\u00f1a<\/a>\u00a0| <a href=\"https:\/\/books.apple.com\/es\/book\/cara-a-cara-con-el-dise%C3%B1o\/id1601196744\">Estados Unidos<\/a>\u00a0| <a href=\"https:\/\/books.apple.com\/es\/book\/cara-a-cara-con-el-dise%C3%B1o\/id1601196744\">Mexico<\/a><br \/>\n<a href=\"https:\/\/www.casadellibro.com\/ebook-cara-a-cara-con-el-diseno-ebook\/9788418049620\/12728946\">La Casa del Libro<\/a><br \/>\nEl Corte Ingl\u00e9s<br \/>\n<a href=\"https:\/\/www.fnac.es\/SearchResult\/ResultList.aspx?SCat=0%211&amp;Search=9788418049620\">Fnac<\/a><\/p>\n<ul class=\"a-unordered-list a-nostyle a-vertical a-spacing-none detail-bullet-list\">\n<li><span class=\"a-list-item\"><span class=\"a-text-bold\">Idioma:\u00a0<\/span>Espa\u00f1ol<\/span><\/li>\n<li>ISBN: 978-84-18049-62-0<\/li>\n<li><span class=\"a-list-item\"><span class=\"a-text-bold\">Editorial : <\/span>Experimenta Libros<\/span><\/li>\n<li>Formato: EPUB con DRM<\/li>\n<li><span class=\"a-list-item\"><span class=\"a-text-bold\">Tipograf\u00eda mejorada : <\/span>Activado<\/span><\/li>\n<li>Interior: negro<\/li>\n<\/ul>\n","protected":false},"featured_media":59838,"comment_status":"open","ping_status":"closed","template":"","meta":[],"product_cat":[9895,9892,9801],"product_tag":[9732,9730,9873,9764,9735,9642,9591,9777,9766,9641,9770,9714,9762,9733,9771,9786,9778],"jetpack_sharing_enabled":true,"_links":{"self":[{"href":"https:\/\/www.experimenta.es\/tienda\/wp-json\/wp\/v2\/product\/59837"}],"collection":[{"href":"https:\/\/www.experimenta.es\/tienda\/wp-json\/wp\/v2\/product"}],"about":[{"href":"https:\/\/www.experimenta.es\/tienda\/wp-json\/wp\/v2\/types\/product"}],"replies":[{"embeddable":true,"href":"https:\/\/www.experimenta.es\/tienda\/wp-json\/wp\/v2\/comments?post=59837"}],"wp:featuredmedia":[{"embeddable":true,"href":"https:\/\/www.experimenta.es\/tienda\/wp-json\/wp\/v2\/media\/59838"}],"wp:attachment":[{"href":"https:\/\/www.experimenta.es\/tienda\/wp-json\/wp\/v2\/media?parent=59837"}],"wp:term":[{"taxonomy":"product_cat","embeddable":true,"href":"https:\/\/www.experimenta.es\/tienda\/wp-json\/wp\/v2\/product_cat?post=59837"},{"taxonomy":"product_tag","embeddable":true,"href":"https:\/\/www.experimenta.es\/tienda\/wp-json\/wp\/v2\/product_tag?post=59837"}],"curies":[{"name":"wp","href":"https:\/\/api.w.org\/{rel}","templated":true}]}}