{"id":59839,"date":"2022-01-10T10:29:51","date_gmt":"2022-01-10T09:29:51","guid":{"rendered":"https:\/\/www.experimenta.es\/tienda\/?post_type=product&#038;p=59839"},"modified":"2024-05-30T04:01:31","modified_gmt":"2024-05-30T02:01:31","slug":"el-diseno-para-el-dia-antes-propuestas-para-antes-del-colapso-en-escenarios-poscovid-y-como-es-posible-evitarlo-o-al-menos-intentarlo-2","status":"publish","type":"product","link":"https:\/\/www.experimenta.es\/tienda\/producto\/el-diseno-para-el-dia-antes-propuestas-para-antes-del-colapso-en-escenarios-poscovid-y-como-es-posible-evitarlo-o-al-menos-intentarlo-2\/","title":{"rendered":"El dise\u00f1o para el d\u00eda antes. Propuestas para antes del colapso (en escenarios poscovid) y c\u00f3mo es posible evitarlo o, al menos, intentarlo. (EPUB)"},"content":{"rendered":"<p>Estamos a un d\u00eda del colapso. Eso es as\u00ed, en t\u00e9rminos temporales terr\u00e1queos. Da igual si es ma\u00f1ana o dentro de cinco, diez, veinticinco o cien a\u00f1os: si tenemos en cuenta el tiempo que la Tierra ha sido habitable, el colapso es ma\u00f1ana. As\u00ed que estamos viviendo \u00abel d\u00eda antes\u00bb y lo que nos toca, si queremos sobrevivir como especie, es que ese d\u00eda sea tan largo y transformador como podamos. Para que ese \u00abd\u00eda antes\u00bb sea realmente operativo hemos de generar unos escenarios donde la raza humana consiga perdurar.<\/p>\n<p>Desde hace a\u00f1os, hay dise\u00f1adores y te\u00f3ricos que reclaman una funci\u00f3n del dise\u00f1o m\u00e1s all\u00e1 de la de incentivar el consumo. Esta funci\u00f3n es la de mediador; es decir, el dise\u00f1o como disciplina que configura nuestro entorno humanizado, algunos dicen que artificial, es una interfaz entre nosotros y el mundo, entre nosotros y los dem\u00e1s, e incluso entre nosotros y nuestro propio cuerpo. Esa funci\u00f3n de mediaci\u00f3n no ha sido nunca tan evidente como ahora, cuando desde las pantallas vemos el mundo o cuando durante meses hemos tenido que desinfectar todo objeto que toc\u00e1bamos o cuando filtr\u00e1bamos hasta el aire que respir\u00e1bamos.<\/p>\n<p>Pero m\u00e1s all\u00e1 de lo coyuntural que tiene la covid-19, esa mediaci\u00f3n cobra una dimensi\u00f3n social, o ecosocial. El dise\u00f1o ya no puede ser solo una forma de vender m\u00e1s, debe ser una forma de habitar el mundo, que puede hacer que ese vivir sea posible o no. En realidad, la idea es formular, desde el dise\u00f1o, una nueva relaci\u00f3n con los objetos, que es una nueva relaci\u00f3n con el consumo. No negarlo, porque ser\u00eda absurdo, sino intentar que sea m\u00e1s sensato. Este libro intenta abrir caminos hacia esa direcci\u00f3n.<\/p>\n<p>&nbsp;<\/p>\n<p><span class=\"Apple-converted-space\">SOBRE El AUTOR<br \/>\n<\/span><strong>\u00d3scar Guayabero<\/strong> (\u00d3scar Mart\u00ednez Puerta) nace en el Raval de Barcelona en 1968. Realiza estudios de Dise\u00f1o Industrial en la Escuela Massana de esta ciudad. Su trabajo se desarrolla entre la teor\u00eda, la cr\u00edtica y el an\u00e1lisis del dise\u00f1o y la arquitectura.<\/p>\n<p>Curador de exposiciones como \u00abDise\u00f1o para vivir\u00bb, trabajo de investigaci\u00f3n que termin\u00f3 en formato expositivo en el Museo del Dise\u00f1o, obteniendo una gran repercusi\u00f3n en prensa y el Premio Ciudad de Barcelona. La exposici\u00f3n tiene continuidad con unas jornadas anuales sobre dise\u00f1o social.<br \/>\nAutor de numerosos libros sobre dise\u00f1o y arquitectura. Algunos de los \u00faltimos son:<br \/>\n\u2013 Retrato imperfecto de Curro Claret, donde aborda el papel social del dise\u00f1o a partir de conversaciones cruzadas de Curro Claret con dise\u00f1adores y artistas.<br \/>\n\u2013 Encants de Barcelona. Memoria gr\u00e1fica del Mercado de Bellcaire, sobre los Encants a partir de fotograf\u00edas de Rafael Vargas.<\/p>\n<p>En la actualidad combina la docencia en el \u00e1rea del dise\u00f1o sostenible y la historia del dise\u00f1o y la imagen de varias escuelas de Barcelona con el asesoramiento externo en materia de comunicaci\u00f3n a instituciones y empresas y proyectos curatoriales. Algunos de los \u00faltimos son Next Bath, una exposici\u00f3n del futuro del ba\u00f1o, por encargo de Roca, l\u00edder mundial del sector, con motivo de su centenario, y una retrospectiva de Javier Mariscal, Abecedario Mariscal.<\/p>\n","protected":false},"excerpt":{"rendered":"<p><a href=\"https:\/\/www.experimenta.es\/tienda\/producto\/el-diseno-para-el-dia-antes-propuestas-para-antes-del-colapso-en-escenarios-poscovid-y-como-es-posible-evitarlo-o-al-menos-intentarlo\/\">*Tambi\u00e9n puedes comprar este libro en papel<\/a><\/p>\n<p><span style=\"color: #ff0000;\"><span style=\"color: #000000;\">Autor:<\/span> \u00d3scar Guayabero<br \/>\n<\/span><\/p>\n<p>Desde hace a\u00f1os, hay dise\u00f1adores y te\u00f3ricos que reclaman una funci\u00f3n del dise\u00f1o m\u00e1s all\u00e1 de la de incentivar el consumo. Esta funci\u00f3n es la de mediador; es decir, el dise\u00f1o como disciplina que configura nuestro entorno humanizado, algunos dicen que artificial, es una interfaz entre nosotros y el mundo, entre nosotros y los dem\u00e1s, e incluso entre nosotros y nuestro propio cuerpo. Esa funci\u00f3n de mediaci\u00f3n no ha sido nunca tan evidente como ahora, cuando desde las pantallas vemos el mundo o cuando durante meses hemos tenido que desinfectar todo objeto que toc\u00e1bamos o cuando filtr\u00e1bamos hasta el aire que respir\u00e1bamos.<\/p>\n<p>Puedes comprar este EPUB en: Amazon, Apple Books, Casa Del Libro, El Corte Ingl\u00e9s, Indigo, Kobo, Livraria Cultura, Per\u00fa eBooks, Siglo del Hombre, Tagusbooks&#8230;<br \/>\nAmazon: <a href=\"https:\/\/www.amazon.es\/gp\/product\/B09PL8Q9GB\/ref=as_li_tl?ie=UTF8&amp;creativeASIN=B09PL8Q9GB&amp;linkCode=as2\">Espa\u00f1a<\/a>\u00a0| <a href=\"https:\/\/www.amazon.com\/gp\/product\/B09PL8Q9GB\/ref=as_li_tl?ie=UTF8&amp;creativeASIN=B09PL8Q9GB&amp;linkCode=as2\">Estados Unidos<\/a>\u00a0| <a href=\"https:\/\/www.amazon.com.mx\/gp\/product\/B09PL8Q9GB\/ref=as_li_tl?ie=UTF8&amp;creativeASIN=B09PL8Q9GB&amp;linkCode=as2\">Mexico<\/a><br \/>\nApple Books: <a href=\"https:\/\/books.apple.com\/es\/book\/el-dise%C3%B1o-para-el-d%C3%ADa-antes\/id1603045873\">Espa\u00f1a<\/a>\u00a0| <a href=\"https:\/\/books.apple.com\/es\/book\/el-dise%C3%B1o-para-el-d%C3%ADa-antes\/id1603045873\">Estados Unidos<\/a>\u00a0| <a href=\"https:\/\/books.apple.com\/es\/book\/el-dise%C3%B1o-para-el-d%C3%ADa-antes\/id1603045873\">Mexico<\/a><br \/>\nLa Casa del Libro<br \/>\nEl Corte Ingl\u00e9s<br \/>\n<a href=\"https:\/\/www.fnac.es\/SearchResult\/ResultList.aspx?SCat=0%211&amp;Search=9788418049644\">Fnac<\/a><\/p>\n<ul class=\"a-unordered-list a-nostyle a-vertical a-spacing-none detail-bullet-list\">\n<li><span class=\"a-list-item\"><span class=\"a-text-bold\">Idioma:\u00a0<\/span>Espa\u00f1ol<\/span><\/li>\n<li>ISBN: 978-84-18049-64-4<\/li>\n<li><span class=\"a-list-item\"><span class=\"a-text-bold\">Editorial : <\/span>Experimenta Libros<\/span><\/li>\n<li>Formato: EPUB con DRM<\/li>\n<li><span class=\"a-list-item\"><span class=\"a-text-bold\">Tipograf\u00eda mejorada : <\/span>Activado<\/span><\/li>\n<li>Interior: negro<\/li>\n<\/ul>\n","protected":false},"featured_media":59840,"comment_status":"open","ping_status":"closed","template":"","meta":[],"product_cat":[9892,9801,9898],"product_tag":[9730,9873,9764,9642,9591,9777,9766,9641,9794,9770,9714,9762,9786,9746,9778],"jetpack_sharing_enabled":true,"_links":{"self":[{"href":"https:\/\/www.experimenta.es\/tienda\/wp-json\/wp\/v2\/product\/59839"}],"collection":[{"href":"https:\/\/www.experimenta.es\/tienda\/wp-json\/wp\/v2\/product"}],"about":[{"href":"https:\/\/www.experimenta.es\/tienda\/wp-json\/wp\/v2\/types\/product"}],"replies":[{"embeddable":true,"href":"https:\/\/www.experimenta.es\/tienda\/wp-json\/wp\/v2\/comments?post=59839"}],"wp:featuredmedia":[{"embeddable":true,"href":"https:\/\/www.experimenta.es\/tienda\/wp-json\/wp\/v2\/media\/59840"}],"wp:attachment":[{"href":"https:\/\/www.experimenta.es\/tienda\/wp-json\/wp\/v2\/media?parent=59839"}],"wp:term":[{"taxonomy":"product_cat","embeddable":true,"href":"https:\/\/www.experimenta.es\/tienda\/wp-json\/wp\/v2\/product_cat?post=59839"},{"taxonomy":"product_tag","embeddable":true,"href":"https:\/\/www.experimenta.es\/tienda\/wp-json\/wp\/v2\/product_tag?post=59839"}],"curies":[{"name":"wp","href":"https:\/\/api.w.org\/{rel}","templated":true}]}}