{"id":60629,"date":"2022-09-07T16:11:20","date_gmt":"2022-09-07T14:11:20","guid":{"rendered":"https:\/\/www.experimenta.es\/tienda\/?post_type=product&#038;p=60629"},"modified":"2026-04-10T18:30:23","modified_gmt":"2026-04-10T16:30:23","slug":"el-alma-de-los-objetos-una-mirada-antropologica-del-diseno","status":"publish","type":"product","link":"https:\/\/www.experimenta.es\/tienda\/producto\/el-alma-de-los-objetos-una-mirada-antropologica-del-diseno\/","title":{"rendered":"El alma de los objetos"},"content":{"rendered":"<p><strong>\u00bfPor qu\u00e9 deber\u00eda importarnos el dise\u00f1o?<\/strong><br \/>\nEs una de las preguntas que nos plantea <strong>Luj\u00e1n Cambariere<\/strong> y de su respuesta se desprenden muchos caminos. Nuestra vida cotidiana est\u00e1 atravesada por el dise\u00f1o en todo momento, desde las posibilidades de uso que nos ofrece una cuchara, viajar en avi\u00f3n o el desarrollo de instrumentos quir\u00fargicos para nuestra salud. Es por eso que la relaci\u00f3n de esta disciplina con las personas es m\u00e1s importante de lo que suponemos. Esta importancia la podemos percibir cuando le adjudicamos un valor diferencial a determinados objetos que llamamos \u201ctalismanes\u201d. <strong>Los objetos no solo tienen energ\u00eda, tambi\u00e9n poseen una magia propia, un aura.<\/strong><br \/>\nUna vez analizados estos temas, Cambariere abre una puerta al dise\u00f1o en el Sur y el ADN que nos diferencia del resto del mundo: <strong>la imaginaci\u00f3n como herramienta, la reutilizaci\u00f3n de materias primas y el consumo consciente.<\/strong><br \/>\nHa nacido <strong>un nuevo paradigma en el dise\u00f1o<\/strong> y Am\u00e9rica Latina es pionero en \u00e9l. Un paradigma <strong>que se basa en el binomio artesan\u00eda-dise\u00f1o, en el comercio justo, el medioambiente y en el que la \u00e9tica predomina por sobre la est\u00e9tica.<\/strong> El rol del dise\u00f1ador ha cambiado porque los escenarios son otros, y el Sur es el nuevo Norte.<br \/>\n<strong>El alma de los objetos es un libro imprescindible<\/strong> para entender los cambios que se est\u00e1n dando en el campo del dise\u00f1o y la relaci\u00f3n entre los objetos y las personas en el mundo actual.<\/p>\n<p>&nbsp;<\/p>\n<p><span class=\"Apple-converted-space\">SOBRE LA AUTORA<br \/>\n<\/span><\/p>\n<p><strong>Luj\u00e1n Cambariere<\/strong> es Licenciada en Periodismo por la Universidad del Salvador, ha obtenido un posgrado en Dise\u00f1o de la Comunicaci\u00f3n en la FADU (Universidad de Buenos Aires). Trabaja desde hace m\u00e1s de veinte a\u00f1os en medios gr\u00e1ficos, televisivos y radiales, y como curadora y gestora cultural especializada en dise\u00f1o y tem\u00e1ticas sociales. Edita la secci\u00f3n relativa al dise\u00f1o del suplemento \u201cm2\u201d (P\u00e1gina\/12) desde el a\u00f1o 2000 y la Revista Barz\u00f3n desde su inicio, en 2005. Adem\u00e1s fue columnista del programa Recurso natural (TV P\u00fablica\/Argentina) y del segmento \u201cModelo de pa\u00eds\u201d en el programa Vivo en Argentina (Canal 7\/Argentina).<br \/>\nSu trabajo fue galardonado con el Premio Gota en el Mar que otorga la Fundaci\u00f3n Germ\u00e1n Sope\u00f1a al periodismo solidario (2004, 2005 y 2007) y con la beca Avina de Investigaci\u00f3n Period\u00edstica al Desarrollo Sostenible (2006-2007). Tambi\u00e9n es la creadora y directora de \u00c1tico de Dise\u00f1o, escuela que desarrolla todo tipo de capacitaciones, proyectos y talleres con t\u00e9cnicas y materiales diversos, orientada \u00a0hacia el dise\u00f1o como herramienta de inclusi\u00f3n. Ha expuesto en los museos y bienales m\u00e1s importantes del mundo, entre ellos: Malba, (Buenos Aires); Museu da Casa Brasileira, A Casa Museu do Objeto Brasileiro, Bienal Internacional de Curitiba (Brasil); Mac (Chile); Biennal e Internationale Design Saint-\u00c9tienne (Francia); Mad Museum (Nueva York) y V&amp;A Museum (Londres).<\/p>\n<p>&nbsp;<\/p>\n<p><strong>\u00cdNDICE<\/strong><br \/>\n<strong>&#8211; AGRADECIMIENTOS<\/strong><br \/>\n<strong>&#8211; PALABRAS PRELIMINARES<\/strong><br \/>\n<strong>&#8211; CAP\u00cdTULO 1. DISE\u00d1O Y VALORES HUMANOS<\/strong><br \/>\nEl amor, el juego, la celebraci\u00f3n, todos los valores m\u00e1s profundos y esenciales de la vida pueden materializarse, recuperarse y experimentarse a trav\u00e9s del dise\u00f1o.<br \/>\nA. El amor por los objetos<br \/>\nB. La vida es juego<br \/>\nC. Celebrar la creatividad<br \/>\n<strong>&#8211; CAP\u00cdTULO 2. EL MAN\u00c1 DE LOS OBJETOS<\/strong><br \/>\nEnerg\u00eda, numen, aura\u2026 Los objetos tienen alma o lo que los antrop\u00f3logos definen como \u201cman\u00e1\u201d, una fuerza an\u00f3nima que los anima y que aqu\u00ed intentaremos descifrar para hacer surgir su magia en lo cotidiano.<br \/>\nA. Los objetos en relaci\u00f3n con lo sagrado<br \/>\nB. Objetos con alma o \u201carte-sano\u201d<br \/>\n<strong>&#8211; CAP\u00cdTULO 3. EL ADN ORIGINAL DEL SUR<\/strong><br \/>\nDurante a\u00f1os, los referentes de la disciplina estuvieron en el Norte; sin embargo, en cuestiones que tienen que ver con dise\u00f1o y consumo sustentable, desde lo ambiental y lo social, Latinoam\u00e9rica ha sido siempre pionera.<br \/>\nA. El m\u00ednimo recurso que es el m\u00e1ximo: la imaginaci\u00f3n<br \/>\nB. El don de transmutar<br \/>\nC. Conciencia versus consumo<br \/>\nD. Hacia una ecosof\u00eda<br \/>\n<strong>&#8211; CAP\u00cdTULO 4. DISE\u00d1AR ES COMUNICAR<\/strong><br \/>\nEl dise\u00f1o requiere de la comunicaci\u00f3n y la comunicaci\u00f3n del dise\u00f1o. Cambian las herramientas y las mec\u00e1nicas, pero la acci\u00f3n clave que comparten (el \u201csaber hacer\u201d o \u201chacer saber\u201d), es la misma.<br \/>\nA. \u201cSaber hacer y hacer saber\u201d<br \/>\nB. El dise\u00f1o es el mensaje<br \/>\nC. El fin son las personas<br \/>\nD. \u00bfSaturados de comunicaci\u00f3n y objetos?<br \/>\nE. Comunicar al Sur del Sur<br \/>\n<strong>&#8211; CAP\u00cdTULO 5. NUEVOS ESCENARIOS, NUEVO PARADIGMA<\/strong><br \/>\nNuevos escenarios para el dise\u00f1o en los que la \u00e9tica prima sobre la est\u00e9tica y la innovaci\u00f3n no deja de lado lo social.<br \/>\nA. Dise\u00f1o &amp; artesan\u00eda<br \/>\nB. Innovaci\u00f3n social = Innovaci\u00f3n genuina<br \/>\n<strong>&#8211; A MODO DE CONCLUSI\u00d3N<\/strong><br \/>\n<strong>&#8211; BIBLIOGRAF\u00cdA<\/strong><\/p>\n","protected":false},"excerpt":{"rendered":"<p><span style=\"color: #ff0000;\"><span style=\"color: #000000;\">Autor:<\/span> Luj\u00e1n Cambariere<br \/>\n<\/span><\/p>\n<div>\n<p>\u00bfPor qu\u00e9 deber\u00eda importarnos el dise\u00f1o?<br \/>\nEs una de las preguntas que nos plantea Luj\u00e1n Cambariere en <strong><em>El alma de los objetos. Una mirada antropol\u00f3gica del dise\u00f1o<\/em><\/strong>\u00a0y de su respuesta se desprenden muchos caminos. La relaci\u00f3n de esta disciplina con las personas es m\u00e1s importante de lo que suponemos. Esta importancia la podemos percibir cuando le adjudicamos un valor diferencial a determinados objetos que llamamos \u201ctalismanes\u201d. <strong>Los objetos no solo tienen energ\u00eda, tambi\u00e9n poseen una magia propia, un aura.<\/strong><\/p>\n<p>English edition also available \u27bc <a href=\"https:\/\/www.experimenta.es\/tienda\/producto\/the-soul-of-objects\/\">The soul of objects. An Anthropological View of Design.<\/a><\/p>\n<\/div>\n<p>&nbsp;<\/p>\n<ul>\n<li>ISBN: 978-84-18049-90-3<\/li>\n<li>Medidas: 15,5 x 21 cm<\/li>\n<li>P\u00e1ginas: 208<\/li>\n<li>Encuadernaci\u00f3n: R\u00fastica<\/li>\n<li>Impresi\u00f3n interior: Negro<\/li>\n<li>Edici\u00f3n: Experimenta Libros<\/li>\n<\/ul>\n","protected":false},"featured_media":60652,"comment_status":"open","ping_status":"closed","template":"","meta":[],"product_cat":[9892,9898,7313],"product_tag":[9888,9900,9859,9641,9762,9861,9860,9746],"jetpack_sharing_enabled":true,"_links":{"self":[{"href":"https:\/\/www.experimenta.es\/tienda\/wp-json\/wp\/v2\/product\/60629"}],"collection":[{"href":"https:\/\/www.experimenta.es\/tienda\/wp-json\/wp\/v2\/product"}],"about":[{"href":"https:\/\/www.experimenta.es\/tienda\/wp-json\/wp\/v2\/types\/product"}],"replies":[{"embeddable":true,"href":"https:\/\/www.experimenta.es\/tienda\/wp-json\/wp\/v2\/comments?post=60629"}],"wp:featuredmedia":[{"embeddable":true,"href":"https:\/\/www.experimenta.es\/tienda\/wp-json\/wp\/v2\/media\/60652"}],"wp:attachment":[{"href":"https:\/\/www.experimenta.es\/tienda\/wp-json\/wp\/v2\/media?parent=60629"}],"wp:term":[{"taxonomy":"product_cat","embeddable":true,"href":"https:\/\/www.experimenta.es\/tienda\/wp-json\/wp\/v2\/product_cat?post=60629"},{"taxonomy":"product_tag","embeddable":true,"href":"https:\/\/www.experimenta.es\/tienda\/wp-json\/wp\/v2\/product_tag?post=60629"}],"curies":[{"name":"wp","href":"https:\/\/api.w.org\/{rel}","templated":true}]}}