{"id":60636,"date":"2022-09-07T16:47:45","date_gmt":"2022-09-07T14:47:45","guid":{"rendered":"https:\/\/www.experimenta.es\/tienda\/?post_type=product&#038;p=60636"},"modified":"2024-10-14T21:07:53","modified_gmt":"2024-10-14T19:07:53","slug":"el-cartel-arte-multiple-en-la-sociedad-urbana","status":"publish","type":"product","link":"https:\/\/www.experimenta.es\/tienda\/producto\/el-cartel-arte-multiple-en-la-sociedad-urbana\/","title":{"rendered":"El Cartel. Arte m\u00faltiple en la sociedad urbana."},"content":{"rendered":"<p><strong>El reencuentro de ambos creadores espa\u00f1oles, Joan Costa (Badalona, 1926) y Santiago Pol (Cardedeu, 1946), ha sido la chispa que ha alumbrado este libro.<\/strong> Un nuevo aporte a la cultura de la imagen y de la comunicaci\u00f3n visual en la din\u00e1mica de la vida cotidiana.<br \/>\nEl Cartel es el Arte de la Calle, y el paradigma de la comunicaci\u00f3n visual, afirma Joan Costa. Y a\u00f1ade \u201ccada cartel de Santiago Pol es una provocaci\u00f3n y un acontecimiento visual extraordinario\u201d.<br \/>\nCiertamente, <strong>el cartel es el arte de la s\u00edntesis. De la inteligencia creativa y del genio esquem\u00e1tico que sabe expresar en el limitado espacio gr\u00e1fico del cartel, aquello que atrae la mirada, la retiene y le env\u00eda un reclamo,<\/strong> aunque solo sea por un instante, una sorpresa inesperada: una evidencia ins\u00f3lita.<\/p>\n<p><em>The reunion of both artists, Joan Costa (Badalona, 1926) and Santiago Pol (Cardedeu, 1946), is the spark that has lit the flame of this book. A new contribution to the culture of the image and of the visual communication in everyday dynamics. <\/em><br \/>\n<em>The Poster is the Art of the Streets, and is the paradigm of communications, affirms Joan Costa. And he adds \u201cevery poster by Santiago Pol is a provocation and an extraordinary visual event\u201d.<\/em><br \/>\n<em>Certainly, the poster is the art of synthesis. Of creative intelligence, of schematic genius that knows to allure the eyes and to amaze with an unexpected proposal: an unbelievable evidence.<\/em><\/p>\n<p>&nbsp;<\/p>\n<p><span class=\"Apple-converted-space\">SOBRE LOS AUTORES<br \/>\n<\/span><strong>Joan Costa<\/strong> es autodidacta y se define como librepensador y francotirador. Es dise\u00f1ador, soci\u00f3logo, comunic\u00f3logo y metod\u00f3logo. A finales de los \u201960 crea la primera Consultora en Imagen y Comunicaci\u00f3n e inicia sus colaboraciones con empresas y universidades de Europa y Am\u00e9rica. En los a\u00f1os \u201980 crea y dirige la primera Enciclopedia del Dise\u00f1o, con 12 vol\u00famenes, entre ellos Se\u00f1al\u00e9tica e Imagen Global que aportan conceptos, teor\u00eda y metodolog\u00eda y se afirman como disciplinas de dise\u00f1o. En 1999 publica en M\u00e9xico el Manifiesto por el Dise\u00f1o del siglo XXI, un a\u00f1o antes del c\u00e9lebre First Things First Manifesto 2000. Sus aportes pioneros en Esquem\u00e1tica, la ciencia de los esquemas (1998) y Esquematismo (2019) son las obras de referencia en esta nueva disciplina. Su actual trabajo en Cientigraf\u00eda integra la imaginer\u00eda cient\u00edfica en una categor\u00eda espec\u00edfica de la comunicaci\u00f3n visual. Costa ha dado contenido pragm\u00e1tico-cient\u00edfico y modelos de gesti\u00f3n a la disciplina de Direcci\u00f3n de Comunicaci\u00f3n, DirCom. Es autor de 50 libros sobre Imagen, Comunicaci\u00f3n, Dise\u00f1o e Innovaci\u00f3n. Doctor Honoris causa en Espa\u00f1a, Argentina y Per\u00fa. Actualmente centra su actividad en los cursos, investigaciones y publicaciones desde Joan Costa Institute.<\/p>\n<p><strong>Santiago Pol<\/strong> (Cardedeu, Barcelona, 1946). Maestro de las artes gr\u00e1ficas de trayectoria internacional. \u00a0Es miembro de Alliance Graphique Internationale (AGI) desde 1997. Perteneci\u00f3 a algunos de los grupos de arte de la vanguardia venezolana del siglo XX. En 50 a\u00f1os de trabajo ha elaborado m\u00e1s de 700 carteles y ha sido ganador de numerosos premios internacionales. Cultiv\u00f3 una larga carrera como docente en PROdise\u00f1o Caracas, la Escuela de Artes de la Universidad Central de Venezuela y la Universidad de Yaracuy, entre otras instituciones. Ha sido conferenciante en distintas partes del mundo y ha participado en bienales internacionales de dise\u00f1o en Bolivia, Polonia, M\u00e9xico, Finlandia, China, Rep\u00fablica Checa y Jap\u00f3n, entre otras. Sus carteles forman parte de las colecciones de artes gr\u00e1ficas del Museo de la Estampa y del Dise\u00f1o Carlos Cruz- Diez, Caracas; MoMA, Nueva York; Mus\u00e9e des Arts D\u00e9coratifs, Par\u00eds; Israel Museum, Jerusalem; Museo del Afiche, Polonia, y National Library, Washington, entre otros.<\/p>\n","protected":false},"excerpt":{"rendered":"<p><span style=\"color: #ff0000;\"><span style=\"color: #000000;\">Autores:<\/span> Joan Costa y Santiago Pol<\/span><\/p>\n<p>Colecci\u00f3n Experimenta Joan Costa<\/p>\n<p>El reencuentro de ambos creadores espa\u00f1oles, Joan Costa (Badalona, 1926) y Santiago Pol (Cardedeu, 1946), ha sido la chispa que ha alumbrado este libro. <strong>Un nuevo aporte a la cultura de la imagen y de la comunicaci\u00f3n visual<\/strong> en la din\u00e1mica de la vida cotidiana.<\/p>\n<p>&nbsp;<\/p>\n<p>\u00b7 ISBN: 978-84-18049-88-0<br \/>\n\u00b7 Medidas: 16 x 23 x 1,1 cm<br \/>\n\u00b7 P\u00e1ginas: 140<br \/>\n\u00b7 Edici\u00f3n biling\u00fce: Espa\u00f1ol &#8211; Ingl\u00e9s<br \/>\n\u00b7 Impresi\u00f3n interior: Color<\/p>\n","protected":false},"featured_media":60637,"comment_status":"open","ping_status":"closed","template":"","meta":[],"product_cat":[9897,9892,7313],"product_tag":[9902,9873,9591,9864,9641],"jetpack_sharing_enabled":true,"_links":{"self":[{"href":"https:\/\/www.experimenta.es\/tienda\/wp-json\/wp\/v2\/product\/60636"}],"collection":[{"href":"https:\/\/www.experimenta.es\/tienda\/wp-json\/wp\/v2\/product"}],"about":[{"href":"https:\/\/www.experimenta.es\/tienda\/wp-json\/wp\/v2\/types\/product"}],"replies":[{"embeddable":true,"href":"https:\/\/www.experimenta.es\/tienda\/wp-json\/wp\/v2\/comments?post=60636"}],"wp:featuredmedia":[{"embeddable":true,"href":"https:\/\/www.experimenta.es\/tienda\/wp-json\/wp\/v2\/media\/60637"}],"wp:attachment":[{"href":"https:\/\/www.experimenta.es\/tienda\/wp-json\/wp\/v2\/media?parent=60636"}],"wp:term":[{"taxonomy":"product_cat","embeddable":true,"href":"https:\/\/www.experimenta.es\/tienda\/wp-json\/wp\/v2\/product_cat?post=60636"},{"taxonomy":"product_tag","embeddable":true,"href":"https:\/\/www.experimenta.es\/tienda\/wp-json\/wp\/v2\/product_tag?post=60636"}],"curies":[{"name":"wp","href":"https:\/\/api.w.org\/{rel}","templated":true}]}}