{"id":60661,"date":"2022-09-09T18:19:28","date_gmt":"2022-09-09T16:19:28","guid":{"rendered":"https:\/\/www.experimenta.es\/tienda\/?post_type=product&#038;p=60661"},"modified":"2025-07-21T20:37:06","modified_gmt":"2025-07-21T18:37:06","slug":"coleccion-sustancia-branding","status":"publish","type":"product","link":"https:\/\/www.experimenta.es\/tienda\/producto\/coleccion-sustancia-branding\/","title":{"rendered":"Colecci\u00f3n Sustancia: Branding"},"content":{"rendered":"<p><span class=\"Apple-converted-space\">SOBRE LOS AUTORES<br \/>\n<\/span><\/p>\n<div>\n<p><strong>Marcelo Ghio\u00a0<\/strong>es Mag\u00edster en Comunicaci\u00f3n y\u00a0Gesti\u00f3n Corporativa (Universidad Mayor, Chile),\u00a0Consultor en Design Thinking (Universidad de\u00a0Salamanca), Diplomado en Comunicaci\u00f3n\u00a0Sustentable y Gesti\u00f3n de RSE (Universidad Mayor,\u00a0Chile), y Dise\u00f1ador Gr\u00e1fico (Universidad de Buenos\u00a0Aires).<br \/>\nDesarroll\u00f3 su actividad docente en la Universidad de\u00a0Buenos Aires, donde se form\u00f3. Fue director\u00a0acad\u00e9mico en la Escuela Superior de Dise\u00f1o de\u00a0Buenos Aires. En la Universidad de Palermo cre\u00f3 y\u00a0dirigi\u00f3 la especializaci\u00f3n de Dise\u00f1o de Imagen\u00a0Empresaria y Branding. Se desempe\u00f1\u00f3 como\u00a0Decano de la Facultad de Dise\u00f1o y Comunicaci\u00f3n\u00a0ISIL, en Lima, Per\u00fa.<br \/>\nEs conferencista. Se ha presentado en m\u00e1s de 40\u00a0diferentes ciudades de Argentina, Espa\u00f1a, Chile,\u00a0Per\u00fa, M\u00e9xico, Costa Rica, Panam\u00e1, Ecuador, Uruguay,\u00a0Bolivia y Colombia con talleres y conferencias.\u00a0Publica con continuidad en medios gr\u00e1ficos y\u00a0digitales de diferentes pa\u00edses, art\u00edculos sobre\u00a0branding, marketing, dise\u00f1o, gesti\u00f3n y cultura social.<br \/>\nEs Director de estrategia y editor en Editorial\u00a0Experimenta (Madrid) y Director de OXB-Branding\u00a0(Madrid \/ Buenos Aires). Desarrolla su actividad\u00a0profesional liderando proyectos y asesor\u00edas en\u00a0branding, gesti\u00f3n y dise\u00f1o para empresas y\u00a0organizaciones -tanto p\u00fablicas como privadas- en\u00a0diferentes pa\u00edses.<\/p>\n<p><strong>Paco Egea Mart\u00ednez<\/strong> es profesional de la comunicaci\u00f3n desde hace cuatro d\u00e9cadas. Despu\u00e9s de cinco a\u00f1os en producci\u00f3n teatral y musical en Madrid, trabajando para compa\u00f1\u00edas y artistas de alto nivel, se traslad\u00f3 a la ciudad de Murcia, donde trabaj\u00f3 hasta el a\u00f1o 1990 en la agencia de publicidad Mipex. Desde all\u00ed regresa a Madrid para incorporarse a Maketa y luego a SCG, en el \u00e1rea de estrategia y servicios al cliente. A finales del 2000 crea su propia agencia, Cronos 24 Comunicaci\u00f3n Activa.<\/p>\n<\/div>\n<div>Ha impartido charlas y cursos sobre publicidad, comunicaci\u00f3n y marca en escuelas de negocios, fundaciones y foros universitarios.<\/div>\n<div>Es autor del libro T\u00fa Comunicas, editado tambi\u00e9n por Experimenta Libros, un ensayo divulgativo que propone acercar el lenguaje y los secretos de la comunicaci\u00f3n a los usos cotidianos y las relaciones personales.<\/div>\n<div>Dentro de la Marca es un libro que repasa las dimensiones de la gesti\u00f3n de la identidad empresarial y de marca, tanto gr\u00e1fica y visual, como estrat\u00e9gica y mental.<\/div>\n<div><strong><br \/>\nClaudio Seguel<\/strong> es publicista, CEO y strategic storyteller de la consultora Brand Story. Magister en comunicaci\u00f3n estrat\u00e9gica en la Pontificia Universidad Cat\u00f3lica de Chile, lleva m\u00e1s de 15 a\u00f1os en el mundo de la publicidad, trabajando en agencias como Prolam Young and Rubicam, Leo Burnett, entre otras. Despu\u00e9s decidi\u00f3 montar su propia consultora Brandstory, para asesorar a empresas en la construcci\u00f3n de marca. Actualmente ejerce como acad\u00e9mico de la Pontificia Universidad Cat\u00f3lica de Chile para el curso de Relatos Publicitarios.<\/div>\n","protected":false},"excerpt":{"rendered":"<p><span style=\"color: #ff0000;\"><span style=\"color: #000000;\">Contiene:<\/span><\/span><\/p>\n<ul>\n<li><a href=\"https:\/\/www.experimenta.es\/tienda\/producto\/oxitobrands-marcas-humanas-para-un-mercado-emocional-edicion-10o-aniversario\/\"><strong>Oxitobrands:<\/strong> marcas humanas para un mercado emocional. Edici\u00f3n 10\u00ba aniversario<\/a><\/li>\n<li><a href=\"https:\/\/www.experimenta.es\/tienda\/producto\/dentro-de-la-marca-la-gestion-de-la-identidad\/\"><strong>Dentro de la marca.<\/strong> La gesti\u00f3n de la identidad.<\/a><\/li>\n<li><a href=\"https:\/\/www.experimenta.es\/tienda\/producto\/brandstory-historias-que-dejan-marca\/\"><strong>Brandstory.<\/strong> Historias que dejan marca.<\/a><\/li>\n<\/ul>\n","protected":false},"featured_media":60662,"comment_status":"open","ping_status":"closed","template":"","meta":[],"product_cat":[9893,7313],"product_tag":[9732,9730,9859,9735,9642,9591,9641,9770,9707,9762,9733,9861,9860,9778],"jetpack_sharing_enabled":true,"_links":{"self":[{"href":"https:\/\/www.experimenta.es\/tienda\/wp-json\/wp\/v2\/product\/60661"}],"collection":[{"href":"https:\/\/www.experimenta.es\/tienda\/wp-json\/wp\/v2\/product"}],"about":[{"href":"https:\/\/www.experimenta.es\/tienda\/wp-json\/wp\/v2\/types\/product"}],"replies":[{"embeddable":true,"href":"https:\/\/www.experimenta.es\/tienda\/wp-json\/wp\/v2\/comments?post=60661"}],"wp:featuredmedia":[{"embeddable":true,"href":"https:\/\/www.experimenta.es\/tienda\/wp-json\/wp\/v2\/media\/60662"}],"wp:attachment":[{"href":"https:\/\/www.experimenta.es\/tienda\/wp-json\/wp\/v2\/media?parent=60661"}],"wp:term":[{"taxonomy":"product_cat","embeddable":true,"href":"https:\/\/www.experimenta.es\/tienda\/wp-json\/wp\/v2\/product_cat?post=60661"},{"taxonomy":"product_tag","embeddable":true,"href":"https:\/\/www.experimenta.es\/tienda\/wp-json\/wp\/v2\/product_tag?post=60661"}],"curies":[{"name":"wp","href":"https:\/\/api.w.org\/{rel}","templated":true}]}}