{"id":61788,"date":"2024-01-17T12:36:32","date_gmt":"2024-01-17T11:36:32","guid":{"rendered":"https:\/\/www.experimenta.es\/tienda\/?post_type=product&#038;p=61788"},"modified":"2025-06-11T01:54:03","modified_gmt":"2025-06-10T23:54:03","slug":"a-costa-mia","status":"publish","type":"product","link":"https:\/\/www.experimenta.es\/tienda\/producto\/a-costa-mia\/","title":{"rendered":"A Costa M\u00eda"},"content":{"rendered":"<p><em>\u00abEl tema clave ahora consiste en tomar consciencia de que el futuro no est\u00e1 escrito y de que hay que ser capaces de imaginar otra realidad\u00bb.<\/em> Joan Costa<\/p>\n<p><strong>Joan estaba convencido de que el conocimiento nos hace mejores. No solo desde una mirada profesional, sino desde una perspectiva humana. La idea de construir entre todos una \u00absociedad del conocimiento\u00bb basada en la libertad y en contra de cualquier visi\u00f3n totalitaria ha sido desde siempre uno de sus objetivos fundamentales y el impulso de su vocaci\u00f3n docente.<\/strong><\/p>\n<p>Esa vocaci\u00f3n docente, ese af\u00e1n divulgador, es el que lo llev\u00f3 a aceptar la invitaci\u00f3n que le hicimos en Experimenta en 2019 para que, quincenalmente, escribiera una columna en la que pudiera compartir sus ideas, reflexiones y \u2014tambi\u00e9n\u2014 su \u00e1cido sentido del humor. As\u00ed naci\u00f3 A Costa m\u00eda, un espacio pionero en Experimenta.<\/p>\n<p><strong>Este libro recoge, como una bit\u00e1cora que registra un viaje a trav\u00e9s del conocimiento, todas las columnas publicadas por Joan Costa en Experimenta y algunas otras in\u00e9ditas. A las que se suman como ep\u00edlogo los aportes de quienes han sido sus colegas, alumnos y familiares cercanos, como homenaje y presencia viva.<\/strong><\/p>\n<p>Durante tres a\u00f1os, sin pausa, Joan Costa regal\u00f3 a todos los lectores un c\u00famulo de reflexiones diversas, que abarcaban desde la comunicaci\u00f3n hasta el dise\u00f1o, pasando por el arte, la rob\u00f3tica, la filosof\u00eda e infinidad de temas. Porque, se sabe, <strong>el universo Costa es inabarcable desde una mirada dogm\u00e1tica y un\u00edvoca. Un universo que nos anima a mover las fronteras mentales en la b\u00fasqueda del conocimiento.<\/strong><\/p>\n<p>Joan nos deja un legado fant\u00e1stico y con \u00e9l, la responsabilidad de mantenerlo vigente. Un legado que, si algo hemos aprendido de \u00e9l, nos har\u00e1 mejores profesionales y, muy especialmente, personas.<\/p>\n<p><strong>\u00abA Costa M\u00eda. Las columnas de Joan Costa en Experimenta\u00bb cuenta con la colaboraci\u00f3n de Esther Costa, Merc\u00e8 Costa, Pito Costa, Roser Costa, Vicent Almi\u00f1ana, Albert Culler\u00e9, Ana Mar\u00eda Enrique, Albert Isern, Est\u00edbaliz Romero y Marcelo Ghio.<\/strong><\/p>\n<p><strong><em>\u00abJoan Costa fue pionero en academizar los atributos de la comunicaci\u00f3n visual, le fascinaba el hecho que la humanidad antes de la creaci\u00f3n de la lengua \u2013los idiomas\u2013 el ser humano se expresara mediante los gestos y los signos.\u00bb<\/em><\/strong><br \/>\nVicent Almi\u00f1ana<\/p>\n<p><strong><em>\u00abDesde las primeras de estas columnas, no pude evitar pensar en la \u00faltima obra de Picasso, m\u00e1s libre que nunca, una obra de despedida que segu\u00eda celebrando la vida antes de tener que decir adi\u00f3s a todo esto.\u00bb<\/em><\/strong><br \/>\nAlbert Culler\u00e9<\/p>\n<p><strong><em>\u00abLa comunidad universitaria est\u00e1 en deuda con la prolija obra de Costa. A menudo pienso que \u00e9l nos aport\u00f3 m\u00e1s de lo que nosotros en la academia pudimos reconocerle.\u00bb<\/em><\/strong><br \/>\nAna Mar\u00eda Enrique<\/p>\n<p>&nbsp;<\/p>\n<p><span class=\"Apple-converted-space\">SOBRE EL AUTOR<br \/>\n<\/span><strong>Joan Costa <\/strong>era autodidacta y se defin\u00eda como librepensador y francotirador. Dise\u00f1ador, soci\u00f3logo, comunic\u00f3logo y metod\u00f3logo, a finales de los \u201960 crea la primera Consultora en Imagen y Comunicaci\u00f3n e inicia sus colaboraciones con empresas y universidades de Europa y Am\u00e9rica.<\/p>\n<p>En los a\u00f1os \u201980 crea y dirige la primera Enciclopedia del Dise\u00f1o, con 12 vol\u00famenes, entre ellos Se\u00f1al\u00e9tica e Imagen Global que aportan conceptos, teor\u00eda y metodolog\u00eda y se afirman como disciplinas de dise\u00f1o.<\/p>\n<p>En 1999 publica en M\u00e9xico el Manifiesto por el Dise\u00f1o del siglo XXI, un a\u00f1o antes del c\u00e9lebre First Things First Manifesto 2000. Sus aportes pioneros en Esquem\u00e1tica, la ciencia de los esquemas (1998) y Esquematismo (2019) son las obras de referencia en esta nueva disciplina. Su trabajo en Cientigraf\u00eda integra la imaginer\u00eda cient\u00edfica en una categor\u00eda espec\u00edfica de la comunicaci\u00f3n visual.<\/p>\n<p>Costa ha dado contenido pragm\u00e1tico -cient\u00edfico y modelos de gesti\u00f3n a la disciplina de Direcci\u00f3n de Comunicaci\u00f3n, DirCom. Es autor de m\u00e1s de 50 libros sobre Imagen, Comunicaci\u00f3n, Dise\u00f1o e Innovaci\u00f3n. Doctor Honoris causa en Espa\u00f1a, Argentina y Per\u00fa.<br \/>\nAutor destacado de Experimenta Libros y colaborador permanente en revista Experimenta (2019-2022).<\/p>\n","protected":false},"excerpt":{"rendered":"<p>Las columnas de Joan Costa en Experimenta<br \/>\nAutor: <span style=\"color: #ff0000;\">Joan Costa<\/span><br \/>\nEditado por Experimenta Libros. Colecci\u00f3n Experimenta Joan Costa<\/p>\n<p>Este libro recoge, como una bit\u00e1cora que registra un viaje a trav\u00e9s del conocimiento, todas las columnas publicadas por Joan Costa en Experimenta y algunas in\u00e9ditas. A las que se suman como ep\u00edlogo los aportes de quienes han sido sus colegas, alumnos y familiares cercanos, como homenaje y presencia viva.<\/p>\n<p>Durante tres a\u00f1os, sin pausa, Joan Costa regal\u00f3 a todos los lectores un c\u00famulo de reflexiones diversas, que abarcaban desde la comunicaci\u00f3n hasta el dise\u00f1o, pasando por el arte, la rob\u00f3tica, la filosof\u00eda e infinidad de temas. Porque, se sabe, el universo Costa es inabarcable desde una mirada dogm\u00e1tica y un\u00edvoca.<\/p>\n<p>\u00b7 ISBN: 978-84-19555-08-3<br \/>\n\u00b7 Medidas: 16 x 23 x 1,8 cm<br \/>\n\u00b7 P\u00e1ginas: 228<br \/>\n\u00b7 Impresi\u00f3n interior: Negro con p\u00e1ginas a color<\/p>\n","protected":false},"featured_media":61789,"comment_status":"open","ping_status":"closed","template":"","meta":[],"product_cat":[9895,9892,7313],"product_tag":[9730,9591,9864,9641],"jetpack_sharing_enabled":true,"_links":{"self":[{"href":"https:\/\/www.experimenta.es\/tienda\/wp-json\/wp\/v2\/product\/61788"}],"collection":[{"href":"https:\/\/www.experimenta.es\/tienda\/wp-json\/wp\/v2\/product"}],"about":[{"href":"https:\/\/www.experimenta.es\/tienda\/wp-json\/wp\/v2\/types\/product"}],"replies":[{"embeddable":true,"href":"https:\/\/www.experimenta.es\/tienda\/wp-json\/wp\/v2\/comments?post=61788"}],"wp:featuredmedia":[{"embeddable":true,"href":"https:\/\/www.experimenta.es\/tienda\/wp-json\/wp\/v2\/media\/61789"}],"wp:attachment":[{"href":"https:\/\/www.experimenta.es\/tienda\/wp-json\/wp\/v2\/media?parent=61788"}],"wp:term":[{"taxonomy":"product_cat","embeddable":true,"href":"https:\/\/www.experimenta.es\/tienda\/wp-json\/wp\/v2\/product_cat?post=61788"},{"taxonomy":"product_tag","embeddable":true,"href":"https:\/\/www.experimenta.es\/tienda\/wp-json\/wp\/v2\/product_tag?post=61788"}],"curies":[{"name":"wp","href":"https:\/\/api.w.org\/{rel}","templated":true}]}}