{"id":61950,"date":"2024-04-03T12:24:23","date_gmt":"2024-04-03T10:24:23","guid":{"rendered":"https:\/\/www.experimenta.es\/tienda\/?post_type=product&#038;p=61950"},"modified":"2024-10-14T21:20:57","modified_gmt":"2024-10-14T19:20:57","slug":"cuando-el-diseno-se-hizo-profesion","status":"publish","type":"product","link":"https:\/\/www.experimenta.es\/tienda\/producto\/cuando-el-diseno-se-hizo-profesion\/","title":{"rendered":"Cuando el dise\u00f1o se hizo profesi\u00f3n"},"content":{"rendered":"<p>En noviembre de 2019 Andr\u00e9 Ricard (1929) nos convoc\u00f3 a una reuni\u00f3n en su despacho situado en los bajos del edificio donde reside.<br \/>\nAndr\u00e9 expres\u00f3 el deseo de volver a rememorar los inicios de la actividad del dise\u00f1o industrial en nuestro pa\u00eds preocupado por el hecho de que, a pesar de que se ha escrito y publicado bastante sobre aquellos inicios, este no es un tema que la gente joven tenga muy fresco. Han transcurrido muchos a\u00f1os y bastantes de los protagonistas han desaparecido. Y aunque los libros sobre dise\u00f1o y su historia siguen vigentes y en plena expansi\u00f3n, siendo uno de los m\u00e1s recientes el titulado Dise\u00f1o y franquismo de Oriol Pibernat, <strong>consideramos que este es un buen momento para volver a contarlo, pero esta vez fijando la atenci\u00f3n en algunos detalles concretos. Detalles que buscamos en las vivencias de los protagonistas coet\u00e1neos a nuestro pionero, Andr\u00e9.<\/strong><\/p>\n<p><strong>Los testimonios recogidos en este trabajo, tratan directa o indirectamente sobre el origen y la evoluci\u00f3n de una nueva profesi\u00f3n y la determinaci\u00f3n de unas personas por dedicarse a ella<\/strong>. Los entrevistados no estuvieron todos relacionados entre s\u00ed, pero en determinados momentos coincidieron en el empe\u00f1o para que el dise\u00f1o industrial fuera reconocido como una actividad profesional, como ocurr\u00eda en EUA, Italia, Reino Unido, Alemania y los pa\u00edses escandinavos.<\/p>\n<p>Las iniciativas que se emprendieron en los a\u00f1os sesenta para difundir y prestigiar una nueva profesi\u00f3n en Espa\u00f1a, con la transcripci\u00f3n de algunas vivencias que hemos recogido en estas p\u00e1ginas, llega hasta la actualidad, por un lado, con la normalizaci\u00f3n acad\u00e9mica y laboral de la disciplina del dise\u00f1o. Por contraposici\u00f3n, <strong>hablar de dise\u00f1o vuelve a ser tan ambiguo y sujeto a interpretaciones como en los inicios. Hoy, la palabra dise\u00f1o puede significar todo y nada al mismo tiempo.<\/strong><\/p>\n<p>&nbsp;<\/p>\n<p><em>\u00abA menudo, en los detalles que describen los hechos, se omiten en el relato aspectos que no se consideran relevantes pero que, sin embargo, son parte significativa de la historia. A partir de entrevistas con los pioneros del dise\u00f1o, los autores de \u00abEl big bang del dise\u00f1o industrial\u00bb han realizado una labor de arqueolog\u00eda documental excavando en la memoria de los protagonistas, con la finalidad de profundizar y descubrir unos hallazgos que permitan facilitar, con informaci\u00f3n relevante, la interpretaci\u00f3n del presente en el contexto del dise\u00f1o espa\u00f1ol.<\/em><\/p>\n<p><em>El singular recorrido memor\u00edstico, ilustrado con interesantes an\u00e9cdotas, muestra a lo largo de la obra miradas inesperadas, momentos olvidados, im\u00e1genes extraviadas\u2026 unos hechos de la intrahistoria que dan sentido a la evoluci\u00f3n del dise\u00f1o de producto en Espa\u00f1a desde los a\u00f1os sesenta hasta el presente.<\/em><\/p>\n<p><em>Este libro, orientado a una presentaci\u00f3n de hechos in\u00e9ditos en esta disciplina proyectual, nos introduce en el contexto y ayuda a comprender su evoluci\u00f3n. Asimismo, nos muestra la incidencia social de esta profesi\u00f3n, centra su relato en el dise\u00f1o contempor\u00e1neo y nos describe aspectos relevantes de la singular trayectoria de los dise\u00f1adores pioneros m\u00e1s representativos.\u00bb<\/em><\/p>\n<p>Ram\u00f3n Benedito<\/p>\n<p>&nbsp;<\/p>\n<p><span class=\"Apple-converted-space\">SOBRE LOS AUTORES<br \/>\n<\/span><strong>Pilar Mellado Lluch, <\/strong>Vinalesa (Val\u00e8ncia) 1979 Doctora en Dise\u00f1o, Fabricaci\u00f3n y Gesti\u00f3n de Proyectos Industriales, por la Universidad Polit\u00e9cnica de Valencia (2015) Profesora en el grado en Ingenier\u00eda en Dise\u00f1o Industrial y colaboradora en el M\u00e1ster en Dise\u00f1o y Desarrollo de producto en Elisava, Facultad de Dise\u00f1o e Ingenier\u00eda de Barcelona, desde 2016 a 2021. Actualmente se desempe\u00f1a como profesora en el Grado en Dise\u00f1o de Producto y en el M\u00e1ster Oficial de Creatividad y Dise\u00f1o de Producto, en la EASD Val\u00e8ncia (Escuela de Arte y Superior de Dise\u00f1o de Val\u00e8ncia).<\/p>\n<p><strong>Josep Puig Cabeza,<\/strong> Terrassa (Barcelona) 1959. Dise\u00f1ador industrial por Elisava (1980). Fundador del grupo de dise\u00f1o experimental Transatl\u00e1ntic (1984-1989). Socio del estudio Novell\/Puig Design (1992-2009). Director del M\u00e1ster en Dise\u00f1o y Desarrollo de producto en Elisava, Facultad de Dise\u00f1o e Ingenier\u00eda de Barcelona. Actualmente dirige el estudio Puig[i]Cabeza Design.<\/p>\n<p>&nbsp;<\/p>\n<p><strong>INDICE<\/strong><\/p>\n<p><strong>PR\u00d3LOGO.<br \/>\n<\/strong>El big bang del dise\u00f1o industrial. Ram\u00f3n Benedito<\/p>\n<p><strong>INTRODUCCI\u00d3N<\/strong><\/p>\n<p><strong>CAP\u00cdTULO I<\/strong><br \/>\nLos albores del dise\u00f1o industrial<\/p>\n<p><strong>CAP\u00cdTULO II<\/strong><br \/>\nAndr\u00e9 Ricard, la conexi\u00f3n internacional.<br \/>\n<em>conexi\u00f3n 1.<\/em> Francesc Pernas y el Congreso de Ibiza 71<\/p>\n<p><strong>CAP\u00cdTULO III<\/strong><br \/>\nXavier Bordils, el dise\u00f1o global.<br \/>\n<em>conexi\u00f3n 2.<\/em> Jose M.\u00aa del Rivero y el IPI<\/p>\n<p><strong>CAP\u00cdTULO IV<\/strong><br \/>\nGemma Bernal, una mujer en el dise\u00f1o industrial.<br \/>\n<em>conexi\u00f3n 3.<\/em> Mireia Riera y la edici\u00f3n de dise\u00f1o<\/p>\n<p><strong>CAP\u00cdTULO V<\/strong><br \/>\nJosep M.\u00aa Tremoleda, el dise\u00f1o y la producci\u00f3n.<br \/>\n<em>conexi\u00f3n 4.<\/em> Fernando Amat, dise\u00f1o y comercio<\/p>\n<p><strong>CAP\u00cdTULO VI.<\/strong><br \/>\nSellex, la empresa y el dise\u00f1o en el norte<\/p>\n<p><strong>CAP\u00cdTULO VII.<\/strong><br \/>\nEquipo 57, el dise\u00f1o profesional en Madrid.<br \/>\n<em>conexi\u00f3n 5.<\/em> Tom\u00e1s D\u00edaz Magro<\/p>\n<p><strong>Cap\u00edtulo VIII.<\/strong><br \/>\nVicent Mart\u00ednez, Punt Mobles y las instituciones<\/p>\n<p><strong>EP\u00cdLOGO<\/strong><\/p>\n","protected":false},"excerpt":{"rendered":"<p><span style=\"color: #000000;\"><strong>Los albores del dise\u00f1o industrial en Espa\u00f1a.<\/strong><\/span><\/p>\n<p>Autores: <span style=\"color: #ff0000;\">Pilar Mellado Lluch y Josep Puig Cabeza<\/span><br \/>\nEditado por Experimenta Libros.<\/p>\n<p>Este libro, orientado a una presentaci\u00f3n de hechos in\u00e9ditos en esta disciplina proyectual, nos introduce en el contexto y ayuda a comprender su evoluci\u00f3n. Asimismo, nos muestra la incidencia social de esta profesi\u00f3n, centra su relato en el dise\u00f1o contempor\u00e1neo y nos describe aspectos relevantes de la singular trayectoria de los dise\u00f1adores pioneros m\u00e1s representativos.<\/p>\n<p>\u00b7 ISBN: 978-84-19555-14-4<br \/>\n\u00b7 Medidas: 16 x 23 x 1,3 cm<br \/>\n\u00b7 P\u00e1ginas: 164<br \/>\n\u00b7 Impresi\u00f3n interior: Negro con im\u00e1genes<\/p>\n","protected":false},"featured_media":61951,"comment_status":"open","ping_status":"closed","template":"","meta":[],"product_cat":[9894,9892,9898,9715,7313],"product_tag":[9730,9764,9859,9638,9823,9864,9748,9641,9763,9708,9762],"jetpack_sharing_enabled":true,"_links":{"self":[{"href":"https:\/\/www.experimenta.es\/tienda\/wp-json\/wp\/v2\/product\/61950"}],"collection":[{"href":"https:\/\/www.experimenta.es\/tienda\/wp-json\/wp\/v2\/product"}],"about":[{"href":"https:\/\/www.experimenta.es\/tienda\/wp-json\/wp\/v2\/types\/product"}],"replies":[{"embeddable":true,"href":"https:\/\/www.experimenta.es\/tienda\/wp-json\/wp\/v2\/comments?post=61950"}],"wp:featuredmedia":[{"embeddable":true,"href":"https:\/\/www.experimenta.es\/tienda\/wp-json\/wp\/v2\/media\/61951"}],"wp:attachment":[{"href":"https:\/\/www.experimenta.es\/tienda\/wp-json\/wp\/v2\/media?parent=61950"}],"wp:term":[{"taxonomy":"product_cat","embeddable":true,"href":"https:\/\/www.experimenta.es\/tienda\/wp-json\/wp\/v2\/product_cat?post=61950"},{"taxonomy":"product_tag","embeddable":true,"href":"https:\/\/www.experimenta.es\/tienda\/wp-json\/wp\/v2\/product_tag?post=61950"}],"curies":[{"name":"wp","href":"https:\/\/api.w.org\/{rel}","templated":true}]}}