{"id":62759,"date":"2025-03-28T12:43:53","date_gmt":"2025-03-28T11:43:53","guid":{"rendered":"https:\/\/www.experimenta.es\/tienda\/?post_type=product&#038;p=62759"},"modified":"2025-09-03T16:41:45","modified_gmt":"2025-09-03T14:41:45","slug":"mas-que-un-toro","status":"publish","type":"product","link":"https:\/\/www.experimenta.es\/tienda\/producto\/mas-que-un-toro\/","title":{"rendered":"M\u00e1s que un toro"},"content":{"rendered":"<p><strong>La imponente silueta del <i>Toro Osborne <\/i><\/strong>\u2014la sombra vertical del tiempo\u2014, que encontramos al paso en nuestros viajes por carretera, <strong>es la creaci\u00f3n inmortal de uno de los dise\u00f1adores m\u00e1s relevantes del siglo XX: Manolo Prieto<\/strong>, andaluz de El Puerto de Santa Mar\u00eda (C\u00e1diz).<\/p>\n<p><i>M\u00e1s que un toro. Manolo Prieto, dise\u00f1ador del siglo XX <\/i>es el universo gr\u00e1fico y patrimonio visual de nuestro pa\u00eds. <strong>Una colecci\u00f3n de dibujos, carteles, portadas, testimonios y documentos que nos acercan a un tiempo hist\u00f3rico, el epicentro de la consolidaci\u00f3n del dise\u00f1o en nuestro pa\u00eds, retrato de una sociedad.<span class=\"Apple-converted-space\">\u00a0<\/span><\/strong><\/p>\n<p>A\u00f1os de investigaci\u00f3n sobre el patrimonio gr\u00e1fico de Manolo Prieto \u2014cuidadosamente conservado por la fundaci\u00f3n que lleva su nombre\u2014, han sido necesarios para alumbrar el impresionante legado gr\u00e1fico de este dibujante, dise\u00f1ador y artista. Su legado no solo es un sustantivo, sino un verbo que se puede conjugar, aportando hoy nuevas interpretaciones a las nuevas generaciones.<span class=\"Apple-converted-space\">\u00a0<\/span><\/p>\n<p>Con este trabajo queremos mantener la vigencia contempor\u00e1nea de la obra de Manolo Prieto, hoy dise\u00f1ador tambi\u00e9n del siglo XXI.<\/p>\n<p>&nbsp;<\/p>\n<p>Biograf\u00eda de Manuel Prieto Ben\u00edtez<\/p>\n<p>Manuel Prieto Ben\u00edtez, conocido como <em><strong>Manolo<\/strong><strong> Prieto<\/strong><\/em>, nace en\u00a0El Puerto de Santa Mar\u00eda, C\u00e1diz, el 16 de junio de 1912.\u00a0Tras recibir una educaci\u00f3n de car\u00e1cter tradicional en la Academia de Bellas Artes de Santa Cecilia de su ciudad natal, se traslada a Madrid en 1930 donde desarrollar\u00eda toda su\u00a0carrera.<\/p>\n<p>Este genial artista portuense desarroll\u00f3 numerosas facetas art\u00edsticas: anuncios publicitarios, portadas de libros, carteles de diversa tem\u00e1tica, ilustrador, dise\u00f1ador gr\u00e1fico, pintor y escultor de medallas.\u00a0Tuvo pues una carrera muy prol\u00edfica y reconocida, llegando a ganar m\u00e1s de 40 premios y distinciones\u00a0de \u00e1mbito nacional\u00a0e internacional.<\/p>\n<p>Fallece en Madrid el 5 de mayo de 1991 a la edad de 79 a\u00f1os.<\/p>\n<p>&nbsp;<\/p>\n<p><span class=\"Apple-converted-space\">SOBRE LOS AUTORES<br \/>\n<\/span><\/p>\n<p><b>Juan Aguilar Jim\u00e9nez<\/b> es docente e investigador de la Universidad de M\u00e1laga y autor de la tesis doctoral Las portadas de Novelas y Cuentos. La producci\u00f3n gr\u00e1fica de Manolo Prieto (1940-1957), la primera investigaci\u00f3n realizada sobre parte su legado. Es tambi\u00e9n patrono de la Fundaci\u00f3n Manolo Prieto. Desde hace a\u00f1os su actividad docente y profesional est\u00e1 vinculada al estudio de las artes y el dise\u00f1o del siglo XX.<\/p>\n<p><b>Alonso Cerrato<\/b> es dise\u00f1ador de comunicaci\u00f3n. Desde principios de los ochenta ha participado y trabajado para instituciones en destacados proyectos culturales, as\u00ed como en empresas pioneras en el uso del dise\u00f1o.<br \/>\nDesarrolla su actividad profesional en la pr\u00e1ctica y la docencia del dise\u00f1o diversas instituciones y eventos relacionados con el sector del dise\u00f1o y la innovaci\u00f3n. Es Socio de Honor de la aad, Asociaci\u00f3n Andaluza de Dise\u00f1adores.<\/p>\n<p>&nbsp;<\/p>\n<p><strong>\u00cdndice<\/strong><\/p>\n<p>Anatom\u00eda de un archivo \u00fanico<\/p>\n<p>El legado y el papel de la Fundaci\u00f3n Manolo Prieto<\/p>\n<p>1956. Una a\u00f1o en la vida de un grafista<span class=\"Apple-converted-space\">\u00a0<\/span><\/p>\n<p>Manolo Prieto: artista, pintor de carteles, escultor de medallas \u00bfy el dise\u00f1ador gr\u00e1fico espa\u00f1ol de referencia de los a\u00f1os 50?<\/p>\n<p><strong>1\u00b7 La periferia y el centro<\/strong><br \/>\nUn gaditano en Madrid<br \/>\nEl pa\u00eds de los a\u00f1os dif\u00edciles<span class=\"Apple-converted-space\"><br \/>\n<\/span>La huella de Manolo Prieto<br \/>\nMilitante de la profesi\u00f3n<br \/>\nInstituciones del dise\u00f1o<br \/>\nAlegr\u00edas y sinsabores<\/p>\n<p><strong>2\u00b7 El poder del dibujo<\/strong><br \/>\nEl dibujante invertebrado<br \/>\nAprender a ense\u00f1ar<br \/>\nLa pr\u00e1ctica de la ilustraci\u00f3n<br \/>\nArtes finales para la imprenta<br \/>\nUn espacio de trabajo humilde<\/p>\n<p><strong>3\u00b7 Carteles de una \u00e9poca<\/strong><br \/>\nEl retrato social<br \/>\nEntre f\u00e1rmacos, espect\u00e1culos, cine&#8230;<br \/>\nUna sacudida a la fiesta de los toros<br \/>\nEl prodigio de Arte Comercial<br \/>\nRevista Arte Comercial<\/p>\n<p><strong>4\u00b7 Portadas que atrapan<\/strong><br \/>\nLecturas de domingo<br \/>\nGrandes historias en peque\u00f1as dosis<br \/>\nLa gesta de buscar, catalogar y archivar<br \/>\nUna colecci\u00f3n de hallazgos<br \/>\nEl universo D\u00e9dalo<br \/>\nLo que cuenta Novelas y Cuentos<\/p>\n<p><strong>5\u00b7 M\u00e1s que un toro<\/strong><br \/>\nS\u00edmbolo de un tiempo<br \/>\nFragmentos del encargo<br \/>\nUn boceto oculto entre carpetas<br \/>\nLa sombra vertical del tiempo<br \/>\nEl concepto inagotable<br \/>\nMito y naturaleza<br \/>\nSe\u00f1as andaluzas<br \/>\nJuegos contempor\u00e1neos de interpretaci\u00f3n<\/p>\n<p><strong>6\u00b7 Astucias creativas<\/strong><br \/>\nLos recursos de una \u00e9poca<br \/>\nUna clase magistral<br \/>\nManolo Prieto hoy<br \/>\nEl catalizador papel en blanco<br \/>\nLas leyes de la gr\u00e1fi ca publicitaria<br \/>\nManolo Prieto y los desaf\u00edos del siglo XXI<br \/>\nCon su raci\u00f3n de humor<br \/>\nDesobediente y provocador<br \/>\nTaller de interpretaci\u00f3n del Toro Osborne<\/p>\n<p>Bibliograf\u00eda<\/p>\n<p>Gr\u00e1fica de bolsillo para turistas<\/p>\n","protected":false},"excerpt":{"rendered":"<p><b>M\u00e1s que un toro<br \/>\n<\/b><b><\/b>Manolo Prieto, dise\u00f1ador del siglo XX<\/p>\n<p style=\"text-align: left;\" align=\"JUSTIFY\">Autores: <span style=\"color: #ff0000;\">Juan Aguilar Jim\u00e9nez y Alonso Cerrato <\/span><br \/>\nCon textos de Emilio Gil y Javier Fern\u00e1ndez<\/p>\n<p><i>M\u00e1s que un toro. Manolo Prieto, dise\u00f1ador del siglo XX <\/i>es el universo gr\u00e1fico y patrimonio visual de nuestro pa\u00eds. Una colecci\u00f3n de dibujos, carteles, portadas, testimonios y documentos que nos acercan a un tiempo hist\u00f3rico, el epicentro de la consolidaci\u00f3n del dise\u00f1o en nuestro pa\u00eds, retrato de una sociedad.<\/p>\n<p style=\"text-align: left;\">\u00b7 ISBN: 978-84-19555-32-8<br \/>\n\u00b7 Medidas: \u00a020,5 x 26 cm<br \/>\n\u00b7 P\u00e1ginas: 180<br \/>\n\u00b7 Impresi\u00f3n interior: color con ilustraciones<br \/>\n\u00b7 Edici\u00f3n: 2025. Experimenta Libros y Fundaci\u00f3n Manolo Prieto<\/p>\n","protected":false},"featured_media":62786,"comment_status":"open","ping_status":"closed","template":"","meta":[],"product_cat":[9897,9892,9715,7313],"product_tag":[9806,9908,9873,9764,9591,9641,9707,9763,9762,9765,9761],"jetpack_sharing_enabled":true,"_links":{"self":[{"href":"https:\/\/www.experimenta.es\/tienda\/wp-json\/wp\/v2\/product\/62759"}],"collection":[{"href":"https:\/\/www.experimenta.es\/tienda\/wp-json\/wp\/v2\/product"}],"about":[{"href":"https:\/\/www.experimenta.es\/tienda\/wp-json\/wp\/v2\/types\/product"}],"replies":[{"embeddable":true,"href":"https:\/\/www.experimenta.es\/tienda\/wp-json\/wp\/v2\/comments?post=62759"}],"wp:featuredmedia":[{"embeddable":true,"href":"https:\/\/www.experimenta.es\/tienda\/wp-json\/wp\/v2\/media\/62786"}],"wp:attachment":[{"href":"https:\/\/www.experimenta.es\/tienda\/wp-json\/wp\/v2\/media?parent=62759"}],"wp:term":[{"taxonomy":"product_cat","embeddable":true,"href":"https:\/\/www.experimenta.es\/tienda\/wp-json\/wp\/v2\/product_cat?post=62759"},{"taxonomy":"product_tag","embeddable":true,"href":"https:\/\/www.experimenta.es\/tienda\/wp-json\/wp\/v2\/product_tag?post=62759"}],"curies":[{"name":"wp","href":"https:\/\/api.w.org\/{rel}","templated":true}]}}