{"id":62760,"date":"2025-03-28T15:00:49","date_gmt":"2025-03-28T14:00:49","guid":{"rendered":"https:\/\/www.experimenta.es\/tienda\/?post_type=product&#038;p=62760"},"modified":"2026-03-03T06:28:20","modified_gmt":"2026-03-03T05:28:20","slug":"los-poderes-del-diseno","status":"publish","type":"product","link":"https:\/\/www.experimenta.es\/tienda\/producto\/los-poderes-del-diseno\/","title":{"rendered":"Los poderes del dise\u00f1o"},"content":{"rendered":"<div>\n<p>Este libro de <strong>Sebasti\u00e1n Guerrini<\/strong> pone de manifiesto los poderes del dise\u00f1o y explica en profundidad que estos no nacen de la fuerza, sino de la necesidad de las personas por comunicarse, afectar y ser afectados por otros. Detalla c\u00f3mo en sociedad las identidades son formadas por la comunicaci\u00f3n y las im\u00e1genes; c\u00f3mo estas permiten imaginar, interpretar y clasificar, tambi\u00e9n desear, agendar o recordar e incluso estimular las asociaciones sensibles entre razones y emociones.<\/p>\n<p><i>Los poderes del dise\u00f1o<\/i> es un puente entre la teor\u00eda, la metodolog\u00eda y la acci\u00f3n sobre c\u00f3mo se ejercen dichos poderes. <b>Una contribuci\u00f3n fundamental para empresarios y pol\u00edticos, comunicadores, publicistas y dise\u00f1adores en general.<\/b> Esta obra ha sido concebida de manera que permita a todo lector (experto o no) su propio ritmo; con sus s\u00edntesis pr\u00e1cticas, textos amplios e im\u00e1genes, puede consultarse como un diccionario, o bien disfrutar de su din\u00e1mica exposici\u00f3n. En suma, una obra que se adapta a las distintas expectativas.<\/p>\n<p>Este trabajo es el resultado de muchos a\u00f1os dedicados a la investigaci\u00f3n, una experiencia profesional desplegada en cuatro continentes y la pasi\u00f3n de Sebasti\u00e1n Guerrini por repensar la vida de las im\u00e1genes, su conexi\u00f3n con las identidades y las posibilidades que esa vinculaci\u00f3n nos ofrece.<\/p>\n<\/div>\n<p>&nbsp;<\/p>\n<p><span class=\"Apple-converted-space\">SOBRE EL AUTOR<br \/>\n<\/span><\/p>\n<p><b>Sebasti\u00e1n Guerrini <\/b>es especialista en la creaci\u00f3n de estrategias de comunicaci\u00f3n y dise\u00f1o de imagen para instituciones y empresas. Es doctor en Comunicaci\u00f3n y Estudios de la Imagen (Universidad de Kent, Inglaterra), posgrado en Tecnolog\u00edas de la Comunicaci\u00f3n (Academie Minerva, Holanda), y dise\u00f1ador en Comunicaci\u00f3n Visual (Universidad Nacional de La Plata, Argentina). Es docente en maestr\u00edas universitarias.<\/p>\n<p>Ha creado cientos de marcas en 32 pa\u00edses, trabajando para empresas y organizaciones internacionales tales como Fairtrade, UNICEF, UNESCO, CLACSO, Naciones Unidas, AIC, IFOAM, MAPO, GBC Espa\u00f1a. Ha ganado concursos internacionales, como la imagen del International Co-operative Alliance (Londres) y de la Organic World Foundation (Bonn).<\/p>\n<p>En Argentina, es autor de la versi\u00f3n gr\u00e1fica del escudo nacional argentino en uso desde 2001. Asimismo, de la identidad visual de la Presidencia de la Naci\u00f3n, del CONICET, del Museo Argentino de Ciencias Naturales y del Pabell\u00f3n Argentino en la Feria de Frankfurt.<\/p>\n<p>&nbsp;<\/p>\n<p>\u00cdndice<span class=\"Apple-converted-space\">\u00a0<\/span><\/p>\n<p>Primera parte<br \/>\n<strong>Los poderes del dise\u00f1o<\/strong><\/p>\n<p>Cap\u00edtulo I<br \/>\n\u00bfC\u00f3mo el dise\u00f1o llega a ser poderoso?<\/p>\n<p>Cap\u00edtulo II<br \/>\n\u00bfCu\u00e1les son los poderes del dise\u00f1o?<\/p>\n<p>Cap\u00edtulo III<br \/>\nLa acci\u00f3n de dise\u00f1ar<\/p>\n<p>Segunda parte<br \/>\n<strong>El dise\u00f1ador que utiliza su poder<\/strong><\/p>\n<p>Cap\u00edtulo IV<br \/>\nEl escenario de acci\u00f3n del dise\u00f1ador<\/p>\n<p>Cap\u00edtulo V<br \/>\n\u00bfC\u00f3mo manejar el poder del dise\u00f1o?<br \/>\nLos tres roles del dise\u00f1ador<\/p>\n<p>Cap\u00edtulo VI<br \/>\nTres ejemplos de metodolog\u00edas<\/p>\n<p>Cap\u00edtulo VII<br \/>\nLos efectos del poder del dise\u00f1o<\/p>\n","protected":false},"excerpt":{"rendered":"<p><strong>Los poderes del dise\u00f1o<br \/>\n<\/strong>La construcci\u00f3n de im\u00e1genes y marcas entre culturas, pol\u00edticas y negocios<br \/>\nTeor\u00eda, metodolog\u00eda y pr\u00e1ctica<\/p>\n<p><span style=\"color: #ff0000;\"><span style=\"color: #000000;\">Autor:<\/span> Sebasti\u00e1n Guerrini<\/span><\/p>\n<div id=\":jd\" class=\"Ar Au Ao\">\n<div id=\":j9\" class=\"Am Al editable LW-avf tS-tW tS-tY\" tabindex=\"1\" role=\"textbox\" contenteditable=\"true\" spellcheck=\"false\" aria-label=\"Cuerpo del mensaje\" aria-multiline=\"true\">\n<p><b>\u00bfEl dise\u00f1o es poderoso? Definitivamente s\u00ed.<br \/>\n<\/b><b><\/b>Este libro demuestra la importancia y el valor del dise\u00f1o. Sit\u00faa al dise\u00f1ador en el fascinante centro de la escena y revela la verdadera importancia de su actividad.<br \/>\nSebasti\u00e1n Guerrini nos invita a repensar la vida de las im\u00e1genes, su conexi\u00f3n con las identidades y las posibilidades que esa vinculaci\u00f3n nos ofrece.<\/p>\n<p>&nbsp;<\/p>\n<\/div>\n<\/div>\n<ul class=\"a-unordered-list a-nostyle a-vertical a-spacing-none detail-bullet-list\">\n<li>ISBN: 978-84-19555-31-1<\/li>\n<li>Medidas: 16 x 23 cm<\/li>\n<li>P\u00e1ginas: 192<\/li>\n<li>Encuadernaci\u00f3n: R\u00fastica<\/li>\n<li>Impresi\u00f3n interior: color<\/li>\n<li>Edici\u00f3n: 2025. Experimenta Libros<\/li>\n<\/ul>\n","protected":false},"featured_media":62769,"comment_status":"open","ping_status":"closed","template":"","meta":[],"product_cat":[9895,9892,9896,9898,9715,7313],"product_tag":[9732,9730,9859,9735,9642,9591,9766,9641,9770,9714,9860,9786,9778],"jetpack_sharing_enabled":true,"_links":{"self":[{"href":"https:\/\/www.experimenta.es\/tienda\/wp-json\/wp\/v2\/product\/62760"}],"collection":[{"href":"https:\/\/www.experimenta.es\/tienda\/wp-json\/wp\/v2\/product"}],"about":[{"href":"https:\/\/www.experimenta.es\/tienda\/wp-json\/wp\/v2\/types\/product"}],"replies":[{"embeddable":true,"href":"https:\/\/www.experimenta.es\/tienda\/wp-json\/wp\/v2\/comments?post=62760"}],"wp:featuredmedia":[{"embeddable":true,"href":"https:\/\/www.experimenta.es\/tienda\/wp-json\/wp\/v2\/media\/62769"}],"wp:attachment":[{"href":"https:\/\/www.experimenta.es\/tienda\/wp-json\/wp\/v2\/media?parent=62760"}],"wp:term":[{"taxonomy":"product_cat","embeddable":true,"href":"https:\/\/www.experimenta.es\/tienda\/wp-json\/wp\/v2\/product_cat?post=62760"},{"taxonomy":"product_tag","embeddable":true,"href":"https:\/\/www.experimenta.es\/tienda\/wp-json\/wp\/v2\/product_tag?post=62760"}],"curies":[{"name":"wp","href":"https:\/\/api.w.org\/{rel}","templated":true}]}}