{"id":63380,"date":"2025-12-10T19:33:59","date_gmt":"2025-12-10T18:33:59","guid":{"rendered":"https:\/\/www.experimenta.es\/tienda\/?post_type=product&#038;p=63380"},"modified":"2026-04-19T23:32:12","modified_gmt":"2026-04-19T21:32:12","slug":"iberoamerica-grafica-maestros-pack-x4","status":"publish","type":"product","link":"https:\/\/www.experimenta.es\/tienda\/producto\/iberoamerica-grafica-maestros-pack-x4\/","title":{"rendered":"Pack x4 Iberoam\u00e9rica Gr\u00e1fica. Maestros."},"content":{"rendered":"<p class=\"p1\">Cada volumen\u00a0es una invitaci\u00f3n a descubrir la obra y la mirada de aut\u00e9nticos referentes del dise\u00f1o: sus ideas, sus aciertos visuales y la huella que han dejado en el dise\u00f1o contempor\u00e1neo.<\/p>\n<p class=\"p1\"><span class=\"s1\">\ud83d\udcd6<\/span> Adem\u00e1s, ofrecemos un <b>precio especial para el pack con los vol\u00famenes 1, 2, 3 y 4<\/b>, que re\u00fane los cuatro libros publicados hasta el momento.<\/p>\n<p>&nbsp;<\/p>\n<p><span class=\"Apple-converted-space\">SOBRE LOS AUTORES<br \/>\n<\/span><strong>Sonia D\u00edaz<\/strong> es dise\u00f1adora gr\u00e1fica, est\u00e1 licenciada en Bellas Artes por la Universidad de Salamanca, Publicidad y Relaciones P\u00fablicas por la Universidad Complutense de Madrid y Periodismo por la Universidad Carlos III de Madrid. Es magister en Museograf\u00eda y exposiciones por la UCM. Ha impartido docencia en cursos de especializaci\u00f3n y masters de dise\u00f1o, gesti\u00f3n cultural y exposiciones en la Fundaci\u00f3n Ortega y Gasset, EAE Business School de Madrid, Universidad Complutense de Madrid, el Istituto Europeo de Design, en la Escuela de Arte n\u00ba10 y en la Escuela Superior de Dise\u00f1o de Madrid.<\/p>\n<p><strong>Gabriel Mart\u00ednez<\/strong> es dise\u00f1ador gr\u00e1fico, tiene estudios de filosof\u00eda y est\u00e1 licenciado en Bellas Artes por la Universidad de Salamanca. Ha impartido docencia en la Escuela Superior de Arquitectura de la Universidad Polit\u00e9cnica de Madrid, EAE Business School de Madrid, el Istituto Europeo de Design, la Escuela de Arte n\u00ba10 y 12 de Madrid y ha sido profesor asociado en la Facultad de Bellas Artes de Salamanca. Forman parte del estudio de dise\u00f1o LSDspace y del colectivo activista Un Mundo Feliz. Han publicado los libros Pictop\u00eda (2008) Imagomundi (2011) e Iconicity (2015) en la editorial Promopress, Crit-icon Stencil Book (2015) con MUSAC\/Boldbooks y The New Disasters of War (2011) en Ediciones de Ruina\/Boldbooks.<\/p>\n<p><strong>Felipe\u00a0Taborda<\/strong> es dise\u00f1ador gr\u00e1fico, autor y curador de R\u00edo de Janeiro (Brasil). Formado en la PUC \/ RJ, estudi\u00f3 cine y fotograf\u00eda en la London International Film School (Inglaterra), Communication Arts en el New York Institute of Technology y Graphic Design en la School of Visual Arts (USA). Desde 1990 tiene su propio estudio, actuando principalmente en el \u00e1rea cultural, editorial y fonogr\u00e1fica. En 2008 public\u00f3 su libro\u00a0Latin American Graphic Design\u00a0con la editorial Taschen (Alemania).\u00a0En 2014 la Universidad St John\u2019s, de Nueva York, organiz\u00f3 la muestra\u00a0Another Point of View,\u00a0una extensa retrospectiva de sus 30 a\u00f1os de trabajo gr\u00e1fico. Comisari\u00f3 el evento\u00a0Footb-All Mix \/ 32 Carteles para un Juego Apasionante\u00a0para el Mundial de F\u00fatbol de Rusia 2018, con muestras en varios pa\u00edses del mundo. En octubre 2018 ha tenido dos exposiciones\u00a0retrospectivas simult\u00e1neas:\u00a0Todo al Rev\u00e9s \/ La Obra Gr\u00e1fica de\u00a0Felipe\u00a0Taborda,\u00a0en Espa\u00f1a, con motivo de\u00a0Madrid Gr\u00e1fica 2018;\u00a0y\u00a0Cara a Tapa \/ La M\u00fasica Visual de\u00a0Felipe\u00a0Taborda,\u00a0como\u00a0una de las muestras oficiales de la Bienal Internacional del Cartel de M\u00e9xico. Entre 2019 y 2020 estuve por 6 meses en Europa, por invitaci\u00f3n de universidades y instituiciones. Primeramente en Barcelona, Espa\u00f1a, y despu\u00e9s en Londres, Inglaterra. Es corresponsal internacional de las revistas Experimenta (Espa\u00f1a) y Grafikmagazin (Alemania).<\/p>\n","protected":false},"excerpt":{"rendered":"<p><span style=\"color: #ff0000;\"><span style=\"color: #000000;\">Autor: <span style=\"color: #ff0000;\">Sonia D\u00edaz \/ Gabriel Mart\u00ednez \/ Felipe Taborda<\/span><\/span><\/span><\/p>\n<p><span class=\"s1\">Iberoam\u00e9rica Gr\u00e1fica: Maestros es una nueva colecci\u00f3n <i>biling\u00fce espa\u00f1ol\/ingl\u00e9s<\/i> de Experimenta Libros que rinde tributo a los grandes nombres del dise\u00f1o gr\u00e1fico iberoamericano. Bajo la direcci\u00f3n de Sonia D\u00edaz, Felipe Taborda y Gabriel Mart\u00ednez, esta serie explora el legado de los dise\u00f1adores m\u00e1s influyentes de nuestra regi\u00f3n.<\/span><\/p>\n<p class=\"p1\"><a href=\"https:\/\/www.experimenta.es\/tienda\/producto\/iberoamerica-grafica-maestros-felix-beltran\/\">V1: F\u00e9lix Beltr\u00e1n (ISBN: 978-84-19555-29-8)<\/a><br \/>\n<a href=\"https:\/\/www.experimenta.es\/tienda\/producto\/iberoamerica-grafica-maestros-cruz-novillo\/\">V2: Cruz Novillo (ISBN: 978-84-19555-34-2)<\/a><br \/>\n<a href=\"https:\/\/www.experimenta.es\/tienda\/producto\/iberoamerica-grafica-maestros-horacio-anon\/\">V3: Horacio A\u00f1\u00f3n (ISBN: 978-84-19555-41-0)<\/a><br \/>\n<a href=\"https:\/\/www.experimenta.es\/tienda\/producto\/iberoamerica-grafica-maestros-vicente-larrea-copia\/\">V4: Vicente Larrea (ISBN: 978-84-19555-43-4)<\/a><\/p>\n<p>Caracter\u00edsticas de cada libro:<br \/>\n\u00b7 Edici\u00f3n 2025. Experimenta Libros<br \/>\n\u00b7 Medidas: 13,5 x 15,5 cm<br \/>\n\u00b7 P\u00e1ginas: 88<br \/>\n\u00b7 Impresi\u00f3n interior: color<br \/>\n\u00b7 Encuadernaci\u00f3n: r\u00fastica<\/p>\n","protected":false},"featured_media":63381,"comment_status":"open","ping_status":"closed","template":"","meta":[],"product_cat":[9897,9892,9715,9893,7313],"product_tag":[9730,9764,9735,9591,9777,9641,9707,9763,9762,9765,9733,9778],"jetpack_sharing_enabled":true,"_links":{"self":[{"href":"https:\/\/www.experimenta.es\/tienda\/wp-json\/wp\/v2\/product\/63380"}],"collection":[{"href":"https:\/\/www.experimenta.es\/tienda\/wp-json\/wp\/v2\/product"}],"about":[{"href":"https:\/\/www.experimenta.es\/tienda\/wp-json\/wp\/v2\/types\/product"}],"replies":[{"embeddable":true,"href":"https:\/\/www.experimenta.es\/tienda\/wp-json\/wp\/v2\/comments?post=63380"}],"wp:featuredmedia":[{"embeddable":true,"href":"https:\/\/www.experimenta.es\/tienda\/wp-json\/wp\/v2\/media\/63381"}],"wp:attachment":[{"href":"https:\/\/www.experimenta.es\/tienda\/wp-json\/wp\/v2\/media?parent=63380"}],"wp:term":[{"taxonomy":"product_cat","embeddable":true,"href":"https:\/\/www.experimenta.es\/tienda\/wp-json\/wp\/v2\/product_cat?post=63380"},{"taxonomy":"product_tag","embeddable":true,"href":"https:\/\/www.experimenta.es\/tienda\/wp-json\/wp\/v2\/product_tag?post=63380"}],"curies":[{"name":"wp","href":"https:\/\/api.w.org\/{rel}","templated":true}]}}