{"id":63495,"date":"2026-02-13T18:40:24","date_gmt":"2026-02-13T17:40:24","guid":{"rendered":"https:\/\/www.experimenta.es\/tienda\/?post_type=product&#038;p=63495"},"modified":"2026-04-19T23:29:43","modified_gmt":"2026-04-19T21:29:43","slug":"iberoamerica-grafica-maestros-waleska-belisario-experimentalibros","status":"publish","type":"product","link":"https:\/\/www.experimenta.es\/tienda\/producto\/iberoamerica-grafica-maestros-waleska-belisario-experimentalibros\/","title":{"rendered":"Iberoam\u00e9rica Gr\u00e1fica. Maestros: Waleska Belisario"},"content":{"rendered":"<p class=\"p1\"><strong>Waleska Belisario<\/strong> es natural de Caracas, capital de este pa\u00eds. Junto a Carolina Arnal y Oscar V\u00e1squez, fund\u00f3 en 1989 el estudio ABV Taller de Dise\u00f1o, que r\u00e1pidamente se convirti\u00f3 en un referente en calidad y capacidad creativa. Habiendo vivido una \u00e9poca dorada en la historia de Venezuela, con un efervescencia cultural y econ\u00f3mica vibrante -ahora algo lejano en estos tiempos actuales- Waleska tuvo el privilegio de haber trabajado con algunos de los artistas y creadores locales m\u00e1s importantes, como el reconocido dise\u00f1ador Gerd Leufert, entre 1977 y 1985. <strong>Con un trabajo que combina la claridad visual con una marcada profundidad de concepto<\/strong>, Waleska particip\u00f3 en numerosas exposiciones, adem\u00e1s de merecer varios reconocimientos nacionales e internacionales.<span class=\"Apple-converted-space\">\u00a0<\/span><\/p>\n<p class=\"p1\">Waleska ha sido durante a\u00f1os profesora en el Instituto de Dise\u00f1o Fundaci\u00f3n Neumann-Ince, en la materia de Dise\u00f1o Gr\u00e1fico. Es Miembro Honorable de la Fundaci\u00f3n Gego y de la Asociaci\u00f3n de Dise\u00f1o Gr\u00e1fico de Venezuela.<span class=\"Apple-converted-space\">\u00a0<\/span><\/p>\n<p class=\"p4\"><em><span class=\"s1\">\u201c<\/span>No son muchos los dise\u00f1adores gr\u00e1ficos venezolanos que pudi\u00e9ramos describir con el perfil que presenta Waleska Belisario. Me atrevo a decir que aparte de su gran aporte tecnointelectual a la rica y compleja historia del dise\u00f1o gr\u00e1fico local, es una dise\u00f1adora-ciudadana activa que ha aportado al crecimiento de la imaginer\u00eda de la cultura contempor\u00e1nea venezolana, desarrollando su carrera en torno a temas tan amplios (a la vez tan cotidianos) como el arte, la religi\u00f3n, la pol\u00edtica y los recursos naturales de Venezuela. Esto no es solamente \u00abDise\u00f1o Total\u00bb, es tambi\u00e9n ser consciente que<span class=\"Apple-converted-space\">\u00a0 <\/span>el dise\u00f1o gr\u00e1fico es un elemento clave en la conformaci\u00f3n de un pa\u00eds que se niega a desaparecer.\u201d<\/em><\/p>\n<p class=\"p4\"><b>Ricardo B\u00e1ez. <\/b>Dise\u00f1ador gr\u00e1fico, editor, director de arte, miembro de la AGI (Alliance Graphique Internationale) y creador del Archivo Gr\u00e1fico (VE)<\/p>\n<p><span class=\"Apple-converted-space\">SOBRE LOS AUTORES<br \/>\n<\/span><strong>Sonia D\u00edaz<\/strong> es dise\u00f1adora gr\u00e1fica, est\u00e1 licenciada en Bellas Artes por la Universidad de Salamanca, Publicidad y Relaciones P\u00fablicas por la Universidad Complutense de Madrid y Periodismo por la Universidad Carlos III de Madrid. Es magister en Museograf\u00eda y exposiciones por la UCM. Ha impartido docencia en cursos de especializaci\u00f3n y masters de dise\u00f1o, gesti\u00f3n cultural y exposiciones en la Fundaci\u00f3n Ortega y Gasset, EAE Business School de Madrid, Universidad Complutense de Madrid, el Istituto Europeo de Design, en la Escuela de Arte n\u00ba10 y en la Escuela Superior de Dise\u00f1o de Madrid.<\/p>\n<p><strong>Gabriel Mart\u00ednez<\/strong> es dise\u00f1ador gr\u00e1fico, tiene estudios de filosof\u00eda y est\u00e1 licenciado en Bellas Artes por la Universidad de Salamanca. Ha impartido docencia en la Escuela Superior de Arquitectura de la Universidad Polit\u00e9cnica de Madrid, EAE Business School de Madrid, el Istituto Europeo de Design, la Escuela de Arte n\u00ba10 y 12 de Madrid y ha sido profesor asociado en la Facultad de Bellas Artes de Salamanca. Forman parte del estudio de dise\u00f1o LSDspace y del colectivo activista Un Mundo Feliz. Han publicado los libros Pictop\u00eda (2008) Imagomundi (2011) e Iconicity (2015) en la editorial Promopress, Crit-icon Stencil Book (2015) con MUSAC\/Boldbooks y The New Disasters of War (2011) en Ediciones de Ruina\/Boldbooks.<\/p>\n<p><strong>Felipe\u00a0Taborda<\/strong> es dise\u00f1ador gr\u00e1fico, autor y curador de R\u00edo de Janeiro (Brasil). Formado en la PUC \/ RJ, estudi\u00f3 cine y fotograf\u00eda en la London International Film School (Inglaterra), Communication Arts en el New York Institute of Technology y Graphic Design en la School of Visual Arts (USA). Desde 1990 tiene su propio estudio, actuando principalmente en el \u00e1rea cultural, editorial y fonogr\u00e1fica. En 2008 public\u00f3 su libro\u00a0Latin American Graphic Design\u00a0con la editorial Taschen (Alemania).\u00a0En 2014 la Universidad St John\u2019s, de Nueva York, organiz\u00f3 la muestra\u00a0Another Point of View,\u00a0una extensa retrospectiva de sus 30 a\u00f1os de trabajo gr\u00e1fico. Comisari\u00f3 el evento\u00a0Footb-All Mix \/ 32 Carteles para un Juego Apasionante\u00a0para el Mundial de F\u00fatbol de Rusia 2018, con muestras en varios pa\u00edses del mundo. En octubre 2018 ha tenido dos exposiciones\u00a0retrospectivas simult\u00e1neas:\u00a0Todo al Rev\u00e9s \/ La Obra Gr\u00e1fica de\u00a0Felipe\u00a0Taborda,\u00a0en Espa\u00f1a, con motivo de\u00a0Madrid Gr\u00e1fica 2018;\u00a0y\u00a0Cara a Tapa \/ La M\u00fasica Visual de\u00a0Felipe\u00a0Taborda,\u00a0como\u00a0una de las muestras oficiales de la Bienal Internacional del Cartel de M\u00e9xico. Entre 2019 y 2020 estuve por 6 meses en Europa, por invitaci\u00f3n de universidades y instituiciones. Primeramente en Barcelona, Espa\u00f1a, y despu\u00e9s en Londres, Inglaterra. Es corresponsal internacional de las revistas Experimenta (Espa\u00f1a) y Grafikmagazin (Alemania).<\/p>\n","protected":false},"excerpt":{"rendered":"<p><span style=\"color: #ff0000;\"><span style=\"color: #000000;\">Autor: <span style=\"color: #ff0000;\">Sonia D\u00edaz \/ Gabriel Mart\u00ednez \/ Felipe Taborda<\/span><\/span><\/span><\/p>\n<p><strong>Esta nueva obra forma parte de la colecci\u00f3n con la que Experimenta Libros rinde tributo a los grandes del dise\u00f1o gr\u00e1fico iberoamericano. Bajo la direcci\u00f3n de Sonia D\u00edaz, Felipe Taborda y Gabriel Mart\u00ednez, esta serie explora el legado de los dise\u00f1adores m\u00e1s influyentes de nuestra regi\u00f3n.<\/strong><\/p>\n<p><strong>Este quinto volumen es un homenaje a una de las figuras m\u00e1s influyentes del panorama del dise\u00f1o en Venezuela<\/strong>, especialmente por su amplia experiencia en el dise\u00f1o de imagen corporativa y producci\u00f3n editorial y con especial \u00e9nfasis en el \u00e1rea cultural.<\/p>\n<p>&nbsp;<\/p>\n<p>\u00b7 ISBN: 978-84-19555-49-6<br \/>\n\u00b7 Edici\u00f3n 2025. Experimenta Libros<br \/>\n\u00b7 Medidas: 13,5 x 15,5 cm<br \/>\n\u00b7 P\u00e1ginas: 88<br \/>\n\u00b7 Impresi\u00f3n interior: color<br \/>\n\u00b7 Encuadernaci\u00f3n: r\u00fastica<\/p>\n","protected":false},"featured_media":63505,"comment_status":"open","ping_status":"closed","template":"","meta":[],"product_cat":[9897,9892,9715,7313],"product_tag":[9730,9764,9735,9591,9777,9641,9707,9763,9762,9765,9733,9778],"jetpack_sharing_enabled":true,"_links":{"self":[{"href":"https:\/\/www.experimenta.es\/tienda\/wp-json\/wp\/v2\/product\/63495"}],"collection":[{"href":"https:\/\/www.experimenta.es\/tienda\/wp-json\/wp\/v2\/product"}],"about":[{"href":"https:\/\/www.experimenta.es\/tienda\/wp-json\/wp\/v2\/types\/product"}],"replies":[{"embeddable":true,"href":"https:\/\/www.experimenta.es\/tienda\/wp-json\/wp\/v2\/comments?post=63495"}],"wp:featuredmedia":[{"embeddable":true,"href":"https:\/\/www.experimenta.es\/tienda\/wp-json\/wp\/v2\/media\/63505"}],"wp:attachment":[{"href":"https:\/\/www.experimenta.es\/tienda\/wp-json\/wp\/v2\/media?parent=63495"}],"wp:term":[{"taxonomy":"product_cat","embeddable":true,"href":"https:\/\/www.experimenta.es\/tienda\/wp-json\/wp\/v2\/product_cat?post=63495"},{"taxonomy":"product_tag","embeddable":true,"href":"https:\/\/www.experimenta.es\/tienda\/wp-json\/wp\/v2\/product_tag?post=63495"}],"curies":[{"name":"wp","href":"https:\/\/api.w.org\/{rel}","templated":true}]}}